{"id":6,"date":"2025-04-10T13:00:39","date_gmt":"2025-04-10T11:00:39","guid":{"rendered":"https:\/\/haras-de-nantes.fr\/evenements\/?page_id=6"},"modified":"2026-04-16T14:58:42","modified_gmt":"2026-04-16T12:58:42","slug":"home","status":"publish","type":"page","link":"https:\/\/haras-de-nantes.fr\/evenements\/","title":{"rendered":"Home"},"content":{"rendered":"<div>s\u00e9minaire \/ Team building \/ soir\u00e9e d&rsquo;entreprise<\/div>\n<h1>Bienvenue au <br \/>Haras de Nantes<\/h1>\n<div>\n<p>Un \u00e9crin de nature pour des \u00e9v\u00e9nements d\u2019entreprise hors du commun<\/p>\n<\/div>\n<h3><a href=\"#\">Le Haras de Nantes<\/a><\/h3>\n<div>Un lieu, mille possibilit\u00e9s<\/div>\n<div>Haras de Nantes \u00c9v\u00e9nements vous accueille dans cadre exception \u00e0 15 minuntes de Nantes, au c\u0153ur d\u2019un centre \u00e9questre. S\u00e9minaire, journ\u00e9e d\u2019\u00e9tude, team-building, coaching, lancement de produit, d\u00eener d\u2019entreprise, spectacle \u00e9questre\u2026 Offrez \u00e0 vos collaborateurs ou vos clients un cadre d\u2019exception pour se reconnecter, cr\u00e9er du lien et s\u2019inspirer.<\/p>\n<p>Ici, chaque espace est pens\u00e9 pour allier confort, convivialit\u00e9 et d\u00e9connexion. Nos salles modulables, notre restaurant gourmand, nos animations sur-mesure et nos spectacles \u00e9questres offrent \u00e0 vos \u00e9quipes bien plus qu\u2019un s\u00e9minaire : une v\u00e9ritable exp\u00e9rience.<\/p><\/div>\n<ul>\n<li>\n<p>        <img decoding=\"async\" src=\"\/evenements\/wp-content\/uploads\/2026\/02\/PXL_20260202_152341427.PORTRAIT-v2-scaled.jpg\" alt=\"\"><\/p>\n<\/li>\n<li>\n<p>        <img decoding=\"async\" src=\"\/evenements\/wp-content\/uploads\/2025\/10\/ChatGPT-Image-15-oct.-2025-10_49_00-e1760627730758.png\" alt=\"\"><\/p>\n<\/li>\n<li>\n<p>        <img decoding=\"async\" src=\"\/evenements\/wp-content\/uploads\/2025\/10\/ChatGPT-Image-16-oct.-2025-10_51_58.png\" alt=\"\"><\/p>\n<\/li>\n<\/ul>\n<ul>\n<li>\n<p>\n        <a href=\"https:\/\/forms.gle\/3ykASDGEh5NYWRTo6\">Organisez votre \u00e9v\u00e8nement<\/a>\n    <\/p>\n<\/li>\n<li>\n<p>\n        <a href=\"https:\/\/forms.gle\/c8TugSj1Z4Z9XZYq7\">Planifiez une visite<\/a>\n    <\/p>\n<\/li>\n<\/ul>\n<h1>Les atouts du Haras<\/h1>\n<ul>\n<li>\n<p>        <img decoding=\"async\" src=\"\/evenements\/wp-content\/uploads\/2025\/04\/img-1.png\" alt=\"\"><\/p>\n<h3>Un cadre naturel inspirant<\/h3>\n<div>Un lieu paisible et verdoyant \u00e0 deux pas de Nantes, id\u00e9al pour se ressourcer en \u00e9quipe.\n<\/div>\n<p><a href=\"\/evenements\/le-haras\/\">Le Haras en image<\/a><\/p>\n<\/li>\n<li>\n<p>        <img decoding=\"async\" src=\"\/evenements\/wp-content\/uploads\/2025\/11\/IMG_0544-1-scaled.jpg\" alt=\"\"><\/p>\n<h3>Des espaces d\u2019accueils vari\u00e9s<\/h3>\n<div>Salles de r\u00e9union et de r\u00e9ception adapt\u00e9es \u00e0 tous types d\u2019\u00e9v\u00e9nements professionnels.<\/div>\n<p><a href=\"\/evenements\/evenements-dentreprises\/\">D\u00e9couvrez nos espaces<\/a><\/p>\n<\/li>\n<li>\n<p>        <img decoding=\"async\" src=\"\/evenements\/wp-content\/uploads\/2026\/02\/PXL_20260202_152341427.PORTRAIT-v2-scaled.jpg\" alt=\"\"><\/p>\n<h3>Un restaurant gourmand<\/h3>\n<div>Des formules gourmandes \u00e9labor\u00e9es \u00e0 partir de produits frais et de saison.<\/div>\n<p><a href=\"\/evenements\/restaurant\/\">Voir la carte<\/a><\/p>\n<\/li>\n<li>\n<p>        <img decoding=\"async\" src=\"\/evenements\/wp-content\/uploads\/2025\/10\/Bubble-Big-Ball-Soccer-1-scaled.png\" alt=\"\"><\/p>\n<h3>Des animations originales<\/h3>\n<div>Team-building, d\u00e9couverte du monde \u00e9questre ou equicoaching : cr\u00e9ez un s\u00e9minaire vivant et f\u00e9d\u00e9rateur.\n<\/div>\n<p><a href=\"\/evenements\/animations\/\">catalogue d&rsquo;animations<\/a><\/p>\n<\/li>\n<li>\n<p>        <img decoding=\"async\" src=\"\/evenements\/wp-content\/uploads\/2025\/04\/Photo-8.jpg\" alt=\"\"><\/p>\n<h3>Une exp\u00e9rience VIP exclusive<\/h3>\n<div>Assistez \u00e0 nos spectacles \u00e9v\u00e8nements \u00e9questres depuis des loges privatis\u00e9es avec prestations haut de gamme.<\/div>\n<p><a href=\"\/evenements\/evenements-equestres\/#LogeVIP\">Les Loges VIP<\/a><\/p>\n<\/li>\n<li>\n<p>        <img decoding=\"async\" src=\"\/evenements\/wp-content\/uploads\/2025\/10\/ChatGPT-Image-16-oct.-2025-10_51_58.png\" alt=\"\"><\/p>\n<h3>Un accompagnement sur-mesure<\/h3>\n<div>Notre \u00e9quipe vous guide \u00e0 chaque \u00e9tape pour concevoir un \u00e9v\u00e9nement \u00e0 votre image.\n<\/div>\n<p><a href=\"\/evenements\/evenements-dentreprises\/#Coaching\">Notre \u00e9quipe<\/a><\/p>\n<\/li>\n<\/ul>\n<h2>Ils nous font confiance<\/h2>\n<ul>\n<li>\n<p>        <img decoding=\"async\" src=\"\/evenements\/wp-content\/uploads\/2025\/09\/Aviva-cuisine.png\" alt=\"\"><\/p>\n<h3>Aviva cuisine<\/h3>\n<\/li>\n<li>\n<p>        <img decoding=\"async\" src=\"\/evenements\/wp-content\/uploads\/2025\/08\/Sans-titre-2-04.png\" alt=\"\"><\/p>\n<h3>Sans titre &#8211; 2-04<\/h3>\n<\/li>\n<li>\n<p>        <img decoding=\"async\" src=\"\/evenements\/wp-content\/uploads\/2025\/09\/Talensoft.png\" alt=\"\"><\/p>\n<h3>Talensoft<\/h3>\n<\/li>\n<li>\n<p>        <img decoding=\"async\" src=\"\/evenements\/wp-content\/uploads\/2025\/09\/EDF.png\" alt=\"\"><\/p>\n<h3>EDF<\/h3>\n<\/li>\n<li>\n<p>        <img decoding=\"async\" src=\"\/evenements\/wp-content\/uploads\/2025\/09\/Alten.png\" alt=\"\"><\/p>\n<h3>Alten<\/h3>\n<\/li>\n<li>\n<p>        <img decoding=\"async\" src=\"\/evenements\/wp-content\/uploads\/2025\/09\/Procertif.png\" alt=\"\"><\/p>\n<h3>Procertif<\/h3>\n<\/li>\n<li>\n<p>        <img decoding=\"async\" src=\"\/evenements\/wp-content\/uploads\/2025\/09\/Phibro.png\" alt=\"\"><\/p>\n<h3>Phibro<\/h3>\n<\/li>\n<li>\n<p>        <img decoding=\"async\" src=\"\/evenements\/wp-content\/uploads\/2025\/08\/Sans-titre-2-01.png\" alt=\"\"><\/p>\n<\/li>\n<li>\n<p>        <img decoding=\"async\" src=\"\/evenements\/wp-content\/uploads\/2025\/08\/Sans-titre-2-03.png\" alt=\"\"><\/p>\n<h3>Sans titre &#8211; 2-03<\/h3>\n<\/li>\n<li>\n<p>        <img decoding=\"async\" src=\"\/evenements\/wp-content\/uploads\/2025\/09\/Tribu.png\" alt=\"\"><\/p>\n<h3>Tribu<\/h3>\n<\/li>\n<li>\n<p>        <img decoding=\"async\" src=\"\/evenements\/wp-content\/uploads\/2025\/09\/XOS-Learning.png\" alt=\"\"><\/p>\n<h3>XOS Learning<\/h3>\n<\/li>\n<\/ul>\n<p><p>\n        <a href=\"https:\/\/forms.gle\/g7pXPwpHUXuZdnZG8\">Devenez partenaires<\/a>\n    <\/p>\n<\/p>\n<p><!--more--><br \/>\n<!-- {\"type\":\"layout\",\"children\":[{\"name\":\"Hero\",\"type\":\"section\",\"props\":{\"animation\":\"slide-top\",\"header_transparent\":true,\"header_transparent_text_color\":\"light\",\"height\":\"viewport\",\"height_offset_top\":true,\"image_loading\":true,\"image_position\":\"bottom-center\",\"image_size\":\"cover\",\"image_width\":\"1920\",\"media_background\":\"#1e3040\",\"media_overlay\":\"rgba(0, 0, 0, 0.46)\",\"overlap\":true,\"padding\":\"large\",\"style\":\"secondary\",\"title_breakpoint\":\"xl\",\"title_position\":\"top-left\",\"title_rotation\":\"left\",\"vertical_align\":\"middle\",\"video\":\"wp-content\\\/uploads\\\/2026\\\/04\\\/survol.mp4\",\"width\":\"default\"},\"children\":[{\"type\":\"row\",\"children\":[{\"type\":\"column\",\"props\":{\"image_loading\":true,\"image_position\":\"center-center\",\"image_size\":\"contain\",\"image_width\":\"690\",\"padding\":\"large\",\"position_sticky_breakpoint\":\"m\",\"width_medium\":\"1-1\"},\"children\":[{\"type\":\"headline\",\"props\":{\"content\":\"s\\u00e9minaire \\\/ Team building \\\/ soir\\u00e9e d'entreprise\",\"margin\":\"small\",\"margin_remove_top\":false,\"text_align\":\"center\",\"title_element\":\"div\",\"title_style\":\"h5\"}},{\"type\":\"headline\",\"props\":{\"content\":\"Bienvenue au <br \/>Haras de Nantes\",\"margin\":\"small\",\"text_align\":\"center\",\"title_element\":\"h1\",\"title_style\":\"heading-large\"}},{\"type\":\"text\",\"props\":{\"animation\":\"slide-bottom\",\"column_breakpoint\":\"m\",\"content\":\"\n\n<p>Un \\u00e9crin de nature pour des \\u00e9v\\u00e9nements d\\u2019entreprise hors du commun<\\\/p>\",\"margin\":\"small\",\"text_align\":\"center\",\"text_style\":\"lead\"}}]}],\"props\":{\"margin\":\"small\",\"margin_remove_top\":true}}]},{\"name\":\"Featured destination\",\"type\":\"section\",\"props\":{\"animation\":\"slide-top-medium\",\"height_viewport\":false,\"html_element\":\"article\",\"image\":\"wp-content\\\/uploads\\\/2025\\\/04\\\/img-nb-2-2.png\",\"image_position\":\"bottom-center\",\"image_size\":\"cover\",\"image_width\":\"1920\",\"media_overlay\":\"rgba(255, 255, 255, 0.28)\",\"overlap\":true,\"padding\":\"large\",\"padding_remove_top\":false,\"style\":\"default\",\"text_color\":\"dark\",\"title_breakpoint\":\"xl\",\"title_position\":\"top-left\",\"title_rotation\":\"left\",\"vertical_align\":\"\",\"width\":\"large\"},\"children\":[{\"type\":\"row\",\"props\":{\"column_gap\":\"large\",\"layout\":\"1-2,1-2\",\"margin\":\"large\",\"row_gap\":\"large\"},\"children\":[{\"type\":\"column\",\"props\":{\"image_position\":\"center-center\",\"position_sticky_breakpoint\":\"m\",\"vertical_align\":\"middle\",\"width_medium\":\"1-2\"},\"children\":[{\"type\":\"headline\",\"props\":{\"animation\":\"slide-left-medium\",\"content\":\"Le Haras de Nantes\",\"link\":\"#\",\"margin\":\"small\",\"text_align\":\"left\",\"text_align_breakpoint\":\"m\",\"text_align_fallback\":\"center\",\"title_element\":\"h3\",\"title_style\":\"h1\"}},{\"type\":\"text\",\"props\":{\"column_breakpoint\":\"m\",\"content\":\"Un lieu, mille possibilit\\u00e9s\",\"dropcap\":false,\"margin\":\"small\",\"text_align\":\"left\",\"text_align_breakpoint\":\"m\",\"text_align_fallback\":\"center\",\"text_color\":\"primary\",\"text_style\":\"lead\"}},{\"type\":\"text\",\"props\":{\"animation\":\"slide-left-medium\",\"column_breakpoint\":\"m\",\"content\":\"Haras de Nantes \\u00c9v\\u00e9nements vous accueille dans cadre exception \\u00e0 15 minuntes de Nantes, au c\\u0153ur d\\u2019un centre \\u00e9questre. S\\u00e9minaire, journ\\u00e9e d\\u2019\\u00e9tude, team-building, coaching, lancement de produit, d\\u00eener d\\u2019entreprise, spectacle \\u00e9questre\\u2026 Offrez \\u00e0 vos collaborateurs ou vos clients un cadre d\\u2019exception pour se reconnecter, cr\\u00e9er du lien et s\\u2019inspirer.\\n\n\n\\nIci, chaque espace est pens\\u00e9 pour allier confort, convivialit\\u00e9 et d\\u00e9connexion. Nos salles modulables, notre restaurant gourmand, nos animations sur-mesure et nos spectacles \\u00e9questres offrent \\u00e0 vos \\u00e9quipes bien plus qu\\u2019un s\\u00e9minaire : une v\\u00e9ritable exp\\u00e9rience.\",\"dropcap\":false,\"margin\":\"medium\",\"text_align\":\"left\",\"text_align_breakpoint\":\"m\",\"text_align_fallback\":\"center\",\"text_style\":\"small\"}}]},{\"type\":\"column\",\"props\":{\"image_position\":\"center-center\",\"position_sticky_breakpoint\":\"m\",\"vertical_align\":\"middle\",\"width_medium\":\"1-2\"},\"children\":[{\"type\":\"slideshow\",\"props\":{\"image_width\":\"920\",\"link_style\":\"default\",\"link_text\":\"Read more\",\"margin\":\"default\",\"meta_align\":\"below-title\",\"meta_element\":\"div\",\"meta_style\":\"text-meta\",\"nav\":\"\",\"nav_align\":\"center\",\"nav_breakpoint\":\"s\",\"nav_position\":\"bottom-center\",\"nav_position_margin\":\"medium\",\"overlay_animation\":\"parallax\",\"overlay_position\":\"center-left\",\"show_content\":true,\"show_link\":true,\"show_meta\":true,\"show_thumbnail\":true,\"show_title\":true,\"slidenav\":\"default\",\"slidenav_breakpoint\":\"s\",\"slidenav_margin\":\"medium\",\"slidenav_outside_breakpoint\":\"xl\",\"slideshow_autoplay_pause\":true,\"slideshow_min_height\":\"410\",\"text_color\":\"light\",\"thumbnav_height\":\"75\",\"thumbnav_svg_color\":\"emphasis\",\"thumbnav_width\":\"100\",\"title_element\":\"h3\",\"title_hover_style\":\"reset\"},\"children\":[{\"type\":\"slideshow_item\",\"props\":{\"image\":\"wp-content\\\/uploads\\\/2026\\\/02\\\/PXL_20260202_152341427.PORTRAIT-v2-scaled.jpg\"}},{\"type\":\"slideshow_item\",\"props\":{\"image\":\"wp-content\\\/uploads\\\/2025\\\/10\\\/ChatGPT-Image-15-oct.-2025-10_49_00-e1760627730758.png\"}},{\"type\":\"slideshow_item\",\"props\":{\"image\":\"wp-content\\\/uploads\\\/2025\\\/10\\\/ChatGPT-Image-16-oct.-2025-10_51_58.png\"}}]}]}]},{\"type\":\"row\",\"props\":{\"margin\":\"large\"},\"children\":[{\"type\":\"column\",\"props\":{\"image_position\":\"center-center\",\"position_sticky_breakpoint\":\"m\",\"width_medium\":\"1-1\"},\"children\":[{\"type\":\"button\",\"props\":{\"button_size\":\"large\",\"grid_column_gap\":\"\",\"grid_row_gap\":\"small\",\"margin\":\"medium\",\"text_align\":\"center\"},\"children\":[{\"type\":\"button_item\",\"props\":{\"button_style\":\"primary\",\"content\":\"Organisez votre \\u00e9v\\u00e8nement\",\"dialog_layout\":\"modal\",\"dialog_offcanvas_flip\":true,\"icon_align\":\"left\",\"link\":\"https:\\\/\\\/forms.gle\\\/3ykASDGEh5NYWRTo6\",\"link_target\":\"blank\",\"link_title\":\"Organisez votre \\u00e9v\\u00e8nement\"}},{\"type\":\"button_item\",\"props\":{\"button_style\":\"default\",\"content\":\"Planifiez une visite\",\"dialog_layout\":\"modal\",\"dialog_offcanvas_flip\":true,\"icon_align\":\"left\",\"link\":\"https:\\\/\\\/forms.gle\\\/c8TugSj1Z4Z9XZYq7\",\"link_target\":\"blank\",\"link_title\":\"Planifiez une visite\"}}]}]}]}]},{\"type\":\"section\",\"props\":{\"image_position\":\"center-center\",\"overlap\":true,\"style\":\"default\",\"title_breakpoint\":\"xl\",\"title_position\":\"top-left\",\"title_rotation\":\"left\",\"vertical_align\":\"middle\",\"width\":\"default\"},\"children\":[{\"type\":\"row\",\"children\":[{\"type\":\"column\",\"props\":{\"image_position\":\"center-center\",\"position_sticky_breakpoint\":\"m\"},\"children\":[{\"type\":\"headline\",\"props\":{\"animation\":\"fade\",\"content\":\"Les atouts du Haras\",\"title_element\":\"h1\"}},{\"type\":\"grid\",\"props\":{\"content_column_breakpoint\":\"m\",\"filter_align\":\"left\",\"filter_all\":true,\"filter_grid_breakpoint\":\"m\",\"filter_grid_width\":\"auto\",\"filter_position\":\"top\",\"filter_style\":\"tab\",\"grid_default\":\"1\",\"grid_divider\":true,\"grid_medium\":\"3\",\"icon_width\":80,\"image_align\":\"top\",\"image_border\":\"rounded\",\"image_grid_breakpoint\":\"m\",\"image_grid_width\":\"1-2\",\"image_svg_color\":\"emphasis\",\"item_animation\":true,\"lightbox_bg_close\":true,\"link_style\":\"default\",\"link_text\":\"Read more\",\"margin\":\"default\",\"meta_align\":\"below-title\",\"meta_element\":\"div\",\"meta_style\":\"text-meta\",\"show_content\":true,\"show_hover_image\":true,\"show_hover_video\":true,\"show_image\":true,\"show_link\":true,\"show_meta\":true,\"show_title\":true,\"show_video\":true,\"title_align\":\"top\",\"title_element\":\"h3\",\"title_grid_breakpoint\":\"m\",\"title_grid_width\":\"1-2\",\"title_hover_style\":\"reset\"},\"children\":[{\"type\":\"grid_item\",\"props\":{\"content\":\"Un lieu paisible et verdoyant \\u00e0 deux pas de Nantes, id\\u00e9al pour se ressourcer en \\u00e9quipe.\\n\",\"image\":\"wp-content\\\/uploads\\\/2025\\\/04\\\/img-1.png\",\"link\":\"le-haras\\\/\",\"link_text\":\"Le Haras en image\",\"meta\":\"\",\"title\":\"Un cadre naturel inspirant\"}},{\"type\":\"grid_item\",\"props\":{\"content\":\"Salles de r\\u00e9union et de r\\u00e9ception adapt\\u00e9es \\u00e0 tous types d\\u2019\\u00e9v\\u00e9nements professionnels.\",\"image\":\"wp-content\\\/uploads\\\/2025\\\/11\\\/IMG_0544-1-scaled.jpg\",\"link\":\"evenements-dentreprises\\\/\",\"link_text\":\"D\\u00e9couvrez nos espaces\",\"title\":\"Des espaces d\\u2019accueils vari\\u00e9s\"}},{\"type\":\"grid_item\",\"props\":{\"content\":\"Des formules gourmandes \\u00e9labor\\u00e9es \\u00e0 partir de produits frais et de saison.\",\"image\":\"wp-content\\\/uploads\\\/2026\\\/02\\\/PXL_20260202_152341427.PORTRAIT-v2-scaled.jpg\",\"link\":\"restaurant\\\/\",\"link_text\":\"Voir la carte\",\"title\":\"Un restaurant gourmand\"}},{\"type\":\"grid_item\",\"props\":{\"content\":\"Team-building, d\\u00e9couverte du monde \\u00e9questre ou equicoaching : cr\\u00e9ez un s\\u00e9minaire vivant et f\\u00e9d\\u00e9rateur.\\n\",\"image\":\"wp-content\\\/uploads\\\/2025\\\/10\\\/Bubble-Big-Ball-Soccer-1-scaled.png\",\"link\":\"animations\\\/\",\"link_text\":\"catalogue d'animations\",\"title\":\"Des animations originales\"}},{\"type\":\"grid_item\",\"props\":{\"content\":\"Assistez \\u00e0 nos spectacles \\u00e9v\\u00e8nements \\u00e9questres depuis des loges privatis\\u00e9es avec prestations haut de gamme.\",\"image\":\"wp-content\\\/uploads\\\/2025\\\/04\\\/Photo-8.jpg\",\"link\":\"evenements-equestres\\\/#LogeVIP\",\"link_text\":\"Les Loges VIP\",\"title\":\"Une exp\\u00e9rience VIP exclusive\"}},{\"type\":\"grid_item\",\"props\":{\"content\":\"Notre \\u00e9quipe vous guide \\u00e0 chaque \\u00e9tape pour concevoir un \\u00e9v\\u00e9nement \\u00e0 votre image.\\n\",\"image\":\"wp-content\\\/uploads\\\/2025\\\/10\\\/ChatGPT-Image-16-oct.-2025-10_51_58.png\",\"link\":\"evenements-dentreprises\\\/#Coaching\",\"link_text\":\"Notre \\u00e9quipe\",\"title\":\"Un accompagnement sur-mesure\"}}]}]}]}],\"name\":\"Les atouts\"},{\"type\":\"section\",\"props\":{\"image\":\"wp-content\\\/uploads\\\/2025\\\/04\\\/img-nb.png\",\"image_position\":\"center-center\",\"image_size\":\"width-1-1\",\"media_background\":\"#FFFFFF\",\"media_focal_point\":\"top-right\",\"media_overlay\":\"rgba(255, 255, 255, 0.73)\",\"overlap\":true,\"padding\":\"large\",\"style\":\"muted\",\"title_breakpoint\":\"xl\",\"title_position\":\"top-left\",\"title_rotation\":\"left\",\"vertical_align\":\"middle\",\"width\":\"default\"},\"children\":[{\"type\":\"row\",\"children\":[{\"type\":\"column\",\"props\":{\"image_position\":\"center-center\",\"position_sticky_breakpoint\":\"m\"},\"children\":[{\"type\":\"headline\",\"props\":{\"block_align\":\"center\",\"content\":\"Ils nous font confiance\",\"margin\":\"medium\",\"margin_remove_bottom\":false,\"margin_remove_top\":false,\"text_align\":\"center\",\"text_align_breakpoint\":\"m\",\"text_align_fallback\":\"center\",\"title_color\":\"primary\",\"title_element\":\"h2\",\"title_style\":\"text-lead\"}},{\"type\":\"panel-slider\",\"props\":{\"content_column_breakpoint\":\"m\",\"icon_width\":80,\"image_align\":\"top\",\"image_grid_breakpoint\":\"m\",\"image_grid_width\":\"1-2\",\"image_svg_color\":\"emphasis\",\"link_style\":\"default\",\"link_text\":\"Read more\",\"margin\":\"default\",\"meta_align\":\"below-title\",\"meta_element\":\"div\",\"meta_style\":\"text-meta\",\"nav\":\"dotnav\",\"nav_align\":\"center\",\"nav_breakpoint\":\"s\",\"panel_match\":true,\"show_content\":false,\"show_hover_image\":false,\"show_hover_video\":false,\"show_image\":true,\"show_link\":false,\"show_meta\":false,\"show_title\":false,\"show_video\":false,\"slidenav\":\"outside\",\"slidenav_breakpoint\":\"xl\",\"slidenav_margin\":\"medium\",\"slidenav_outside_breakpoint\":\"xl\",\"slider_autoplay\":true,\"slider_autoplay_interval\":\"5\",\"slider_autoplay_pause\":true,\"slider_gap\":\"default\",\"slider_sets\":true,\"slider_width\":\"fixed\",\"slider_width_default\":\"1-3\",\"slider_width_medium\":\"1-6\",\"title_align\":\"top\",\"title_element\":\"h3\",\"title_grid_breakpoint\":\"m\",\"title_grid_width\":\"1-2\",\"title_hover_style\":\"reset\"},\"children\":[{\"type\":\"panel-slider_item\",\"props\":{\"image\":\"wp-content\\\/uploads\\\/2025\\\/09\\\/Aviva-cuisine.png\",\"title\":\"Aviva cuisine\"}},{\"type\":\"panel-slider_item\",\"props\":{\"image\":\"wp-content\\\/uploads\\\/2025\\\/08\\\/Sans-titre-2-04.png\",\"title\":\"Sans titre - 2-04\"}},{\"type\":\"panel-slider_item\",\"props\":{\"image\":\"wp-content\\\/uploads\\\/2025\\\/09\\\/Talensoft.png\",\"title\":\"Talensoft\"}},{\"type\":\"panel-slider_item\",\"props\":{\"image\":\"wp-content\\\/uploads\\\/2025\\\/09\\\/EDF.png\",\"title\":\"EDF\"}},{\"type\":\"panel-slider_item\",\"props\":{\"image\":\"wp-content\\\/uploads\\\/2025\\\/09\\\/Alten.png\",\"title\":\"Alten\"}},{\"type\":\"panel-slider_item\",\"props\":{\"image\":\"wp-content\\\/uploads\\\/2025\\\/09\\\/Procertif.png\",\"title\":\"Procertif\"}},{\"type\":\"panel-slider_item\",\"props\":{\"image\":\"wp-content\\\/uploads\\\/2025\\\/09\\\/Phibro.png\",\"title\":\"Phibro\"}},{\"type\":\"panel-slider_item\",\"props\":{\"image\":\"wp-content\\\/uploads\\\/2025\\\/08\\\/Sans-titre-2-01.png\"}},{\"type\":\"panel-slider_item\",\"props\":{\"image\":\"wp-content\\\/uploads\\\/2025\\\/08\\\/Sans-titre-2-03.png\",\"title\":\"Sans titre - 2-03\"}},{\"type\":\"panel-slider_item\",\"props\":{\"image\":\"wp-content\\\/uploads\\\/2025\\\/09\\\/Tribu.png\",\"title\":\"Tribu\"}},{\"type\":\"panel-slider_item\",\"props\":{\"image\":\"wp-content\\\/uploads\\\/2025\\\/09\\\/XOS-Learning.png\",\"title\":\"XOS Learning\"}}]},{\"type\":\"button\",\"props\":{\"button_size\":\"large\",\"grid_column_gap\":\"small\",\"grid_row_gap\":\"small\",\"margin\":\"large\",\"margin_remove_bottom\":true,\"text_align\":\"center\"},\"children\":[{\"type\":\"button_item\",\"props\":{\"button_style\":\"primary\",\"content\":\"Devenez partenaires\",\"dialog_layout\":\"modal\",\"dialog_offcanvas_flip\":true,\"icon_align\":\"left\",\"link\":\"https:\\\/\\\/forms.gle\\\/g7pXPwpHUXuZdnZG8\",\"link_target\":\"blank\"}}]}]}]}],\"name\":\"Partenaire\"},{\"name\":\"Actualit\\u00e9s\",\"type\":\"section\",\"props\":{\"animation\":\"fade\",\"image\":\"wp-content\\\/uploads\\\/2025\\\/04\\\/img-nb.png\",\"image_position\":\"center-center\",\"image_size\":\"cover\",\"image_width\":\"1920\",\"media_overlay\":\"rgba(255, 255, 255, 0.64)\",\"overlap\":true,\"padding\":\"large\",\"status\":\"disabled\",\"style\":\"muted\",\"title_breakpoint\":\"xl\",\"title_position\":\"top-left\",\"title_rotation\":\"left\",\"vertical_align\":\"\",\"width\":\"large\"},\"children\":[{\"type\":\"row\",\"props\":{\"column_gap\":\"large\",\"margin\":\"xlarge\",\"margin_remove_bottom\":false,\"margin_remove_top\":false,\"parallax\":false,\"row_gap\":\"large\"},\"children\":[{\"type\":\"column\",\"props\":{\"image_position\":\"center-center\",\"position_sticky_breakpoint\":\"m\",\"width_medium\":\"1-1\"},\"children\":[{\"type\":\"headline\",\"props\":{\"block_align\":\"center\",\"content\":\"Nos derni\\u00e8re actualit\\u00e9s\",\"text_align\":\"center\",\"text_align_fallback\":\"center\",\"title_element\":\"h2\",\"title_style\":\"h5\"}},{\"type\":\"divider\",\"props\":{\"block_align\":\"center\",\"divider_align\":\"center\",\"divider_element\":\"div\",\"divider_style\":\"icon\",\"maxwidth\":\"medium\"}},{\"type\":\"grid\",\"props\":{\"content_column_breakpoint\":\"m\",\"filter_align\":\"left\",\"filter_all\":true,\"filter_grid_breakpoint\":\"m\",\"filter_grid_width\":\"auto\",\"filter_position\":\"top\",\"filter_style\":\"tab\",\"grid_default\":\"1\",\"grid_medium\":\"4\",\"icon_width\":80,\"image_align\":\"top\",\"image_grid_breakpoint\":\"m\",\"image_grid_width\":\"1-2\",\"image_svg_color\":\"emphasis\",\"item_animation\":true,\"lightbox_bg_close\":true,\"link_style\":\"default\",\"link_text\":\"\",\"margin\":\"default\",\"meta_align\":\"below-title\",\"meta_element\":\"div\",\"meta_margin\":\"small\",\"meta_style\":\"text-meta\",\"panel_image_no_padding\":true,\"panel_link\":true,\"panel_link_hover\":\"true\",\"panel_padding\":\"default\",\"panel_style\":\"card-default\",\"parallax_easing\":\"1\",\"show_content\":true,\"show_hover_image\":true,\"show_hover_video\":true,\"show_image\":true,\"show_link\":true,\"show_meta\":true,\"show_title\":true,\"show_video\":true,\"title_align\":\"top\",\"title_element\":\"h3\",\"title_grid_breakpoint\":\"m\",\"title_grid_width\":\"1-2\",\"title_hover_style\":\"reset\"},\"children\":[{\"type\":\"grid_item\",\"props\":{\"image\":\"wp-content\\\/uploads\\\/destinations-post-kayaking-in-milford-sound-intro.jpg\",\"item_element\":\"article\",\"link\":\"#\",\"meta\":\"Paddling through stunning nature\",\"title\":\"Kayaking in Milford Sound\"}},{\"type\":\"grid_item\",\"props\":{\"image\":\"wp-content\\\/uploads\\\/destinations-post-hiking-in-new-zealand-intro.jpg\",\"item_element\":\"article\",\"link\":\"#\",\"meta\":\"Getting your Hobbit feet dirty\",\"title\":\"Hiking in New Zealand\"}},{\"type\":\"grid_item\",\"props\":{\"image\":\"wp-content\\\/uploads\\\/destinations-post-camping-in-iceland-intro.jpg\",\"item_element\":\"article\",\"link\":\"#\",\"meta\":\"Freedom to roam\",\"title\":\"Camping in Iceland\"}}]},{\"type\":\"button\",\"props\":{\"grid_column_gap\":\"\",\"grid_row_gap\":\"small\",\"margin\":\"small\",\"margin_remove_top\":false,\"text_align\":\"right\"},\"children\":[{\"type\":\"button_item\",\"props\":{\"button_style\":\"text\",\"content\":\"Toutes nos actualit\\u00e9s\",\"dialog_layout\":\"modal\",\"dialog_offcanvas_flip\":true,\"icon\":\"chevron-right\",\"icon_align\":\"right\",\"link\":\"#\",\"link_title\":\"Planifier une visite\"}}]},{\"type\":\"social\",\"props\":{\"grid\":\"horizontal\",\"grid_column_gap\":\"small\",\"grid_row_gap\":\"small\",\"image_svg_inline\":true,\"link_style\":\"button\",\"margin\":\"xlarge\",\"text_align\":\"center\"},\"children\":[{\"type\":\"social_item\",\"props\":{\"link\":\"https:\\\/\\\/www.facebook.com\\\/yootheme\"}},{\"type\":\"social_item\",\"props\":{\"link\":\"https:\\\/\\\/www.youtube.com\\\/channel\\\/UCScfGdEgRCOh9YJdpGu82eQ\"}},{\"type\":\"social_item\",\"props\":{\"icon\":\"instagram\",\"link\":\"instagram\"}}]}]}]}]}],\"version\":\"4.5.11\"} --><\/p>\n","protected":false},"excerpt":{"rendered":"<p>s\u00e9minaire \/ Team building \/ soir\u00e9e d&rsquo;entreprise Bienvenue au Haras de Nantes Un \u00e9crin de nature pour des \u00e9v\u00e9nements d\u2019entreprise hors du commun Le Haras de Nantes Un lieu, mille possibilit\u00e9s Haras de Nantes \u00c9v\u00e9nements vous accueille dans cadre exception \u00e0 15 minuntes de Nantes, au c\u0153ur d\u2019un centre \u00e9questre. S\u00e9minaire, journ\u00e9e d\u2019\u00e9tude, team-building, coaching, [&hellip;]<\/p>\n","protected":false},"author":1,"featured_media":0,"parent":0,"menu_order":0,"comment_status":"closed","ping_status":"closed","template":"","meta":{"footnotes":""},"class_list":["post-6","page","type-page","status-publish","hentry"],"yoast_head":"<!-- This site is optimized with the Yoast SEO plugin v26.0 - https:\/\/yoast.com\/wordpress\/plugins\/seo\/ -->\n<title>Home - Haras de Nantes \u00c9v\u00e8nements<\/title>\n<meta name=\"robots\" content=\"index, follow, max-snippet:-1, max-image-preview:large, max-video-preview:-1\" \/>\n<link rel=\"canonical\" href=\"https:\/\/haras-de-nantes.fr\/evenements\/\" \/>\n<meta property=\"og:locale\" content=\"fr_FR\" \/>\n<meta property=\"og:type\" content=\"article\" \/>\n<meta property=\"og:title\" content=\"Home - Haras de Nantes \u00c9v\u00e8nements\" \/>\n<meta property=\"og:description\" content=\"s\u00e9minaire \/ Team building \/ soir\u00e9e d&rsquo;entreprise Bienvenue au Haras de Nantes Un \u00e9crin de nature pour des \u00e9v\u00e9nements d\u2019entreprise hors du commun Le Haras de Nantes Un lieu, mille possibilit\u00e9s Haras de Nantes \u00c9v\u00e9nements vous accueille dans cadre exception \u00e0 15 minuntes de Nantes, au c\u0153ur d\u2019un centre \u00e9questre. S\u00e9minaire, journ\u00e9e d\u2019\u00e9tude, team-building, coaching, [&hellip;]\" \/>\n<meta property=\"og:url\" content=\"https:\/\/haras-de-nantes.fr\/evenements\/\" \/>\n<meta property=\"og:site_name\" content=\"Haras de Nantes \u00c9v\u00e8nements\" \/>\n<meta property=\"article:modified_time\" content=\"2026-04-16T12:58:42+00:00\" \/>\n<meta name=\"twitter:card\" content=\"summary_large_image\" \/>\n<meta name=\"twitter:label1\" content=\"Dur\u00e9e de lecture estim\u00e9e\" \/>\n\t<meta name=\"twitter:data1\" content=\"1 minute\" \/>\n<script type=\"application\/ld+json\" class=\"yoast-schema-graph\">{\"@context\":\"https:\/\/schema.org\",\"@graph\":[{\"@type\":\"WebPage\",\"@id\":\"https:\/\/haras-de-nantes.fr\/evenements\/\",\"url\":\"https:\/\/haras-de-nantes.fr\/evenements\/\",\"name\":\"Home - Haras de Nantes \u00c9v\u00e8nements\",\"isPartOf\":{\"@id\":\"https:\/\/haras-de-nantes.fr\/evenements\/#website\"},\"datePublished\":\"2025-04-10T11:00:39+00:00\",\"dateModified\":\"2026-04-16T12:58:42+00:00\",\"breadcrumb\":{\"@id\":\"https:\/\/haras-de-nantes.fr\/evenements\/#breadcrumb\"},\"inLanguage\":\"fr-FR\",\"potentialAction\":[{\"@type\":\"ReadAction\",\"target\":[\"https:\/\/haras-de-nantes.fr\/evenements\/\"]}]},{\"@type\":\"BreadcrumbList\",\"@id\":\"https:\/\/haras-de-nantes.fr\/evenements\/#breadcrumb\",\"itemListElement\":[{\"@type\":\"ListItem\",\"position\":1,\"name\":\"Accueil\",\"item\":\"https:\/\/haras-de-nantes.fr\/evenements\/\"},{\"@type\":\"ListItem\",\"position\":2,\"name\":\"Home\"}]},{\"@type\":\"WebSite\",\"@id\":\"https:\/\/haras-de-nantes.fr\/evenements\/#website\",\"url\":\"https:\/\/haras-de-nantes.fr\/evenements\/\",\"name\":\"Haras de Nantes \u00e9v\u00e9nements\",\"description\":\"\",\"publisher\":{\"@id\":\"https:\/\/haras-de-nantes.fr\/evenements\/#organization\"},\"potentialAction\":[{\"@type\":\"SearchAction\",\"target\":{\"@type\":\"EntryPoint\",\"urlTemplate\":\"https:\/\/haras-de-nantes.fr\/evenements\/?s={search_term_string}\"},\"query-input\":{\"@type\":\"PropertyValueSpecification\",\"valueRequired\":true,\"valueName\":\"search_term_string\"}}],\"inLanguage\":\"fr-FR\"},{\"@type\":\"Organization\",\"@id\":\"https:\/\/haras-de-nantes.fr\/evenements\/#organization\",\"name\":\"Haras de Nantes \u00e9v\u00e9nements\",\"url\":\"https:\/\/haras-de-nantes.fr\/evenements\/\",\"logo\":{\"@type\":\"ImageObject\",\"inLanguage\":\"fr-FR\",\"@id\":\"https:\/\/haras-de-nantes.fr\/evenements\/#\/schema\/logo\/image\/\",\"url\":\"https:\/\/haras-de-nantes.fr\/evenements\/wp-content\/uploads\/2025\/04\/Logo.png\",\"contentUrl\":\"https:\/\/haras-de-nantes.fr\/evenements\/wp-content\/uploads\/2025\/04\/Logo.png\",\"width\":369,\"height\":108,\"caption\":\"Haras de Nantes \u00e9v\u00e9nements\"},\"image\":{\"@id\":\"https:\/\/haras-de-nantes.fr\/evenements\/#\/schema\/logo\/image\/\"},\"sameAs\":[\"https:\/\/www.instagram.com\/haras_de_nantes_evenements\/\"]}]}<\/script>\n<!-- \/ Yoast SEO plugin. -->","yoast_head_json":{"title":"Home - Haras de Nantes \u00c9v\u00e8nements","robots":{"index":"index","follow":"follow","max-snippet":"max-snippet:-1","max-image-preview":"max-image-preview:large","max-video-preview":"max-video-preview:-1"},"canonical":"https:\/\/haras-de-nantes.fr\/evenements\/","og_locale":"fr_FR","og_type":"article","og_title":"Home - Haras de Nantes \u00c9v\u00e8nements","og_description":"s\u00e9minaire \/ Team building \/ soir\u00e9e d&rsquo;entreprise Bienvenue au Haras de Nantes Un \u00e9crin de nature pour des \u00e9v\u00e9nements d\u2019entreprise hors du commun Le Haras de Nantes Un lieu, mille possibilit\u00e9s Haras de Nantes \u00c9v\u00e9nements vous accueille dans cadre exception \u00e0 15 minuntes de Nantes, au c\u0153ur d\u2019un centre \u00e9questre. S\u00e9minaire, journ\u00e9e d\u2019\u00e9tude, team-building, coaching, [&hellip;]","og_url":"https:\/\/haras-de-nantes.fr\/evenements\/","og_site_name":"Haras de Nantes \u00c9v\u00e8nements","article_modified_time":"2026-04-16T12:58:42+00:00","twitter_card":"summary_large_image","twitter_misc":{"Dur\u00e9e de lecture estim\u00e9e":"1 minute"},"schema":{"@context":"https:\/\/schema.org","@graph":[{"@type":"WebPage","@id":"https:\/\/haras-de-nantes.fr\/evenements\/","url":"https:\/\/haras-de-nantes.fr\/evenements\/","name":"Home - Haras de Nantes \u00c9v\u00e8nements","isPartOf":{"@id":"https:\/\/haras-de-nantes.fr\/evenements\/#website"},"datePublished":"2025-04-10T11:00:39+00:00","dateModified":"2026-04-16T12:58:42+00:00","breadcrumb":{"@id":"https:\/\/haras-de-nantes.fr\/evenements\/#breadcrumb"},"inLanguage":"fr-FR","potentialAction":[{"@type":"ReadAction","target":["https:\/\/haras-de-nantes.fr\/evenements\/"]}]},{"@type":"BreadcrumbList","@id":"https:\/\/haras-de-nantes.fr\/evenements\/#breadcrumb","itemListElement":[{"@type":"ListItem","position":1,"name":"Accueil","item":"https:\/\/haras-de-nantes.fr\/evenements\/"},{"@type":"ListItem","position":2,"name":"Home"}]},{"@type":"WebSite","@id":"https:\/\/haras-de-nantes.fr\/evenements\/#website","url":"https:\/\/haras-de-nantes.fr\/evenements\/","name":"Haras de Nantes \u00e9v\u00e9nements","description":"","publisher":{"@id":"https:\/\/haras-de-nantes.fr\/evenements\/#organization"},"potentialAction":[{"@type":"SearchAction","target":{"@type":"EntryPoint","urlTemplate":"https:\/\/haras-de-nantes.fr\/evenements\/?s={search_term_string}"},"query-input":{"@type":"PropertyValueSpecification","valueRequired":true,"valueName":"search_term_string"}}],"inLanguage":"fr-FR"},{"@type":"Organization","@id":"https:\/\/haras-de-nantes.fr\/evenements\/#organization","name":"Haras de Nantes \u00e9v\u00e9nements","url":"https:\/\/haras-de-nantes.fr\/evenements\/","logo":{"@type":"ImageObject","inLanguage":"fr-FR","@id":"https:\/\/haras-de-nantes.fr\/evenements\/#\/schema\/logo\/image\/","url":"https:\/\/haras-de-nantes.fr\/evenements\/wp-content\/uploads\/2025\/04\/Logo.png","contentUrl":"https:\/\/haras-de-nantes.fr\/evenements\/wp-content\/uploads\/2025\/04\/Logo.png","width":369,"height":108,"caption":"Haras de Nantes \u00e9v\u00e9nements"},"image":{"@id":"https:\/\/haras-de-nantes.fr\/evenements\/#\/schema\/logo\/image\/"},"sameAs":["https:\/\/www.instagram.com\/haras_de_nantes_evenements\/"]}]}},"_links":{"self":[{"href":"https:\/\/haras-de-nantes.fr\/evenements\/wp-json\/wp\/v2\/pages\/6","targetHints":{"allow":["GET"]}}],"collection":[{"href":"https:\/\/haras-de-nantes.fr\/evenements\/wp-json\/wp\/v2\/pages"}],"about":[{"href":"https:\/\/haras-de-nantes.fr\/evenements\/wp-json\/wp\/v2\/types\/page"}],"author":[{"embeddable":true,"href":"https:\/\/haras-de-nantes.fr\/evenements\/wp-json\/wp\/v2\/users\/1"}],"replies":[{"embeddable":true,"href":"https:\/\/haras-de-nantes.fr\/evenements\/wp-json\/wp\/v2\/comments?post=6"}],"version-history":[{"count":139,"href":"https:\/\/haras-de-nantes.fr\/evenements\/wp-json\/wp\/v2\/pages\/6\/revisions"}],"predecessor-version":[{"id":987,"href":"https:\/\/haras-de-nantes.fr\/evenements\/wp-json\/wp\/v2\/pages\/6\/revisions\/987"}],"wp:attachment":[{"href":"https:\/\/haras-de-nantes.fr\/evenements\/wp-json\/wp\/v2\/media?parent=6"}],"curies":[{"name":"wp","href":"https:\/\/api.w.org\/{rel}","templated":true}]}}