{"id":539,"date":"2025-09-02T15:27:06","date_gmt":"2025-09-02T13:27:06","guid":{"rendered":"https:\/\/haras-de-nantes.fr\/evenements\/?page_id=539"},"modified":"2025-09-02T15:27:06","modified_gmt":"2025-09-02T13:27:06","slug":"mentions-legales","status":"publish","type":"page","link":"https:\/\/haras-de-nantes.fr\/evenements\/mentions-legales\/","title":{"rendered":"Mentions l\u00e9gales"},"content":{"rendered":"<h1>Mentions l\u00e9gales<\/h1>\n<div><strong> Le site <span style=\"color:#b2033a\">www.equitation-nantes.fr<\/span> est \u00e9dit\u00e9 par : Haras de la Vaillanti\u00e8re<\/p>\n<ul>\n<li>16 rue Gulliver 44240 La Chapelle sur Erdre,<\/li>\n<li>\nN\u00b0 registre commerce 494334410<\/li>\n<\/ul>\n<p><\/strong><br \/>\nLe site <span style=\"color:#b2033a\">www.equitation-nantes.fr<\/span> est h\u00e9berg\u00e9 par OVH. Ce site respecte le droit d\u2019auteur. Tous les droits des auteurs des \u0153uvres prot\u00e9g\u00e9es reproduites et communiqu\u00e9es sur ce site, sont r\u00e9serv\u00e9s. Sauf autorisation, toute utilisation des \u0153uvres autres que la reproduction et la consultation individuelles et priv\u00e9es sont interdites. Le site Internet \u00e9dit\u00e9 par le Haras de la Vaillanti\u00e8re a fait l\u2019objet d\u2019une d\u00e9claration \u00e0 la CNIL.<\/p>\n<p>Haras de la Vaillanti\u00e8re consent \u00e0 l\u2019\u2019utilisateur le droit de consultation du site pour son usage strictement personnel et priv\u00e9. Toute reproduction, rediffusion ou commercialisation totale ou partielle du contenu est interdite sans autorisation pr\u00e9alable du Haras de la Vaillanti\u00e8re.<\/p>\n<p>Les informations recueillies aupr\u00e8s des personnes par le biais des formulaires sont utilis\u00e9es \u00e0 un usage interne et ne sauraient \u00eatre transmises \u00e0 des tiers. Conform\u00e9ment \u00e0 la loi Informatique et libert\u00e9s du 6 janvier 1978, vous disposez d\u2019un droit d\u2019acc\u00e8s, de modification, de rectification et de suppression des donn\u00e9es vous concernant (art.34). Vous pouvez l\u2019exercer \u00e0 tout moment en envoyant un mail \u00e0 <a href=\"mailto:info@haras-de-nantes.fr\">info@haras-de-nantes.fr<\/a>.<\/div>\n<hr>\n<h1>Notre site web engage les moyens n\u00e9cessaires pour prot\u00e9ger l\u2019ensemble des donn\u00e9es qu\u2019il collecte.<\/h1>\n<div>Haras de la Vaillanti\u00e8re ne r\u00e9alise aucune commercialisation des donn\u00e9es collect\u00e9es.<\/p>\n<p>Les donn\u00e9es personnelles collect\u00e9es sont : adresse e-mail, pr\u00e9nom, nom, fonction, adresse, t\u00e9l\u00e9phone, soci\u00e9t\u00e9, secteur d\u2019activit\u00e9, effectifs.<\/p>\n<p>Chaque utilisateur \u00e0 le droit de rectifier en envoyant un email \u00e0<a href=\"mailto:info@haras-de-nantes.fr\">info@haras-de-nantes.fr<\/a>.<\/p>\n<p>Chaque utilisateur peut demander \u00e0 tout moment la suppression int\u00e9grale de ses donn\u00e9es personnelles en envoyant un email \u00e0 <a href=\"mailto:info@haras-de-nantes.fr\">info@haras-de-nantes.fr<\/a>.<\/p>\n<p>Chaque utilisateur peut demander \u00e0 tout moment l\u2019extraction de ses donn\u00e9es personnelles en envoyant un email \u00e0 <a href=\"mailto:info@haras-de-nantes.fr\">info@haras-de-nantes.fr<\/a>.<\/div>\n<hr>\n<h1>Donn\u00e9es personnelles<\/h1>\n<div>Les informations recueillies via les formulaires du site sont enregistr\u00e9es dans un fichier informatis\u00e9 par le Haras de la Vaillanti\u00e8re pour la gestion marketing et commerciale.<\/p>\n<p>Elles sont conserv\u00e9es pendant 10 ans et sont destin\u00e9es au service marketing et au service commercial du Haras de la Vaillanti\u00e8re.<\/p>\n<p>Conform\u00e9ment \u00e0 la loi \u00ab informatique et libert\u00e9s \u00bb, vous pouvez exercer votre droit d\u2019acc\u00e8s aux donn\u00e9es vous concernant et les faire rectifier en contactant : <a href=\"mailto:info@haras-de-nantes.fr\">info@haras-de-nantes.fr<\/a>.<\/p>\n<p>Nous vous informons de l\u2019existence de la liste d\u2019opposition au d\u00e9marchage t\u00e9l\u00e9phonique \u00ab Bloctel \u00bb, sur laquelle vous pouvez vous inscrire <a href=\"\/evenements\/%20https:\/conso.bloctel.fr\">ici<\/a>.<\/p>\n<\/div>\n<hr>\n<h1>Cookies<\/h1>\n<div>Nous utilisons des cookies pour vous garantir la meilleure exp\u00e9rience sur notre site.<\/p>\n<\/div>\n<div>Cr\u00e9dit photo : Adobe Stock | Pixabay | Audrey Witczak<\/div>\n<p><!--more--><br \/>\n<!-- {\"type\":\"layout\",\"children\":[{\"type\":\"section\",\"props\":{\"image_position\":\"center-center\",\"style\":\"default\",\"title_breakpoint\":\"xl\",\"title_position\":\"top-left\",\"title_rotation\":\"left\",\"vertical_align\":\"middle\",\"width\":\"default\"},\"children\":[{\"type\":\"row\",\"children\":[{\"type\":\"column\",\"props\":{\"image_position\":\"center-center\",\"position_sticky_breakpoint\":\"m\"},\"children\":[{\"type\":\"headline\",\"props\":{\"content\":\"Mentions l\\u00e9gales\",\"title_element\":\"h1\"}},{\"type\":\"text\",\"props\":{\"column_breakpoint\":\"m\",\"content\":\"<strong> Le site <span style=\\\"color:#b2033a\\\">www.equitation-nantes.fr<\\\/span> est \\u00e9dit\\u00e9 par : Haras de la Vaillanti\\u00e8re\\n\\n\n\n<ul>\n\n<li>16 rue Gulliver 44240 La Chapelle sur Erdre,<\\\/li>\n\n<li>\\nN\\u00b0 registre commerce 494334410<\\\/li><\\\/ul>\\n<\\\/strong>\\nLe site <span style=\\\"color:#b2033a\\\">www.equitation-nantes.fr<\\\/span> est h\\u00e9berg\\u00e9 par OVH. Ce site respecte le droit d\\u2019auteur. Tous les droits des auteurs des \\u0153uvres prot\\u00e9g\\u00e9es reproduites et communiqu\\u00e9es sur ce site, sont r\\u00e9serv\\u00e9s. Sauf autorisation, toute utilisation des \\u0153uvres autres que la reproduction et la consultation individuelles et priv\\u00e9es sont interdites. Le site Internet \\u00e9dit\\u00e9 par le Haras de la Vaillanti\\u00e8re a fait l\\u2019objet d\\u2019une d\\u00e9claration \\u00e0 la CNIL.\n\n\\n\\nHaras de la Vaillanti\\u00e8re consent \\u00e0 l\\u2019\\u2019utilisateur le droit de consultation du site pour son usage strictement personnel et priv\\u00e9. Toute reproduction, rediffusion ou commercialisation totale ou partielle du contenu est interdite sans autorisation pr\\u00e9alable du Haras de la Vaillanti\\u00e8re.\\n\\nLes informations recueillies aupr\\u00e8s des personnes par le biais des formulaires sont utilis\\u00e9es \\u00e0 un usage interne et ne sauraient \\u00eatre transmises \\u00e0 des tiers. Conform\\u00e9ment \\u00e0 la loi Informatique et libert\\u00e9s du 6 janvier 1978, vous disposez d\\u2019un droit d\\u2019acc\\u00e8s, de modification, de rectification et de suppression des donn\\u00e9es vous concernant (art.34). Vous pouvez l\\u2019exercer \\u00e0 tout moment en envoyant un mail \\u00e0 <a href=\\\"mailto:info@haras-de-nantes.fr\\\">info@haras-de-nantes.fr<\\\/a>.\",\"margin\":\"default\"}},{\"type\":\"divider\",\"props\":{\"divider_element\":\"hr\",\"divider_style\":\"small\"}},{\"type\":\"headline\",\"props\":{\"content\":\"Notre site web engage les moyens n\\u00e9cessaires pour prot\\u00e9ger l\\u2019ensemble des donn\\u00e9es qu\\u2019il collecte.\",\"title_element\":\"h1\",\"title_style\":\"h3\"}},{\"type\":\"text\",\"props\":{\"column_breakpoint\":\"m\",\"content\":\"Haras de la Vaillanti\\u00e8re ne r\\u00e9alise aucune commercialisation des donn\\u00e9es collect\\u00e9es.\\n\n\n\\nLes donn\\u00e9es personnelles collect\\u00e9es sont : adresse e-mail, pr\\u00e9nom, nom, fonction, adresse, t\\u00e9l\\u00e9phone, soci\\u00e9t\\u00e9, secteur d\\u2019activit\\u00e9, effectifs.\\n\n\n\\nChaque utilisateur \\u00e0 le droit de rectifier en envoyant un email \\u00e0<a href=\\\"mailto:info@haras-de-nantes.fr\\\">info@haras-de-nantes.fr<\\\/a>.\\n\n\n\\nChaque utilisateur peut demander \\u00e0 tout moment la suppression int\\u00e9grale de ses donn\\u00e9es personnelles en envoyant un email \\u00e0 <a href=\\\"mailto:info@haras-de-nantes.fr\\\">info@haras-de-nantes.fr<\\\/a>.\\n\n\n\\nChaque utilisateur peut demander \\u00e0 tout moment l\\u2019extraction de ses donn\\u00e9es personnelles en envoyant un email \\u00e0 <a href=\\\"mailto:info@haras-de-nantes.fr\\\">info@haras-de-nantes.fr<\\\/a>.\",\"margin\":\"default\"}},{\"type\":\"divider\",\"props\":{\"divider_element\":\"hr\",\"divider_style\":\"small\"}},{\"type\":\"headline\",\"props\":{\"content\":\"Donn\\u00e9es personnelles\",\"title_element\":\"h1\",\"title_style\":\"h3\"}},{\"type\":\"text\",\"props\":{\"column_breakpoint\":\"m\",\"content\":\"Les informations recueillies via les formulaires du site sont enregistr\\u00e9es dans un fichier informatis\\u00e9 par le Haras de la Vaillanti\\u00e8re pour la gestion marketing et commerciale.\\n\\nElles sont conserv\\u00e9es pendant 10 ans et sont destin\\u00e9es au service marketing et au service commercial du Haras de la Vaillanti\\u00e8re.\\n\n\n\\nConform\\u00e9ment \\u00e0 la loi \\u00ab informatique et libert\\u00e9s \\u00bb, vous pouvez exercer votre droit d\\u2019acc\\u00e8s aux donn\\u00e9es vous concernant et les faire rectifier en contactant : <a href=\\\"mailto:info@haras-de-nantes.fr\\\">info@haras-de-nantes.fr<\\\/a>.\\n\\nNous vous informons de l\\u2019existence de la liste d\\u2019opposition au d\\u00e9marchage t\\u00e9l\\u00e9phonique \\u00ab Bloctel \\u00bb, sur laquelle vous pouvez vous inscrire <a href=\\\" https:\\\/\\\/conso.bloctel.fr\\\">ici<\\\/a>.\\n\\n\",\"margin\":\"default\"}},{\"type\":\"divider\",\"props\":{\"divider_element\":\"hr\",\"divider_style\":\"small\"}},{\"type\":\"headline\",\"props\":{\"content\":\"Cookies\",\"title_element\":\"h1\",\"title_style\":\"h3\"}},{\"type\":\"text\",\"props\":{\"column_breakpoint\":\"m\",\"content\":\"Nous utilisons des cookies pour vous garantir la meilleure exp\\u00e9rience sur notre site.\\n\\n\",\"margin\":\"default\"}},{\"type\":\"text\",\"props\":{\"column_breakpoint\":\"m\",\"content\":\"Cr\\u00e9dit photo : Adobe Stock | Pixabay | Audrey Witczak\",\"margin\":\"default\",\"text_color\":\"primary\",\"text_style\":\"lead\"}}]}]}]}],\"version\":\"4.5.11\"} --><\/p>\n","protected":false},"excerpt":{"rendered":"<p>Mentions l\u00e9gales Le site www.equitation-nantes.fr est \u00e9dit\u00e9 par : Haras de la Vaillanti\u00e8re 16 rue Gulliver 44240 La Chapelle sur Erdre, N\u00b0 registre commerce 494334410 Le site www.equitation-nantes.fr est h\u00e9berg\u00e9 par OVH. Ce site respecte le droit d\u2019auteur. Tous les droits des auteurs des \u0153uvres prot\u00e9g\u00e9es reproduites et communiqu\u00e9es sur ce site, sont r\u00e9serv\u00e9s. Sauf [&hellip;]<\/p>\n","protected":false},"author":1,"featured_media":0,"parent":0,"menu_order":0,"comment_status":"closed","ping_status":"closed","template":"","meta":{"footnotes":""},"class_list":["post-539","page","type-page","status-publish","hentry"],"yoast_head":"<!-- This site is optimized with the Yoast SEO plugin v26.0 - https:\/\/yoast.com\/wordpress\/plugins\/seo\/ -->\n<title>Mentions l\u00e9gales - Haras de Nantes \u00c9v\u00e8nements<\/title>\n<meta name=\"robots\" content=\"index, follow, max-snippet:-1, max-image-preview:large, max-video-preview:-1\" \/>\n<link rel=\"canonical\" href=\"https:\/\/haras-de-nantes.fr\/evenements\/mentions-legales\/\" \/>\n<meta property=\"og:locale\" content=\"fr_FR\" \/>\n<meta property=\"og:type\" content=\"article\" \/>\n<meta property=\"og:title\" content=\"Mentions l\u00e9gales - Haras de Nantes \u00c9v\u00e8nements\" \/>\n<meta property=\"og:description\" content=\"Mentions l\u00e9gales Le site www.equitation-nantes.fr est \u00e9dit\u00e9 par : Haras de la Vaillanti\u00e8re 16 rue Gulliver 44240 La Chapelle sur Erdre, N\u00b0 registre commerce 494334410 Le site www.equitation-nantes.fr est h\u00e9berg\u00e9 par OVH. Ce site respecte le droit d\u2019auteur. Tous les droits des auteurs des \u0153uvres prot\u00e9g\u00e9es reproduites et communiqu\u00e9es sur ce site, sont r\u00e9serv\u00e9s. Sauf [&hellip;]\" \/>\n<meta property=\"og:url\" content=\"https:\/\/haras-de-nantes.fr\/evenements\/mentions-legales\/\" \/>\n<meta property=\"og:site_name\" content=\"Haras de Nantes \u00c9v\u00e8nements\" \/>\n<meta name=\"twitter:card\" content=\"summary_large_image\" \/>\n<meta name=\"twitter:label1\" content=\"Dur\u00e9e de lecture estim\u00e9e\" \/>\n\t<meta name=\"twitter:data1\" content=\"2 minutes\" \/>\n<script type=\"application\/ld+json\" class=\"yoast-schema-graph\">{\"@context\":\"https:\/\/schema.org\",\"@graph\":[{\"@type\":\"WebPage\",\"@id\":\"https:\/\/haras-de-nantes.fr\/evenements\/mentions-legales\/\",\"url\":\"https:\/\/haras-de-nantes.fr\/evenements\/mentions-legales\/\",\"name\":\"Mentions l\u00e9gales - Haras de Nantes \u00c9v\u00e8nements\",\"isPartOf\":{\"@id\":\"https:\/\/haras-de-nantes.fr\/evenements\/#website\"},\"datePublished\":\"2025-09-02T13:27:06+00:00\",\"breadcrumb\":{\"@id\":\"https:\/\/haras-de-nantes.fr\/evenements\/mentions-legales\/#breadcrumb\"},\"inLanguage\":\"fr-FR\",\"potentialAction\":[{\"@type\":\"ReadAction\",\"target\":[\"https:\/\/haras-de-nantes.fr\/evenements\/mentions-legales\/\"]}]},{\"@type\":\"BreadcrumbList\",\"@id\":\"https:\/\/haras-de-nantes.fr\/evenements\/mentions-legales\/#breadcrumb\",\"itemListElement\":[{\"@type\":\"ListItem\",\"position\":1,\"name\":\"Accueil\",\"item\":\"https:\/\/haras-de-nantes.fr\/evenements\/\"},{\"@type\":\"ListItem\",\"position\":2,\"name\":\"Mentions l\u00e9gales\"}]},{\"@type\":\"WebSite\",\"@id\":\"https:\/\/haras-de-nantes.fr\/evenements\/#website\",\"url\":\"https:\/\/haras-de-nantes.fr\/evenements\/\",\"name\":\"Haras de Nantes \u00e9v\u00e9nements\",\"description\":\"\",\"publisher\":{\"@id\":\"https:\/\/haras-de-nantes.fr\/evenements\/#organization\"},\"potentialAction\":[{\"@type\":\"SearchAction\",\"target\":{\"@type\":\"EntryPoint\",\"urlTemplate\":\"https:\/\/haras-de-nantes.fr\/evenements\/?s={search_term_string}\"},\"query-input\":{\"@type\":\"PropertyValueSpecification\",\"valueRequired\":true,\"valueName\":\"search_term_string\"}}],\"inLanguage\":\"fr-FR\"},{\"@type\":\"Organization\",\"@id\":\"https:\/\/haras-de-nantes.fr\/evenements\/#organization\",\"name\":\"Haras de Nantes \u00e9v\u00e9nements\",\"url\":\"https:\/\/haras-de-nantes.fr\/evenements\/\",\"logo\":{\"@type\":\"ImageObject\",\"inLanguage\":\"fr-FR\",\"@id\":\"https:\/\/haras-de-nantes.fr\/evenements\/#\/schema\/logo\/image\/\",\"url\":\"https:\/\/haras-de-nantes.fr\/evenements\/wp-content\/uploads\/2025\/04\/Logo.png\",\"contentUrl\":\"https:\/\/haras-de-nantes.fr\/evenements\/wp-content\/uploads\/2025\/04\/Logo.png\",\"width\":369,\"height\":108,\"caption\":\"Haras de Nantes \u00e9v\u00e9nements\"},\"image\":{\"@id\":\"https:\/\/haras-de-nantes.fr\/evenements\/#\/schema\/logo\/image\/\"},\"sameAs\":[\"https:\/\/www.instagram.com\/haras_de_nantes_evenements\/\"]}]}<\/script>\n<!-- \/ Yoast SEO plugin. -->","yoast_head_json":{"title":"Mentions l\u00e9gales - Haras de Nantes \u00c9v\u00e8nements","robots":{"index":"index","follow":"follow","max-snippet":"max-snippet:-1","max-image-preview":"max-image-preview:large","max-video-preview":"max-video-preview:-1"},"canonical":"https:\/\/haras-de-nantes.fr\/evenements\/mentions-legales\/","og_locale":"fr_FR","og_type":"article","og_title":"Mentions l\u00e9gales - Haras de Nantes \u00c9v\u00e8nements","og_description":"Mentions l\u00e9gales Le site www.equitation-nantes.fr est \u00e9dit\u00e9 par : Haras de la Vaillanti\u00e8re 16 rue Gulliver 44240 La Chapelle sur Erdre, N\u00b0 registre commerce 494334410 Le site www.equitation-nantes.fr est h\u00e9berg\u00e9 par OVH. Ce site respecte le droit d\u2019auteur. Tous les droits des auteurs des \u0153uvres prot\u00e9g\u00e9es reproduites et communiqu\u00e9es sur ce site, sont r\u00e9serv\u00e9s. Sauf [&hellip;]","og_url":"https:\/\/haras-de-nantes.fr\/evenements\/mentions-legales\/","og_site_name":"Haras de Nantes \u00c9v\u00e8nements","twitter_card":"summary_large_image","twitter_misc":{"Dur\u00e9e de lecture estim\u00e9e":"2 minutes"},"schema":{"@context":"https:\/\/schema.org","@graph":[{"@type":"WebPage","@id":"https:\/\/haras-de-nantes.fr\/evenements\/mentions-legales\/","url":"https:\/\/haras-de-nantes.fr\/evenements\/mentions-legales\/","name":"Mentions l\u00e9gales - Haras de Nantes \u00c9v\u00e8nements","isPartOf":{"@id":"https:\/\/haras-de-nantes.fr\/evenements\/#website"},"datePublished":"2025-09-02T13:27:06+00:00","breadcrumb":{"@id":"https:\/\/haras-de-nantes.fr\/evenements\/mentions-legales\/#breadcrumb"},"inLanguage":"fr-FR","potentialAction":[{"@type":"ReadAction","target":["https:\/\/haras-de-nantes.fr\/evenements\/mentions-legales\/"]}]},{"@type":"BreadcrumbList","@id":"https:\/\/haras-de-nantes.fr\/evenements\/mentions-legales\/#breadcrumb","itemListElement":[{"@type":"ListItem","position":1,"name":"Accueil","item":"https:\/\/haras-de-nantes.fr\/evenements\/"},{"@type":"ListItem","position":2,"name":"Mentions l\u00e9gales"}]},{"@type":"WebSite","@id":"https:\/\/haras-de-nantes.fr\/evenements\/#website","url":"https:\/\/haras-de-nantes.fr\/evenements\/","name":"Haras de Nantes \u00e9v\u00e9nements","description":"","publisher":{"@id":"https:\/\/haras-de-nantes.fr\/evenements\/#organization"},"potentialAction":[{"@type":"SearchAction","target":{"@type":"EntryPoint","urlTemplate":"https:\/\/haras-de-nantes.fr\/evenements\/?s={search_term_string}"},"query-input":{"@type":"PropertyValueSpecification","valueRequired":true,"valueName":"search_term_string"}}],"inLanguage":"fr-FR"},{"@type":"Organization","@id":"https:\/\/haras-de-nantes.fr\/evenements\/#organization","name":"Haras de Nantes \u00e9v\u00e9nements","url":"https:\/\/haras-de-nantes.fr\/evenements\/","logo":{"@type":"ImageObject","inLanguage":"fr-FR","@id":"https:\/\/haras-de-nantes.fr\/evenements\/#\/schema\/logo\/image\/","url":"https:\/\/haras-de-nantes.fr\/evenements\/wp-content\/uploads\/2025\/04\/Logo.png","contentUrl":"https:\/\/haras-de-nantes.fr\/evenements\/wp-content\/uploads\/2025\/04\/Logo.png","width":369,"height":108,"caption":"Haras de Nantes \u00e9v\u00e9nements"},"image":{"@id":"https:\/\/haras-de-nantes.fr\/evenements\/#\/schema\/logo\/image\/"},"sameAs":["https:\/\/www.instagram.com\/haras_de_nantes_evenements\/"]}]}},"_links":{"self":[{"href":"https:\/\/haras-de-nantes.fr\/evenements\/wp-json\/wp\/v2\/pages\/539","targetHints":{"allow":["GET"]}}],"collection":[{"href":"https:\/\/haras-de-nantes.fr\/evenements\/wp-json\/wp\/v2\/pages"}],"about":[{"href":"https:\/\/haras-de-nantes.fr\/evenements\/wp-json\/wp\/v2\/types\/page"}],"author":[{"embeddable":true,"href":"https:\/\/haras-de-nantes.fr\/evenements\/wp-json\/wp\/v2\/users\/1"}],"replies":[{"embeddable":true,"href":"https:\/\/haras-de-nantes.fr\/evenements\/wp-json\/wp\/v2\/comments?post=539"}],"version-history":[{"count":4,"href":"https:\/\/haras-de-nantes.fr\/evenements\/wp-json\/wp\/v2\/pages\/539\/revisions"}],"predecessor-version":[{"id":543,"href":"https:\/\/haras-de-nantes.fr\/evenements\/wp-json\/wp\/v2\/pages\/539\/revisions\/543"}],"wp:attachment":[{"href":"https:\/\/haras-de-nantes.fr\/evenements\/wp-json\/wp\/v2\/media?parent=539"}],"curies":[{"name":"wp","href":"https:\/\/api.w.org\/{rel}","templated":true}]}}