{"id":17,"date":"2025-04-14T10:38:56","date_gmt":"2025-04-14T08:38:56","guid":{"rendered":"https:\/\/haras-de-nantes.fr\/evenements\/?page_id=17"},"modified":"2026-04-16T15:00:34","modified_gmt":"2026-04-16T13:00:34","slug":"evenements-dentreprises","status":"publish","type":"page","link":"https:\/\/haras-de-nantes.fr\/evenements\/evenements-dentreprises\/","title":{"rendered":"S\u00e9minaires"},"content":{"rendered":"<h2>Des espaces pour toutes les occasions<\/h2>\n<ul>\n<li>\n<h3>Les salles du haras<\/h3>\n<div>\n<p>Toutes nos salles sont \u00e9quip\u00e9es d\u2019\u00e9cran de projection, de paperboard et d\u2019une connexion wifi. Leur agencement sera r\u00e9alis\u00e9 avant votre arriv\u00e9e selon vos souhaits (en U, en th\u00e9\u00e2tre, en cercle et en carr\u00e9).<\/p>\n<table style=\"text-align: left;\">\n<tbody>\n<tr>\n<td style=\"width: 33%;\">\n<p class=\"uk-text-lead uk-text-primary\" style=\"margin: 0px; font-size: 18px;\">Salle Guazil <span>(30 \u00e0 120 p)<\/span><\/p>\n<\/td>\n<td style=\"width: 33%; padding-left: 15px;\">\n<p class=\"uk-text-lead uk-text-primary\" style=\"margin: 0px; font-size: 18px;\">Salle Flocon <span>(20 \u00e0 60 p)<\/span><\/p>\n<\/td>\n<td style=\"width: 33%; padding-left: 15px;\">\n<p class=\"uk-text-lead uk-text-primary\" style=\"margin: 0px; font-size: 18px;\">Salle Nadir <span>(10 \u00e0 20 p)<\/span><\/p>\n<\/td>\n<\/tr>\n<tr>\n<td style=\"padding-right: 15px; border-right: 1px solid #ddd;\"><img loading=\"lazy\" decoding=\"async\" src=\"https:\/\/haras-de-nantes.fr\/evenements\/wp-content\/uploads\/2026\/01\/IMG_4571-1-scaled.jpg\" alt=\"\" width=\"300\" height=\"225\" class=\"alignnone size-medium wp-image-855\" \/><\/td>\n<td style=\"padding: 0px 15px; border-right: 1px solid #ddd;\"><img loading=\"lazy\" decoding=\"async\" src=\"https:\/\/haras-de-nantes.fr\/evenements\/wp-content\/uploads\/2025\/11\/IMG_0544-1-300x225.jpg\" alt=\"\" width=\"300\" height=\"225\" class=\"alignnone size-medium wp-image-822\" srcset=\"https:\/\/haras-de-nantes.fr\/evenements\/wp-content\/uploads\/2025\/11\/IMG_0544-1-300x225.jpg 300w, https:\/\/haras-de-nantes.fr\/evenements\/wp-content\/uploads\/2025\/11\/IMG_0544-1-1024x768.jpg 1024w, https:\/\/haras-de-nantes.fr\/evenements\/wp-content\/uploads\/2025\/11\/IMG_0544-1-768x576.jpg 768w, https:\/\/haras-de-nantes.fr\/evenements\/wp-content\/uploads\/2025\/11\/IMG_0544-1-1536x1152.jpg 1536w, https:\/\/haras-de-nantes.fr\/evenements\/wp-content\/uploads\/2025\/11\/IMG_0544-1-2048x1536.jpg 2048w\" sizes=\"(max-width: 300px) 100vw, 300px\" \/><\/td>\n<td style=\"padding-left: 15px;\"><img loading=\"lazy\" decoding=\"async\" src=\"https:\/\/haras-de-nantes.fr\/evenements\/wp-content\/uploads\/2025\/12\/IMG_0512-Copie-1-300x227.jpg\" alt=\"\" width=\"300\" height=\"227\" class=\"alignnone size-medium wp-image-858\" srcset=\"https:\/\/haras-de-nantes.fr\/evenements\/wp-content\/uploads\/2025\/12\/IMG_0512-Copie-1-300x227.jpg 300w, https:\/\/haras-de-nantes.fr\/evenements\/wp-content\/uploads\/2025\/12\/IMG_0512-Copie-1-1024x776.jpg 1024w, https:\/\/haras-de-nantes.fr\/evenements\/wp-content\/uploads\/2025\/12\/IMG_0512-Copie-1-768x582.jpg 768w, https:\/\/haras-de-nantes.fr\/evenements\/wp-content\/uploads\/2025\/12\/IMG_0512-Copie-1-1536x1164.jpg 1536w, https:\/\/haras-de-nantes.fr\/evenements\/wp-content\/uploads\/2025\/12\/IMG_0512-Copie-1-2048x1552.jpg 2048w\" sizes=\"(max-width: 300px) 100vw, 300px\" \/><\/td>\n<\/tr>\n<\/tbody>\n<\/table>\n<\/div>\n<\/li>\n<li>\n<h3>Les grands espaces<\/h3>\n<div>\n<p>Les 3 grands espaces sont communiquants et peuvent vous offrir une surface de r\u00e9ception couverte d\u2019un seul tenant de 2700 m2, ceci vous offre le moyen d\u2019envisager des r\u00e9ceptions \u00e0 la hauteur de vos ambitions. Ces 3 espaces permettent un environnement \u00ab dedans\/dehors \u00bb qui offre un lien unique avec la nature tout en vous garantissant d\u2019\u00eatre \u00e0 l\u2019abri en cas d\u2019intemp\u00e9rie.<\/p>\n<table style=\"text-align: left;\">\n<tbody>\n<tr>\n<td style=\"width: 33%; padding-right: 15px; border-right: 1px solid #ddd;\">\n<p class=\"uk-text-lead uk-text-primary\" style=\"margin: 0px; font-size: 18px;\">Le grand man\u00e8ge (1 500 m2)<\/p>\n<\/td>\n<td style=\"width: 33%; padding: 0px 15px; border-right: 1px solid #ddd;\">\n<p class=\"uk-text-lead uk-text-primary\" style=\"margin: 0px; font-size: 18px;\">Le petit man\u00e8ge (800 m2)<\/p>\n<\/td>\n<td style=\"width: 33%; padding-left: 15px;\">\n<p class=\"uk-text-lead uk-text-primary\" style=\"margin: 0px; font-size: 18px;\">La grande Nef (400 m2)<\/p>\n<\/td>\n<\/tr>\n<tr>\n<td style=\"vertical-align: top; border-right: 1px solid #ddd;\">\n<p style=\"font-weight: 100; font-size: 13px; padding right: 15px; margin: 0px;\">Un espace couvert sur une surface en sable pour concevoir une r\u00e9ception atypique. Il offre une large possibilit\u00e9 de configurations (exposition, village m\u00e9di\u00e9val, etc.).<\/p>\n<\/td>\n<td style=\"vertical-align: top; border-right: 1px solid #ddd;\">\n<p style=\"font-weight: 100; font-size: 13px; padding: 0px 15px; margin: 0px;\">A l\u2019instar du grand man\u00e8ge, le petit man\u00e8ge et sa surface en sable vous offre un espace couvert et cadre atypique.<\/p>\n<\/td>\n<td style=\"vertical-align: top;\">\n<p style=\"font-weight: 100; font-size: 13px; padding-left: 15px; margin: 0px;\">La grande Nef est un clos couvert int\u00e9gralement en bois de 400 m2 (60 m x 7 m) permettant diff\u00e9rentes installations.<\/p>\n<\/td>\n<\/tr>\n<tr>\n<td style=\"padding-right: 15px; border-right: 1px solid #ddd;\"><img decoding=\"async\" src=\"https:\/\/haras-de-nantes.fr\/evenements\/wp-content\/uploads\/2025\/10\/Manehe-scaled-e1760628385930.png\" \/><\/td>\n<td style=\"padding: 0px 15px; border-right: 1px solid #ddd;\"><img decoding=\"async\" src=\"https:\/\/haras-de-nantes.fr\/evenements\/wp-content\/uploads\/2025\/10\/DSC_0280-scaled.jpg\" \/><\/td>\n<td style=\"padding-left: 15px;\"><img decoding=\"async\" src=\"https:\/\/haras-de-nantes.fr\/evenements\/wp-content\/uploads\/2025\/10\/ChatGPT-Image-15-oct.-2025-10_49_00-e1760627730758.png\" \/><\/td>\n<\/tr>\n<\/tbody>\n<\/table>\n<\/div>\n<\/li>\n<li>\n<p>        <img decoding=\"async\" src=\"\/evenements\/wp-content\/uploads\/2025\/04\/DSC_0536-scaled.jpg\" alt=\"\"><\/p>\n<h3>Les \u00e9curies<\/h3>\n<div>Vous pouvez \u00e9galement profiter du cadre atypique qu\u2019offrent les \u00e9curies pour votre repas ou une s\u00e9ance de cr\u00e9ativit\u00e9.<\/div>\n<\/li>\n<li>\n<h3>Les salles annexes<\/h3>\n<div>\n<p>Le Haras de Nantes poss\u00e8de \u00e9galement un second espace d\u2019accueil situ\u00e9 dans La Chapelle sur Erdre.<\/p>\n<table style=\"text-align: left;\">\n<tbody>\n<tr>\n<td style=\"width: 33%; padding-left: 15px;\">\n<p class=\"uk-text-lead uk-text-primary\" style=\"margin: 0px; font-size: 18px;\">Salle Le Graal (<span>30 \u00e0 50 p<\/span>)<\/p>\n<\/td>\n<td style=\"width: 33%; padding-left: 15px;\">\n<p class=\"uk-text-lead uk-text-primary\" style=\"margin: 0px; font-size: 18px;\">Le Lounge (<span>20 \u00e0 50 p<\/span>)<\/p>\n<\/td>\n<td style=\"width: 33%; padding-left: 15px;\">\n<p class=\"uk-text-lead uk-text-primary\" style=\"margin: 0px; font-size: 18px;\">Salle Broc\u00e9liande (<span>8 \u00e0 12 p<\/span>)<\/p>\n<\/td>\n<\/tr>\n<tr>\n<td style=\"padding-right: 15px; border-right: 1px solid #ddd;\"><img decoding=\"async\" src=\"https:\/\/haras-de-nantes.fr\/evenements\/wp-content\/uploads\/2025\/06\/img-2-edcn.png\" \/><\/td>\n<td style=\"padding: 0px 15px; border-right: 1px solid #ddd;\"><img decoding=\"async\" src=\"https:\/\/haras-de-nantes.fr\/evenements\/wp-content\/uploads\/2025\/10\/DSC_5658-min-scaled.jpg\" \/><\/td>\n<td style=\"padding-left: 15px;\"><img decoding=\"async\" src=\"https:\/\/haras-de-nantes.fr\/evenements\/wp-content\/uploads\/2025\/06\/img-1-edcn.png\" \/><\/td>\n<\/tr>\n<\/tbody>\n<\/table>\n<\/div>\n<\/li>\n<\/ul>\n<ul>\n<li>\n<p>\n        <a href=\"https:\/\/forms.gle\/VZ2YXXPBWiQpeTRk6\">R\u00e9servez une salle<\/a>\n    <\/p>\n<\/li>\n<li>\n<p>\n        <a href=\"https:\/\/docs.google.com\/forms\/d\/e\/1FAIpQLSe-_CcKQqIp0tcSABIaGy99S4fl1fXaj8gb1ytc_IRA0BeKRg\/viewform?usp=dialog\">Organisez une viste<\/a>\n    <\/p>\n<\/li>\n<\/ul>\n<h1>Nos animations<\/h1>\n<div>Le Haras de Nantes offre un grand nombre d\u2019animations pour vos team building que vous pouvez r\u00e9aliser en int\u00e9rieur ou en ext\u00e9rieur avec ou sans chevaux. <br \/> Elles peuvent se combiner pour satisfaire des grands groupes et des envies diff\u00e9rentes au sein de vos \u00e9quipes.<\/div>\n<p><p>\n        <a href=\"\/evenements\/animations\/\">D\u00e9couvrez toutes nos animations<\/a>\n    <\/p>\n<\/p>\n<ul>\n<li>\n<p>        <img decoding=\"async\" src=\"\/evenements\/wp-content\/uploads\/2025\/10\/Equicoaching-4-scaled.jpg\" alt=\"\"><\/p>\n<h3>Equicoaching<\/h3>\n<p>Leadership, strat\u00e9gie manag\u00e9riale, communication : explorez ces th\u00e9matiques autrement gr\u00e2ce \u00e0 un atelier unique avec les chevaux.<\/p>\n<p><a href=\"#\">More Information<\/a><\/p>\n<\/li>\n<li>\n<p>        <img decoding=\"async\" src=\"\/evenements\/wp-content\/uploads\/2025\/08\/Image4.png\" alt=\"\"><\/p>\n<h3>La rando nature<\/h3>\n<p>Partagez une balade \u00e0 cheval sur nos sentiers bucoliques<\/p>\n<p><a href=\"#\">More Information<\/a><\/p>\n<\/li>\n<li>\n<p>        <img decoding=\"async\" src=\"\/evenements\/wp-content\/uploads\/2025\/10\/Escape-Game-2-scaled.jpg\" alt=\"\"><\/p>\n<h3>Escape Game aux \u00e9curies<\/h3>\n<p>Un cadre unique pour travailler votre esprit d&rsquo;\u00e9quipe<\/p>\n<p><a href=\"#\">More Information<\/a><\/p>\n<\/li>\n<li>\n<p>        <img decoding=\"async\" src=\"\/evenements\/wp-content\/uploads\/2025\/10\/Soigneur-dun-jour-5-scaled.jpg\" alt=\"\"><\/p>\n<h3>Soigneur d&rsquo;un jour<\/h3>\n<p>La d\u00e9couverte des \u00e9curies et des soins aux chevaux<\/p>\n<p><a href=\"#\">More Information<\/a><\/p>\n<\/li>\n<li>\n<p>        <img decoding=\"async\" src=\"\/evenements\/wp-content\/uploads\/2025\/10\/Bubble-Big-Ball-Soccer-1-scaled.png\" alt=\"\"><\/p>\n<h3>Bubble Big Ball Soccer<\/h3>\n<p>M\u00ealez sport et fous rires gr\u00e2ce aux collisions sans danger.<\/p>\n<p><a href=\"#\">More Information<\/a><\/p>\n<\/li>\n<li>\n<p>        <img decoding=\"async\" src=\"\/evenements\/wp-content\/uploads\/2025\/08\/Image2.png\" alt=\"\"><\/p>\n<h3>Votre animation sur mesure !<\/h3>\n<p>Construisons ensemble une animation qui r\u00e9pond \u00e0 tout vos besoins<\/p>\n<\/li>\n<\/ul>\n<h1>Formules Groupes &amp; S\u00e9minaires<\/h1>\n<div>\n<p>Nous vous proposons des formules cl\u00e9s en main pour les diff\u00e9rentes pause repas de vos s\u00e9minaires.<\/p>\n<p>L\u2019ensemble des tarifs indiqu\u00e9s pour les formules cocktail et buffet n\u2019incluent pas les boissons<\/p>\n<\/div>\n<ul>\n<li>\n<p>        <img decoding=\"async\" src=\"\/evenements\/wp-content\/uploads\/2025\/08\/Icon-02.svg\" alt=\"\"><\/p>\n<h3>Caf\u00e9 d\u2019accueil<\/h3>\n<p>4,5\u20ac HT \/ personne<\/p>\n<div>\n<p>Caf\u00e9, th\u00e9, chocolat et lait Jus de fruits, orange et pomme Mini-viennoiseries<\/p>\n<\/div>\n<\/li>\n<li>\n<p>        <img decoding=\"async\" src=\"\/evenements\/wp-content\/uploads\/2025\/08\/Icon-03.svg\" alt=\"\"><\/p>\n<h3>Pause permanente<\/h3>\n<p>10\u20ac HT \/ personne<\/p>\n<div>\n<p>Caf\u00e9, th\u00e9, chocolat, lait, jus de fruits (orange et pomme), boissons softs, mini-viennoiseries, p\u00e2tisseries<\/p>\n<\/div>\n<\/li>\n<li>\n<p>        <img decoding=\"async\" src=\"\/evenements\/wp-content\/uploads\/2025\/08\/Icon-04.svg\" alt=\"\"><\/p>\n<h3>Formule cocktail <br \/>Menu \u00ab\u00a0l&rsquo;Instant Cavalier\u00a0\u00bb<\/h3>\n<p>22\u20ac HT \/ personne<\/p>\n<div>\n<p>7 pi\u00e8ces sal\u00e9es &amp; 3 pi\u00e8ces sucr\u00e9es<\/p>\n<\/div>\n<\/li>\n<li>\n<p>        <img decoding=\"async\" src=\"\/evenements\/wp-content\/uploads\/2025\/08\/Icon-04.svg\" alt=\"\"><\/p>\n<h3>Formule cocktail <br \/>Menu \u00ab\u00a0Galop des Saveurs\u00a0\u00bb<\/h3>\n<p>33\u20ac HT \/ personne<\/p>\n<div>\n<p>10 pi\u00e8ces sal\u00e9es &amp; 5 pi\u00e8ces sucr\u00e9es<\/p>\n<\/div>\n<\/li>\n<li>\n<p>        <img decoding=\"async\" src=\"\/evenements\/wp-content\/uploads\/2025\/08\/Icon-05.svg\" alt=\"\"><\/p>\n<h3>Formule buffet <br \/>\u00ab\u00a0Menu Grand Prix\u00a0\u00bb<\/h3>\n<p>27\u20ac HT \/ personne<\/p>\n<div>\n<p>Entr\u00e9e, plat, dessert<\/p>\n<\/div>\n<\/li>\n<li>\n<p>        <img decoding=\"async\" src=\"\/evenements\/wp-content\/uploads\/2025\/08\/Icon-05.svg\" alt=\"\"><\/p>\n<h3>Formule buffet <br \/>\u00ab\u00a0Menu Aix-la-Chapelle\u00a0\u00bb<\/h3>\n<p>35\u20ac HT \/ personne<\/p>\n<div>\n<p>Entr\u00e9e, plat, dessert<\/p>\n<\/div>\n<\/li>\n<li>\n<p>        <img decoding=\"async\" src=\"\/evenements\/wp-content\/uploads\/2025\/08\/Icon-05.svg\" alt=\"\"><\/p>\n<h3>Formule buffet <br \/>\u00ab\u00a0Menu Wellington\u00a0\u00bb<\/h3>\n<p>45\u20ac HT \/ personne<\/p>\n<div>\n<p>Entr\u00e9e, plat, dessert<\/p>\n<\/div>\n<\/li>\n<li>\n<p>        <img decoding=\"async\" src=\"\/evenements\/wp-content\/uploads\/2025\/08\/Icon-01.svg\" alt=\"\"><\/p>\n<h3>Instant magique <br \/>\u00ab\u00a0Le repas aux \u00e9curies\u00a0\u00bb<\/h3>\n<p>Sur mesure<\/p>\n<div>\n<p>Proposez \u00e0 vos convives un moment d\u2019exception au c\u0153ur des \u00e9curies. Pour un d\u00eener ou un d\u00e9jeuner, cr\u00e9ez un souvenir qui fera de votre \u00e9v\u00e8nement un instant m\u00e9morable.<\/p>\n<\/div>\n<\/li>\n<\/ul>\n<p><p>\n        <a href=\"https:\/\/docs.google.com\/forms\/d\/e\/1FAIpQLSefLhO7_mlBXCP2eUfuxMCtkO2UYMB6BMByUyzpneRZkYqZkw\/viewform?usp=dialog\">Pr\u00e9parez votre s\u00e9minaire<\/a>\n    <\/p>\n<\/p>\n<h1>Offres d&rsquo;h\u00e9bergement<\/h1>\n<div>Vous cherchez un h\u00e9bergement \u00e0 proximit\u00e9 du Haras de Nantes ? Profitez de prix r\u00e9duit sur des chambres \u00e0 l&rsquo;h\u00f4tel ou dans notre g\u00eete \u00e9questre, disponible pour une nuit ou pour un s\u00e9jour prolong\u00e9.<\/p>\n<\/div>\n<p><p>\n        <a href=\"https:\/\/haras-de-nantes.fr\/hebergement\/hebergement.html\">D\u00e9couvrez les moyens d&rsquo;h\u00e9bergement<\/a>\n    <\/p>\n<\/p>\n<ul>\n<li>\n<p>        <img decoding=\"async\" src=\"\/evenements\/wp-content\/uploads\/2025\/12\/ibis-treilles-sd-32.jpg\" alt=\"\"><\/p>\n<\/li>\n<li>\n<p>        <img decoding=\"async\" src=\"\/evenements\/wp-content\/uploads\/2025\/12\/ibis-treilles-sd-35.jpg\" alt=\"\"><\/p>\n<\/li>\n<li>\n<p>        <img decoding=\"async\" src=\"\/evenements\/wp-content\/uploads\/2025\/12\/Maison-clean-petit.png\" alt=\"\"><\/p>\n<\/li>\n<\/ul>\n<h2>Co-cr\u00e9ons un \u00e9v\u00e8nement<\/h2>\n<div>Vous \u00eates un club, une association ou porteur de votre propre projet et vous souhaitez b\u00e9n\u00e9ficier du cadre du Haras de Nantes pour y organiser un \u00e9v\u00e8nement sportif, artistique ou d\u2019un autre genre, prenez contact avec nous. Nous aimons donner vie aux projets ambitieux alors parlons-en. <\/div>\n<p><p>\n        <a href=\"https:\/\/docs.google.com\/forms\/d\/e\/1FAIpQLSeUWQoMJ5uIkg8lMO-rxDkoFRf_1Eov7tz9o7NK0vkk2Bxj2Q\/viewform?usp=dialog\">Contactez-nous<\/a>\n    <\/p>\n<\/p>\n<p><!--more--><br \/>\n<!-- {\"type\":\"layout\",\"children\":[{\"type\":\"section\",\"props\":{\"id\":\"Espaces\",\"image_position\":\"center-center\",\"overlap\":true,\"style\":\"default\",\"title_breakpoint\":\"xl\",\"title_position\":\"top-left\",\"title_rotation\":\"left\",\"vertical_align\":\"middle\",\"width\":\"default\"},\"children\":[{\"type\":\"row\",\"children\":[{\"type\":\"column\",\"props\":{\"image_position\":\"center-center\",\"position_sticky_breakpoint\":\"m\"},\"children\":[{\"type\":\"headline\",\"props\":{\"content\":\"Des espaces pour toutes les occasions\",\"text_align\":\"center\",\"title_element\":\"h2\",\"title_style\":\"h1\"}},{\"type\":\"switcher\",\"props\":{\"content_column_breakpoint\":\"m\",\"image_align\":\"right\",\"image_grid_breakpoint\":\"m\",\"image_grid_width\":\"2-5\",\"image_svg_color\":\"emphasis\",\"link_style\":\"default\",\"link_text\":\"Read more\",\"margin\":\"default\",\"meta_align\":\"below-title\",\"meta_element\":\"div\",\"meta_style\":\"text-meta\",\"nav\":\"tab\",\"nav_align\":\"center\",\"nav_grid_breakpoint\":\"m\",\"nav_grid_width\":\"auto\",\"nav_position\":\"top\",\"show_content\":true,\"show_image\":true,\"show_label\":true,\"show_link\":true,\"show_meta\":true,\"show_thumbnail\":true,\"show_title\":false,\"switcher_animation\":\"fade\",\"switcher_height\":true,\"thumbnav_height\":\"75\",\"thumbnav_svg_color\":\"emphasis\",\"thumbnav_width\":\"100\",\"title_align\":\"top\",\"title_element\":\"h3\",\"title_grid_breakpoint\":\"m\",\"title_grid_width\":\"1-2\",\"title_style\":\"h3\"},\"children\":[{\"type\":\"switcher_item\",\"props\":{\"content\":\"\n\n<p>Toutes nos salles sont \\u00e9quip\\u00e9es d\\u2019\\u00e9cran de projection, de paperboard et d\\u2019une connexion wifi. Leur agencement sera r\\u00e9alis\\u00e9 avant votre arriv\\u00e9e selon vos souhaits (en U, en th\\u00e9\\u00e2tre, en cercle et en carr\\u00e9).<\\\/p>\\n\n\n<table style=\\\"text-align: left;\\\">\\n\n\n<tbody>\\n\n\n<tr>\\n\n\n<td style=\\\"width: 33%;\\\">\\n\n\n<p class=\\\"uk-text-lead uk-text-primary\\\" style=\\\"margin: 0px; font-size: 18px;\\\">Salle Guazil <span>(30 \\u00e0 120 p)<\\\/span><\\\/p>\\n<\\\/td>\\n\n\n<td style=\\\"width: 33%; padding-left: 15px;\\\">\\n\n\n<p class=\\\"uk-text-lead uk-text-primary\\\" style=\\\"margin: 0px; font-size: 18px;\\\">Salle Flocon <span>(20 \\u00e0 60 p)<\\\/span><\\\/p>\\n<\\\/td>\\n\n\n<td style=\\\"width: 33%; padding-left: 15px;\\\">\\n\n\n<p class=\\\"uk-text-lead uk-text-primary\\\" style=\\\"margin: 0px; font-size: 18px;\\\">Salle Nadir <span>(10 \\u00e0 20 p)<\\\/span><\\\/p>\\n<\\\/td>\\n<\\\/tr>\\n\n\n<tr>\\n\n\n<td style=\\\"padding-right: 15px; border-right: 1px solid #ddd;\\\"><img src=\\\"https:\\\/\\\/haras-de-nantes.fr\\\/evenements\\\/wp-content\\\/uploads\\\/2026\\\/01\\\/IMG_4571-1-scaled.jpg\\\" alt=\\\"\\\" width=\\\"300\\\" height=\\\"225\\\" class=\\\"alignnone size-medium wp-image-855\\\" \\\/><\\\/td>\\n\n\n<td style=\\\"padding: 0px 15px; border-right: 1px solid #ddd;\\\"><img src=\\\"https:\\\/\\\/haras-de-nantes.fr\\\/evenements\\\/wp-content\\\/uploads\\\/2025\\\/11\\\/IMG_0544-1-300x225.jpg\\\" alt=\\\"\\\" width=\\\"300\\\" height=\\\"225\\\" class=\\\"alignnone size-medium wp-image-822\\\" \\\/><\\\/td>\\n\n\n<td style=\\\"padding-left: 15px;\\\"><img src=\\\"https:\\\/\\\/haras-de-nantes.fr\\\/evenements\\\/wp-content\\\/uploads\\\/2025\\\/12\\\/IMG_0512-Copie-1-300x227.jpg\\\" alt=\\\"\\\" width=\\\"300\\\" height=\\\"227\\\" class=\\\"alignnone size-medium wp-image-858\\\" \\\/><\\\/td>\\n<\\\/tr>\\n<\\\/tbody>\\n<\\\/table>\",\"title\":\"Les salles du haras\"}},{\"type\":\"switcher_item\",\"props\":{\"content\":\"\n\n<p>Les 3 grands espaces sont communiquants et peuvent vous offrir une surface de r\\u00e9ception couverte d\\u2019un seul tenant de 2700 m2, ceci vous offre le moyen d\\u2019envisager des r\\u00e9ceptions \\u00e0 la hauteur de vos ambitions. Ces 3 espaces permettent un environnement \\u00ab dedans\\\/dehors \\u00bb qui offre un lien unique avec la nature tout en vous garantissant d\\u2019\\u00eatre \\u00e0 l\\u2019abri en cas d\\u2019intemp\\u00e9rie.<br \\\/><br \\\/><\\\/p>\\n\n\n<table style=\\\"text-align: left;\\\">\\n\n\n<tbody>\\n\n\n<tr>\\n\n\n<td style=\\\"width: 33%; padding-right: 15px; border-right: 1px solid #ddd;\\\">\\n\n\n<p class=\\\"uk-text-lead uk-text-primary\\\" style=\\\"margin: 0px; font-size: 18px;\\\">Le grand man\\u00e8ge (1 500 m2)<\\\/p>\\n<\\\/td>\\n\n\n<td style=\\\"width: 33%; padding: 0px 15px; border-right: 1px solid #ddd;\\\">\\n\n\n<p class=\\\"uk-text-lead uk-text-primary\\\" style=\\\"margin: 0px; font-size: 18px;\\\">Le petit man\\u00e8ge (800 m2)<\\\/p>\\n<\\\/td>\\n\n\n<td style=\\\"width: 33%; padding-left: 15px;\\\">\\n\n\n<p class=\\\"uk-text-lead uk-text-primary\\\" style=\\\"margin: 0px; font-size: 18px;\\\">La grande Nef (400 m2)<\\\/p>\\n<\\\/td>\\n<\\\/tr>\\n\n\n<tr>\\n\n\n<td style=\\\"vertical-align: top; border-right: 1px solid #ddd;\\\">\\n\n\n<p style=\\\"font-weight: 100; font-size: 13px; padding right: 15px; margin: 0px;\\\">Un espace couvert sur une surface en sable pour concevoir une r\\u00e9ception atypique. Il offre une large possibilit\\u00e9 de configurations (exposition, village m\\u00e9di\\u00e9val, etc.).<\\\/p>\\n<\\\/td>\\n\n\n<td style=\\\"vertical-align: top; border-right: 1px solid #ddd;\\\">\\n\n\n<p style=\\\"font-weight: 100; font-size: 13px; padding: 0px 15px; margin: 0px;\\\">A l\\u2019instar du grand man\\u00e8ge, le petit man\\u00e8ge et sa surface en sable vous offre un espace couvert et cadre atypique.<\\\/p>\\n<\\\/td>\\n\n\n<td style=\\\"vertical-align: top;\\\">\\n\n\n<p style=\\\"font-weight: 100; font-size: 13px; padding-left: 15px; margin: 0px;\\\">La grande Nef est un clos couvert int\\u00e9gralement en bois de 400 m2 (60 m x 7 m) permettant diff\\u00e9rentes installations.<\\\/p>\\n<\\\/td>\\n<\\\/tr>\\n\n\n<tr>\\n\n\n<td style=\\\"padding-right: 15px; border-right: 1px solid #ddd;\\\"><img src=\\\"https:\\\/\\\/haras-de-nantes.fr\\\/evenements\\\/wp-content\\\/uploads\\\/2025\\\/10\\\/Manehe-scaled-e1760628385930.png\\\" \\\/><\\\/td>\\n\n\n<td style=\\\"padding: 0px 15px; border-right: 1px solid #ddd;\\\"><img src=\\\"https:\\\/\\\/haras-de-nantes.fr\\\/evenements\\\/wp-content\\\/uploads\\\/2025\\\/10\\\/DSC_0280-scaled.jpg\\\" \\\/><\\\/td>\\n\n\n<td style=\\\"padding-left: 15px;\\\"><img src=\\\"https:\\\/\\\/haras-de-nantes.fr\\\/evenements\\\/wp-content\\\/uploads\\\/2025\\\/10\\\/ChatGPT-Image-15-oct.-2025-10_49_00-e1760627730758.png\\\" \\\/><\\\/td>\\n<\\\/tr>\\n<\\\/tbody>\\n<\\\/table>\",\"title\":\"Les grands espaces\"}},{\"type\":\"switcher_item\",\"props\":{\"content\":\"Vous pouvez \\u00e9galement profiter du cadre atypique qu\\u2019offrent les \\u00e9curies pour votre repas ou une s\\u00e9ance de cr\\u00e9ativit\\u00e9.\",\"image\":\"wp-content\\\/uploads\\\/2025\\\/04\\\/DSC_0536-scaled.jpg\",\"title\":\"Les \\u00e9curies\"}},{\"type\":\"switcher_item\",\"props\":{\"content\":\"\n\n<p>Le Haras de Nantes poss\\u00e8de \\u00e9galement un second espace d\\u2019accueil situ\\u00e9 dans La Chapelle sur Erdre.<\\\/p>\\n\n\n<table style=\\\"text-align: left;\\\">\\n\n\n<tbody>\\n\n\n<tr>\\n\n\n<td style=\\\"width: 33%; padding-left: 15px;\\\">\\n\n\n<p class=\\\"uk-text-lead uk-text-primary\\\" style=\\\"margin: 0px; font-size: 18px;\\\">Salle Le Graal (<span>30 \\u00e0 50 p<\\\/span>)<\\\/p>\\n<\\\/td>\\n\n\n<td style=\\\"width: 33%; padding-left: 15px;\\\">\\n\n\n<p class=\\\"uk-text-lead uk-text-primary\\\" style=\\\"margin: 0px; font-size: 18px;\\\">Le Lounge (<span>20 \\u00e0 50 p<\\\/span>)<\\\/p>\\n<\\\/td>\\n\n\n<td style=\\\"width: 33%; padding-left: 15px;\\\">\\n\n\n<p class=\\\"uk-text-lead uk-text-primary\\\" style=\\\"margin: 0px; font-size: 18px;\\\">Salle Broc\\u00e9liande (<span>8 \\u00e0 12 p<\\\/span>)<\\\/p>\\n<\\\/td>\\n<\\\/tr>\\n\n\n<tr>\\n\n\n<td style=\\\"padding-right: 15px; border-right: 1px solid #ddd;\\\"><img src=\\\"https:\\\/\\\/haras-de-nantes.fr\\\/evenements\\\/wp-content\\\/uploads\\\/2025\\\/06\\\/img-2-edcn.png\\\" \\\/><\\\/td>\\n\n\n<td style=\\\"padding: 0px 15px; border-right: 1px solid #ddd;\\\"><img src=\\\"https:\\\/\\\/haras-de-nantes.fr\\\/evenements\\\/wp-content\\\/uploads\\\/2025\\\/10\\\/DSC_5658-min-scaled.jpg\\\" \\\/><\\\/td>\\n\n\n<td style=\\\"padding-left: 15px;\\\"><img src=\\\"https:\\\/\\\/haras-de-nantes.fr\\\/evenements\\\/wp-content\\\/uploads\\\/2025\\\/06\\\/img-1-edcn.png\\\" \\\/><\\\/td>\\n<\\\/tr>\\n<\\\/tbody>\\n<\\\/table>\",\"title\":\"Les salles annexes\"}}]},{\"type\":\"button\",\"props\":{\"button_size\":\"large\",\"grid_column_gap\":\"\",\"grid_row_gap\":\"small\",\"margin\":\"large\",\"text_align\":\"center\",\"text_align_breakpoint\":\"m\",\"text_align_fallback\":\"center\"},\"children\":[{\"type\":\"button_item\",\"props\":{\"button_style\":\"primary\",\"content\":\"R\\u00e9servez une salle\",\"dialog_layout\":\"modal\",\"dialog_offcanvas_flip\":true,\"icon\":\"home\",\"icon_align\":\"left\",\"link\":\"https:\\\/\\\/forms.gle\\\/VZ2YXXPBWiQpeTRk6\",\"link_target\":\"blank\"}},{\"type\":\"button_item\",\"props\":{\"button_style\":\"secondary\",\"content\":\"Organisez une viste\",\"dialog_layout\":\"modal\",\"dialog_offcanvas_flip\":true,\"icon\":\"location\",\"icon_align\":\"left\",\"link\":\"https:\\\/\\\/docs.google.com\\\/forms\\\/d\\\/e\\\/1FAIpQLSe-_CcKQqIp0tcSABIaGy99S4fl1fXaj8gb1ytc_IRA0BeKRg\\\/viewform?usp=dialog\",\"link_target\":\"blank\"}}]}]}]}]},{\"type\":\"section\",\"props\":{\"id\":\"Animations\",\"image_position\":\"center-center\",\"overlap\":true,\"padding\":\"large\",\"style\":\"muted\",\"title_breakpoint\":\"xl\",\"title_position\":\"top-left\",\"title_rotation\":\"left\",\"vertical_align\":\"middle\",\"width\":\"default\"},\"children\":[{\"type\":\"row\",\"children\":[{\"type\":\"column\",\"props\":{\"image_position\":\"center-center\",\"position_sticky_breakpoint\":\"m\",\"width_medium\":\"1-2\"},\"children\":[{\"type\":\"headline\",\"props\":{\"content\":\"Nos animations\",\"title_color\":\"primary\",\"title_element\":\"h1\",\"title_style\":\"heading-small\"}},{\"type\":\"text\",\"props\":{\"column_breakpoint\":\"m\",\"content\":\"Le Haras de Nantes offre un grand nombre d\\u2019animations pour vos team building que vous pouvez r\\u00e9aliser en int\\u00e9rieur ou en ext\\u00e9rieur avec ou sans chevaux. <br \/> Elles peuvent se combiner pour satisfaire des grands groupes et des envies diff\\u00e9rentes au sein de vos \\u00e9quipes.\",\"margin\":\"large\",\"margin_remove_top\":true,\"text_style\":\"lead\"}},{\"type\":\"button\",\"props\":{\"button_size\":\"large\",\"grid_column_gap\":\"small\",\"grid_row_gap\":\"small\",\"margin\":\"default\"},\"children\":[{\"type\":\"button_item\",\"props\":{\"button_style\":\"primary\",\"content\":\"D\\u00e9couvrez toutes nos animations\",\"dialog_layout\":\"modal\",\"dialog_offcanvas_flip\":true,\"icon_align\":\"left\",\"link\":\"animations\\\/\"}}]}]},{\"type\":\"column\",\"props\":{\"image_position\":\"center-center\",\"position_sticky_breakpoint\":\"m\",\"width_medium\":\"1-2\"},\"children\":[{\"name\":\"Slideshow Overlay Title Secondary Bottom Right\",\"type\":\"slideshow\",\"children\":[{\"type\":\"slideshow_item\",\"props\":{\"image\":\"wp-content\\\/uploads\\\/2025\\\/10\\\/Equicoaching-4-scaled.jpg\",\"link\":\"#\",\"link_text\":\"More Information\",\"meta\":\"Leadership, strat\\u00e9gie manag\\u00e9riale, communication : explorez ces th\\u00e9matiques autrement gr\\u00e2ce \\u00e0 un atelier unique avec les chevaux.\",\"title\":\"Equicoaching\"}},{\"type\":\"slideshow_item\",\"props\":{\"image\":\"wp-content\\\/uploads\\\/2025\\\/08\\\/Image4.png\",\"link\":\"#\",\"link_text\":\"More Information\",\"meta\":\"Partagez une balade \\u00e0 cheval sur nos sentiers bucoliques\",\"title\":\"La rando nature\"}},{\"type\":\"slideshow_item\",\"props\":{\"image\":\"wp-content\\\/uploads\\\/2025\\\/10\\\/Escape-Game-2-scaled.jpg\",\"link\":\"#\",\"link_text\":\"More Information\",\"meta\":\"Un cadre unique pour travailler votre esprit d'\\u00e9quipe\",\"thumbnail\":\"wp-content\\\/uploads\\\/2025\\\/08\\\/escape-game2.png\",\"title\":\"Escape Game aux \\u00e9curies\"}},{\"type\":\"slideshow_item\",\"props\":{\"image\":\"wp-content\\\/uploads\\\/2025\\\/10\\\/Soigneur-dun-jour-5-scaled.jpg\",\"link\":\"#\",\"link_text\":\"More Information\",\"meta\":\"La d\\u00e9couverte des \\u00e9curies et des soins aux chevaux\",\"title\":\"Soigneur d'un jour\"}},{\"type\":\"slideshow_item\",\"props\":{\"content\":\"\",\"image\":\"wp-content\\\/uploads\\\/2025\\\/10\\\/Bubble-Big-Ball-Soccer-1-scaled.png\",\"link\":\"#\",\"link_text\":\"More Information\",\"meta\":\"M\\u00ealez sport et fous rires gr\\u00e2ce aux collisions sans danger.\",\"title\":\"Bubble Big Ball Soccer\"}},{\"type\":\"slideshow_item\",\"props\":{\"image\":\"wp-content\\\/uploads\\\/2025\\\/08\\\/Image2.png\",\"meta\":\"Construisons ensemble une animation qui r\\u00e9pond \\u00e0 tout vos besoins\",\"title\":\"Votre animation sur mesure !\"}}],\"props\":{\"content_expand\":false,\"height_expand\":true,\"image_width\":\"1600\",\"link_style\":\"text\",\"link_target\":false,\"link_text\":\"Read more\",\"margin\":\"default\",\"margin_remove_top\":false,\"meta_align\":\"below-title\",\"meta_element\":\"div\",\"meta_margin\":\"remove\",\"meta_style\":\"text-meta\",\"nav\":\"dotnav\",\"nav_align\":\"center\",\"nav_below\":true,\"nav_breakpoint\":\"\",\"nav_position\":\"top-left\",\"nav_position_margin\":\"medium\",\"overlay_animation\":\"fade\",\"overlay_margin\":\"none\",\"overlay_position\":\"bottom-center\",\"overlay_style\":\"overlay-primary\",\"overlay_width\":\"xlarge\",\"show_content\":false,\"show_link\":false,\"show_meta\":true,\"show_thumbnail\":true,\"show_title\":true,\"slidenav\":\"outside\",\"slidenav_breakpoint\":\"m\",\"slidenav_hover\":false,\"slidenav_large\":false,\"slidenav_margin\":\"\",\"slidenav_outside_breakpoint\":\"xl\",\"slideshow_autoplay\":true,\"slideshow_autoplay_pause\":false,\"slideshow_kenburns\":\"center-center\",\"slideshow_min_height\":\"600\",\"slideshow_parallax\":false,\"thumbnav_height\":\"75\",\"thumbnav_svg_color\":\"emphasis\",\"thumbnav_width\":\"100\",\"title_element\":\"h3\",\"title_hover_style\":\"reset\",\"title_margin\":\"small\",\"title_style\":\"h2\"}}]}],\"props\":{\"id\":\"Animations\",\"layout\":\"1-2,1-2\"}}]},{\"name\":\"About us\",\"type\":\"section\",\"props\":{\"animation\":\"fade\",\"id\":\"Coaching\",\"image_position\":\"center-center\",\"image_size\":\"cover\",\"overlap\":true,\"padding\":\"large\",\"padding_remove_top\":false,\"status\":\"disabled\",\"style\":\"default\",\"title_breakpoint\":\"xl\",\"title_position\":\"top-left\",\"title_rotation\":\"left\",\"vertical_align\":\"\",\"width\":\"small\"},\"children\":[{\"type\":\"row\",\"props\":{\"margin\":\"xlarge\",\"margin_remove_bottom\":true,\"width\":\"small\"},\"children\":[{\"type\":\"column\",\"props\":{\"image_position\":\"center-center\",\"position_sticky_breakpoint\":\"m\",\"width_medium\":\"1-1\"},\"children\":[{\"type\":\"headline\",\"props\":{\"content\":\"Coaching et consultant\",\"text_align\":\"center\",\"title_element\":\"h1\"}},{\"type\":\"text\",\"props\":{\"column_breakpoint\":\"m\",\"content\":\"Leur r\\u00f4le sera important pour fluidifier vos \\u00e9changes et faire que ces derniers soient le plus efficients possibles durant vos s\\u00e9minaires, les coachs et consultants qui travaillent avec nous ont une forte exp\\u00e9rience en ma\\u00efeutique et dynamique de groupe.  \\n\",\"margin\":\"default\",\"margin_remove_bottom\":true,\"text_align\":\"center\"}},{\"type\":\"headline\",\"props\":{\"content\":\"Notre dream team\",\"margin_remove_bottom\":true,\"margin_remove_top\":false,\"text_align\":\"center\",\"title_element\":\"h2\",\"title_style\":\"h5\"}},{\"type\":\"divider\",\"props\":{\"block_align\":\"center\",\"divider_element\":\"div\",\"divider_style\":\"icon\",\"maxwidth\":\"medium\"}}]}]},{\"type\":\"row\",\"props\":{\"column_gap\":\"small\",\"divider\":false,\"layout\":\"1-5,1-5,3-5|1-2,1-2,1-1\",\"margin\":\"medium\"},\"children\":[{\"type\":\"column\",\"props\":{\"image_position\":\"center-center\",\"position_sticky_breakpoint\":\"m\",\"width_medium\":\"1-5\",\"width_small\":\"1-2\"},\"children\":[{\"type\":\"image\",\"props\":{\"image\":\"wp-content\\\/uploads\\\/2025\\\/04\\\/Sans-titre-2023-02-28T150954.841.png\",\"image_border\":\"circle\",\"image_height\":\"140\",\"image_svg_color\":\"emphasis\",\"image_width\":\"140\",\"margin\":\"default\",\"text_align\":\"center\"}}]},{\"type\":\"column\",\"props\":{\"image_position\":\"center-center\",\"position_sticky_breakpoint\":\"m\",\"width_medium\":\"1-5\",\"width_small\":\"1-2\"},\"children\":[{\"type\":\"headline\",\"props\":{\"content\":\"J\\u00e9r\\u00f4me\",\"margin\":\"small\",\"text_align\":\"left\",\"text_align_breakpoint\":\"m\",\"text_align_fallback\":\"center\",\"title_element\":\"h3\",\"title_style\":\"h2\"}},{\"type\":\"text\",\"props\":{\"column_breakpoint\":\"m\",\"content\":\"\\u00ab\\u00a0Le visionnaire strat\\u00e9gique\\u00a0\\u00bb\\n\",\"margin\":\"remove-vertical\",\"text_align\":\"left\",\"text_align_breakpoint\":\"m\",\"text_align_fallback\":\"center\",\"text_style\":\"meta\"}},{\"type\":\"social\",\"props\":{\"grid\":\"horizontal\",\"grid_column_gap\":\"small\",\"grid_row_gap\":\"small\",\"image_svg_inline\":true,\"link_style\":\"muted\",\"margin\":\"default\",\"text_align\":\"left\",\"text_align_breakpoint\":\"m\",\"text_align_fallback\":\"center\"},\"children\":[{\"type\":\"social_item\",\"props\":{\"icon\":\"linkedin\",\"link\":\"https:\\\/\\\/www.youtube.com\\\/channel\\\/UCScfGdEgRCOh9YJdpGu82eQ\",\"link_aria_label\":\"LinkedIn\"}}]}]},{\"type\":\"column\",\"props\":{\"image_position\":\"center-center\",\"position_sticky_breakpoint\":\"m\",\"width_medium\":\"3-5\",\"width_small\":\"1-1\"},\"children\":[{\"type\":\"text\",\"props\":{\"column_breakpoint\":\"m\",\"content\":\" il guide les \\u00e9quipes \\u00e0 structurer leurs ambitions et d\\u00e9passer les obstacles avec des outils concrets et une approche orient\\u00e9e r\\u00e9sultats. Fort de son exp\\u00e9rience d\\u2019entrepreneur, il sait concilier innovation, pragmatisme et efficacit\\u00e9 business.\",\"margin\":\"default\"}}]}]},{\"type\":\"row\",\"props\":{\"column_gap\":\"small\",\"divider\":false,\"layout\":\"1-5,1-5,3-5|1-2,1-2,1-1\",\"margin\":\"medium\"},\"children\":[{\"type\":\"column\",\"props\":{\"image_position\":\"center-center\",\"position_sticky_breakpoint\":\"m\",\"width_medium\":\"1-5\",\"width_small\":\"1-2\"},\"children\":[{\"type\":\"image\",\"props\":{\"image\":\"wp-content\\\/uploads\\\/2025\\\/04\\\/Beatrix-scaled.png\",\"image_border\":\"circle\",\"image_height\":\"140\",\"image_svg_color\":\"emphasis\",\"image_width\":\"140\",\"margin\":\"default\",\"text_align\":\"center\"}}]},{\"type\":\"column\",\"props\":{\"image_position\":\"center-center\",\"position_sticky_breakpoint\":\"m\",\"width_medium\":\"1-5\",\"width_small\":\"1-2\"},\"children\":[{\"type\":\"headline\",\"props\":{\"content\":\"Julie\",\"margin\":\"small\",\"text_align\":\"left\",\"text_align_breakpoint\":\"m\",\"text_align_fallback\":\"center\",\"title_element\":\"h3\",\"title_style\":\"h2\"}},{\"type\":\"text\",\"props\":{\"column_breakpoint\":\"m\",\"content\":\"La dynamiseuse collaborative\\n\",\"margin\":\"remove-vertical\",\"text_align\":\"left\",\"text_align_breakpoint\":\"m\",\"text_align_fallback\":\"center\",\"text_style\":\"meta\"}},{\"type\":\"social\",\"props\":{\"grid\":\"horizontal\",\"grid_column_gap\":\"small\",\"grid_row_gap\":\"small\",\"image_svg_inline\":true,\"link_style\":\"muted\",\"margin\":\"default\",\"text_align\":\"left\",\"text_align_breakpoint\":\"m\",\"text_align_fallback\":\"center\"},\"children\":[{\"type\":\"social_item\",\"props\":{\"icon\":\"linkedin\",\"link\":\"https:\\\/\\\/www.youtube.com\\\/channel\\\/UCScfGdEgRCOh9YJdpGu82eQ\",\"link_aria_label\":\"LinkedIn\"}}]}]},{\"type\":\"column\",\"props\":{\"image_position\":\"center-center\",\"position_sticky_breakpoint\":\"m\",\"width_medium\":\"3-5\",\"width_small\":\"1-1\"},\"children\":[{\"type\":\"text\",\"props\":{\"column_breakpoint\":\"m\",\"content\":\" elle con\\u00e7oit des environnements d\\u2019\\u00e9change vivants o\\u00f9 chacun trouve sa place. Gr\\u00e2ce \\u00e0 des activit\\u00e9s interactives et \\u00e0 son expertise en communication et m\\u00e9thode DISC, elle renforce la confiance, fluidifie les relations et stimule l\\u2019intelligence collective.\",\"margin\":\"default\"}}]}]},{\"type\":\"row\",\"props\":{\"column_gap\":\"small\",\"divider\":false,\"layout\":\"1-5,1-5,3-5|1-2,1-2,1-1\",\"margin\":\"medium\"},\"children\":[{\"type\":\"column\",\"props\":{\"image_position\":\"center-center\",\"position_sticky_breakpoint\":\"m\",\"width_medium\":\"1-5\",\"width_small\":\"1-2\"},\"children\":[{\"type\":\"image\",\"props\":{\"image\":\"wp-content\\\/uploads\\\/2025\\\/04\\\/PXL_20241212_150244774.jpg\",\"image_border\":\"circle\",\"image_height\":\"140\",\"image_svg_color\":\"emphasis\",\"image_width\":\"140\",\"margin\":\"default\",\"text_align\":\"center\"}}]},{\"type\":\"column\",\"props\":{\"image_position\":\"center-center\",\"position_sticky_breakpoint\":\"m\",\"width_medium\":\"1-5\",\"width_small\":\"1-2\"},\"children\":[{\"type\":\"headline\",\"props\":{\"content\":\"Antoine\",\"margin\":\"small\",\"text_align\":\"left\",\"text_align_breakpoint\":\"m\",\"text_align_fallback\":\"center\",\"title_element\":\"h3\",\"title_style\":\"h2\"}},{\"type\":\"text\",\"props\":{\"column_breakpoint\":\"m\",\"content\":\"Le catalyseur de performance\\n\",\"margin\":\"remove-vertical\",\"text_align\":\"left\",\"text_align_breakpoint\":\"m\",\"text_align_fallback\":\"center\",\"text_style\":\"meta\"}},{\"type\":\"social\",\"props\":{\"grid\":\"horizontal\",\"grid_column_gap\":\"small\",\"grid_row_gap\":\"small\",\"image_svg_inline\":true,\"link_style\":\"muted\",\"margin\":\"default\",\"text_align\":\"left\",\"text_align_breakpoint\":\"m\",\"text_align_fallback\":\"center\"},\"children\":[{\"type\":\"social_item\",\"props\":{\"icon\":\"linkedin\",\"link\":\"https:\\\/\\\/www.youtube.com\\\/channel\\\/UCScfGdEgRCOh9YJdpGu82eQ\",\"link_aria_label\":\"LinkedIn\"}}]}]},{\"type\":\"column\",\"props\":{\"image_position\":\"center-center\",\"position_sticky_breakpoint\":\"m\",\"width_medium\":\"3-5\",\"width_small\":\"1-1\"},\"children\":[{\"type\":\"text\",\"props\":{\"column_breakpoint\":\"m\",\"content\":\"Il r\\u00e9v\\u00e8le le potentiel individuel et collectif gr\\u00e2ce \\u00e0 des techniques de coaching cibl\\u00e9es. Ses interventions renforcent les comp\\u00e9tences cl\\u00e9s comme la prise de d\\u00e9cision, la r\\u00e9silience et la gestion du temps, tout en stimulant motivation et efficacit\\u00e9 durable.\",\"margin\":\"default\"}}]}]},{\"type\":\"row\",\"props\":{\"column_gap\":\"small\",\"divider\":false,\"layout\":\"1-5,1-5,3-5|1-2,1-2,1-1\",\"margin\":\"medium\"},\"children\":[{\"type\":\"column\",\"props\":{\"image_position\":\"center-center\",\"position_sticky_breakpoint\":\"m\",\"width_medium\":\"1-5\",\"width_small\":\"1-2\"},\"children\":[{\"type\":\"image\",\"props\":{\"image\":\"wp-content\\\/uploads\\\/2025\\\/04\\\/DSC_04942-scaled.jpg\",\"image_border\":\"circle\",\"image_height\":\"140\",\"image_svg_color\":\"emphasis\",\"image_width\":\"140\",\"margin\":\"default\",\"text_align\":\"center\"}}]},{\"type\":\"column\",\"props\":{\"image_position\":\"center-center\",\"position_sticky_breakpoint\":\"m\",\"width_medium\":\"1-5\",\"width_small\":\"1-2\"},\"children\":[{\"type\":\"headline\",\"props\":{\"content\":\"Erwan\",\"margin\":\"small\",\"text_align\":\"left\",\"text_align_breakpoint\":\"m\",\"text_align_fallback\":\"center\",\"title_element\":\"h3\",\"title_style\":\"h2\"}},{\"type\":\"text\",\"props\":{\"column_breakpoint\":\"m\",\"content\":\"Le facilitateur du changement\",\"margin\":\"remove-vertical\",\"text_align\":\"left\",\"text_align_breakpoint\":\"m\",\"text_align_fallback\":\"center\",\"text_style\":\"meta\"}},{\"type\":\"social\",\"props\":{\"grid\":\"horizontal\",\"grid_column_gap\":\"small\",\"grid_row_gap\":\"small\",\"image_svg_inline\":true,\"link_style\":\"muted\",\"margin\":\"default\",\"text_align\":\"left\",\"text_align_breakpoint\":\"m\",\"text_align_fallback\":\"center\"},\"children\":[{\"type\":\"social_item\",\"props\":{\"icon\":\"linkedin\",\"link\":\"https:\\\/\\\/www.youtube.com\\\/channel\\\/UCScfGdEgRCOh9YJdpGu82eQ\",\"link_aria_label\":\"LinkedIn\"}}]}]},{\"type\":\"column\",\"props\":{\"image_position\":\"center-center\",\"position_sticky_breakpoint\":\"m\",\"width_medium\":\"3-5\",\"width_small\":\"1-1\"},\"children\":[{\"type\":\"text\",\"props\":{\"column_breakpoint\":\"m\",\"content\":\"Il accompagne les entreprises dans leurs phases de transition avec une approche profond\\u00e9ment humaine. Gr\\u00e2ce \\u00e0 son expertise en gestion du stress et des \\u00e9motions, il aide les \\u00e9quipes \\u00e0 adopter de nouvelles pratiques et \\u00e0 faire du changement une opportunit\\u00e9 plut\\u00f4t qu\\u2019un obstacle.\",\"margin\":\"default\"}}]}]},{\"type\":\"row\",\"props\":{\"column_gap\":\"small\",\"divider\":false,\"layout\":\"1-5,1-5,3-5|1-2,1-2,1-1\",\"margin\":\"medium\"},\"children\":[{\"type\":\"column\",\"props\":{\"image_position\":\"center-center\",\"position_sticky_breakpoint\":\"m\",\"width_medium\":\"1-5\",\"width_small\":\"1-2\"},\"children\":[{\"type\":\"image\",\"props\":{\"image\":\"wp-content\\\/uploads\\\/2025\\\/04\\\/nora-91f53567.webp\",\"image_border\":\"circle\",\"image_height\":\"140\",\"image_svg_color\":\"emphasis\",\"image_width\":\"140\",\"margin\":\"default\",\"text_align\":\"center\"}}]},{\"type\":\"column\",\"props\":{\"image_position\":\"center-center\",\"position_sticky_breakpoint\":\"m\",\"width_medium\":\"1-5\",\"width_small\":\"1-2\"},\"children\":[{\"type\":\"headline\",\"props\":{\"content\":\"Claire\",\"margin\":\"small\",\"text_align\":\"left\",\"text_align_breakpoint\":\"m\",\"text_align_fallback\":\"center\",\"title_element\":\"h3\",\"title_style\":\"h2\"}},{\"type\":\"text\",\"props\":{\"column_breakpoint\":\"m\",\"content\":\"La cr\\u00e9atrice d'alignement\\n\",\"margin\":\"remove-vertical\",\"text_align\":\"left\",\"text_align_breakpoint\":\"m\",\"text_align_fallback\":\"center\",\"text_style\":\"meta\"}},{\"type\":\"social\",\"props\":{\"grid\":\"horizontal\",\"grid_column_gap\":\"small\",\"grid_row_gap\":\"small\",\"image_svg_inline\":true,\"link_style\":\"muted\",\"margin\":\"default\",\"text_align\":\"left\",\"text_align_breakpoint\":\"m\",\"text_align_fallback\":\"center\"},\"children\":[{\"type\":\"social_item\",\"props\":{\"icon\":\"linkedin\",\"link\":\"https:\\\/\\\/www.youtube.com\\\/channel\\\/UCScfGdEgRCOh9YJdpGu82eQ\",\"link_aria_label\":\"LinkedIn\"}}]}]},{\"type\":\"column\",\"props\":{\"image_position\":\"center-center\",\"position_sticky_breakpoint\":\"m\",\"width_medium\":\"3-5\",\"width_small\":\"1-1\"},\"children\":[{\"type\":\"text\",\"props\":{\"column_breakpoint\":\"m\",\"content\":\"Elle anime des ateliers qui favorisent la vision partag\\u00e9e et la coh\\u00e9sion des \\u00e9quipes. \\u00c0 travers des m\\u00e9thodes collaboratives et une \\u00e9coute active, elle aide \\u00e0 clarifier les objectifs communs et \\u00e0 renforcer l\\u2019engagement autour d\\u2019une mission collective.\",\"margin\":\"default\"}}]}]}]},{\"type\":\"section\",\"props\":{\"height\":\"pixels\",\"height_viewport\":500,\"image\":\"wp-content\\\/uploads\\\/2026\\\/02\\\/PXL_20260202_152341427.PORTRAIT-v2-scaled.jpg\",\"image_position\":\"center-left\",\"image_size\":\"cover\",\"media_focal_point\":\"bottom-center\",\"overlap\":true,\"preserve_color\":false,\"style\":\"default\",\"title_breakpoint\":\"xl\",\"title_position\":\"top-left\",\"title_rotation\":\"left\",\"vertical_align\":\"middle\",\"width\":\"default\"},\"children\":[{\"type\":\"row\",\"children\":[{\"type\":\"column\",\"props\":{\"image_position\":\"center-center\",\"position_sticky_breakpoint\":\"m\"}}]}]},{\"type\":\"section\",\"props\":{\"id\":\"Formules\",\"image_position\":\"center-center\",\"overlap\":true,\"style\":\"default\",\"title_breakpoint\":\"xl\",\"title_position\":\"top-left\",\"title_rotation\":\"left\",\"vertical_align\":\"middle\",\"width\":\"default\"},\"children\":[{\"type\":\"row\",\"children\":[{\"type\":\"column\",\"props\":{\"image_position\":\"center-center\",\"position_sticky_breakpoint\":\"m\"},\"children\":[{\"type\":\"headline\",\"props\":{\"content\":\"Formules Groupes &amp; S\\u00e9minaires\",\"title_element\":\"h1\"}},{\"type\":\"text\",\"props\":{\"column_breakpoint\":\"m\",\"content\":\"\n\n<p>Nous vous proposons des formules cl\\u00e9s en main pour les diff\\u00e9rentes pause repas de vos s\\u00e9minaires.<\\\/p>\\n\n\n<p>L\\u2019ensemble des tarifs indiqu\\u00e9s pour les formules cocktail et buffet n\\u2019incluent pas les boissons<\\\/p>\",\"margin\":\"default\"}},{\"name\":\"Grid Parallax\",\"type\":\"grid\",\"children\":[{\"type\":\"grid_item\",\"props\":{\"content\":\"\n\n<p>Caf\\u00e9, th\\u00e9, chocolat et lait Jus de fruits, orange et pomme Mini-viennoiseries<\\\/p>\",\"image\":\"wp-content\\\/uploads\\\/2025\\\/08\\\/Icon-02.svg\",\"meta\":\"4,5\\u20ac HT \\\/ personne\",\"title\":\"Caf\\u00e9 d\\u2019accueil\"}},{\"type\":\"grid_item\",\"props\":{\"content\":\"\n\n<p>Caf\\u00e9, th\\u00e9, chocolat, lait, jus de fruits (orange et pomme), boissons softs, mini-viennoiseries, p\\u00e2tisseries<\\\/p>\",\"image\":\"wp-content\\\/uploads\\\/2025\\\/08\\\/Icon-03.svg\",\"meta\":\"10\\u20ac HT \\\/ personne\",\"title\":\"Pause permanente\"}},{\"type\":\"grid_item\",\"props\":{\"content\":\"\n\n<p>7 pi\\u00e8ces sal\\u00e9es &amp; 3 pi\\u00e8ces sucr\\u00e9es<\\\/p>\",\"image\":\"wp-content\\\/uploads\\\/2025\\\/08\\\/Icon-04.svg\",\"meta\":\"22\\u20ac HT \\\/ personne\",\"title\":\"Formule cocktail <br\\\/>Menu \\\"l'Instant Cavalier\\\"\"}},{\"type\":\"grid_item\",\"props\":{\"content\":\"\n\n<p>10 pi\\u00e8ces sal\\u00e9es &amp; 5 pi\\u00e8ces sucr\\u00e9es<\\\/p>\",\"image\":\"wp-content\\\/uploads\\\/2025\\\/08\\\/Icon-04.svg\",\"meta\":\"33\\u20ac HT \\\/ personne\",\"title\":\"Formule cocktail <br\\\/>Menu \\\"Galop des Saveurs\\\"\"}},{\"type\":\"grid_item\",\"props\":{\"content\":\"\n\n<p>Entr\\u00e9e, plat, dessert<\\\/p>\",\"image\":\"wp-content\\\/uploads\\\/2025\\\/08\\\/Icon-05.svg\",\"meta\":\"27\\u20ac HT \\\/ personne\",\"title\":\"Formule buffet <br\\\/>\\\"Menu Grand Prix\\\"\"}},{\"type\":\"grid_item\",\"props\":{\"content\":\"\n\n<p>Entr\\u00e9e, plat, dessert<\\\/p>\",\"image\":\"wp-content\\\/uploads\\\/2025\\\/08\\\/Icon-05.svg\",\"meta\":\"35\\u20ac HT \\\/ personne\",\"title\":\"Formule buffet <br\\\/>\\\"Menu Aix-la-Chapelle\\\"\"}},{\"type\":\"grid_item\",\"props\":{\"content\":\"\n\n<p>Entr\\u00e9e, plat, dessert<\\\/p>\",\"image\":\"wp-content\\\/uploads\\\/2025\\\/08\\\/Icon-05.svg\",\"meta\":\"45\\u20ac HT \\\/ personne\",\"title\":\"Formule buffet <br\\\/>\\\"Menu Wellington\\\"\"}},{\"type\":\"grid_item\",\"props\":{\"content\":\"\n\n<p>Proposez \\u00e0 vos convives un moment d\\u2019exception au c\\u0153ur des \\u00e9curies. Pour un d\\u00eener ou un d\\u00e9jeuner, cr\\u00e9ez un souvenir qui fera de votre \\u00e9v\\u00e8nement un instant m\\u00e9morable.<\\\/p>\",\"image\":\"wp-content\\\/uploads\\\/2025\\\/08\\\/Icon-01.svg\",\"meta\":\"Sur mesure\",\"title\":\"Instant magique <br\\\/>\\\"Le repas aux \\u00e9curies\\\"\"}}],\"props\":{\"content_column_breakpoint\":\"m\",\"filter_align\":\"left\",\"filter_all\":true,\"filter_grid_breakpoint\":\"m\",\"filter_grid_width\":\"auto\",\"filter_position\":\"top\",\"filter_style\":\"tab\",\"grid_default\":\"1\",\"grid_medium\":\"3\",\"grid_parallax\":\"0\",\"grid_small\":\"2\",\"icon_width\":80,\"image_align\":\"top\",\"image_grid_breakpoint\":\"m\",\"image_grid_width\":\"1-2\",\"image_height\":\"50\",\"image_svg_animate\":false,\"image_svg_color\":\"primary\",\"image_svg_inline\":true,\"image_width\":\"50\",\"item_animation\":true,\"lightbox_bg_close\":true,\"link_style\":\"text\",\"link_text\":\"Read more\",\"margin\":\"default\",\"meta_align\":\"below-title\",\"meta_element\":\"div\",\"meta_style\":\"text-meta\",\"panel_padding\":\"default\",\"panel_style\":\"card-default\",\"parallax_breakpoint\":\"m\",\"parallax_easing\":\"1\",\"show_content\":true,\"show_hover_image\":true,\"show_hover_video\":true,\"show_image\":true,\"show_link\":true,\"show_meta\":true,\"show_title\":true,\"show_video\":true,\"title_align\":\"top\",\"title_element\":\"h3\",\"title_grid_breakpoint\":\"m\",\"title_grid_width\":\"1-2\",\"title_hover_style\":\"reset\"}},{\"type\":\"button\",\"props\":{\"button_size\":\"large\",\"fullwidth\":false,\"grid_column_gap\":\"small\",\"grid_row_gap\":\"small\",\"margin\":\"medium\",\"text_align\":\"center\"},\"children\":[{\"type\":\"button_item\",\"props\":{\"button_style\":\"primary\",\"content\":\"Pr\\u00e9parez votre s\\u00e9minaire\",\"dialog_layout\":\"modal\",\"dialog_offcanvas_flip\":true,\"icon_align\":\"left\",\"link\":\"https:\\\/\\\/docs.google.com\\\/forms\\\/d\\\/e\\\/1FAIpQLSefLhO7_mlBXCP2eUfuxMCtkO2UYMB6BMByUyzpneRZkYqZkw\\\/viewform?usp=dialog\",\"link_target\":\"blank\"}}]}]}]}],\"name\":\"formules\"},{\"type\":\"section\",\"props\":{\"id\":\"hebergement\",\"image_position\":\"center-center\",\"overlap\":true,\"padding\":\"large\",\"style\":\"muted\",\"title_breakpoint\":\"xl\",\"title_position\":\"top-left\",\"title_rotation\":\"left\",\"vertical_align\":\"middle\",\"width\":\"default\"},\"children\":[{\"type\":\"row\",\"children\":[{\"type\":\"column\",\"props\":{\"image_position\":\"center-center\",\"position_sticky_breakpoint\":\"m\",\"width_medium\":\"1-2\"},\"children\":[{\"type\":\"headline\",\"props\":{\"content\":\"Offres d'h\\u00e9bergement\",\"title_color\":\"primary\",\"title_element\":\"h1\",\"title_style\":\"h1\"}},{\"type\":\"text\",\"props\":{\"column_breakpoint\":\"m\",\"content\":\"Vous cherchez un h\\u00e9bergement \\u00e0 proximit\\u00e9 du Haras de Nantes ? Profitez de prix r\\u00e9duit sur des chambres \\u00e0 l'h\\u00f4tel ou dans notre g\\u00eete \\u00e9questre, disponible pour une nuit ou pour un s\\u00e9jour prolong\\u00e9.\\n\\n\",\"margin\":\"large\",\"margin_remove_top\":true,\"text_style\":\"large\"}},{\"type\":\"button\",\"props\":{\"button_size\":\"large\",\"grid_column_gap\":\"small\",\"grid_row_gap\":\"small\",\"margin\":\"default\"},\"children\":[{\"type\":\"button_item\",\"props\":{\"button_style\":\"primary\",\"content\":\"D\\u00e9couvrez les moyens d'h\\u00e9bergement\",\"dialog_layout\":\"modal\",\"dialog_offcanvas_flip\":true,\"icon\":\"home\",\"icon_align\":\"left\",\"link\":\"https:\\\/\\\/haras-de-nantes.fr\\\/hebergement\\\/hebergement.html\",\"link_target\":\"blank\"}}]}]},{\"type\":\"column\",\"props\":{\"image_position\":\"center-center\",\"position_sticky_breakpoint\":\"m\",\"width_medium\":\"1-2\"},\"children\":[{\"type\":\"slideshow\",\"props\":{\"link_style\":\"default\",\"link_text\":\"Read more\",\"margin\":\"default\",\"meta_align\":\"below-title\",\"meta_element\":\"div\",\"meta_style\":\"text-meta\",\"nav\":\"thumbnav\",\"nav_align\":\"center\",\"nav_below\":true,\"nav_breakpoint\":\"s\",\"nav_position\":\"bottom-center\",\"nav_position_margin\":\"medium\",\"overlay_animation\":\"parallax\",\"overlay_position\":\"center-left\",\"show_content\":true,\"show_link\":true,\"show_meta\":true,\"show_thumbnail\":true,\"show_title\":true,\"slidenav\":\"default\",\"slidenav_breakpoint\":\"s\",\"slidenav_margin\":\"medium\",\"slidenav_outside_breakpoint\":\"xl\",\"slideshow_autoplay_pause\":true,\"slideshow_min_height\":300,\"thumbnav_height\":\"75\",\"thumbnav_svg_color\":\"emphasis\",\"thumbnav_width\":\"100\",\"title_element\":\"h3\",\"title_hover_style\":\"reset\"},\"children\":[{\"type\":\"slideshow_item\",\"props\":{\"image\":\"wp-content\\\/uploads\\\/2025\\\/12\\\/ibis-treilles-sd-32.jpg\"}},{\"type\":\"slideshow_item\",\"props\":{\"image\":\"wp-content\\\/uploads\\\/2025\\\/12\\\/ibis-treilles-sd-35.jpg\"}},{\"type\":\"slideshow_item\",\"props\":{\"image\":\"wp-content\\\/uploads\\\/2025\\\/12\\\/Maison-clean-petit.png\"}}]}]}],\"props\":{\"id\":\"Animations\",\"layout\":\"1-2,1-2\"}}],\"name\":\"H\\u00e9bergement\"},{\"name\":\"Co-Cr\\u00e9ons\",\"type\":\"section\",\"props\":{\"animation\":\"slide-bottom\",\"animation_delay\":\"200\",\"height_offset_top\":false,\"id\":\"work-with-us\",\"image\":\"wp-content\\\/uploads\\\/2025\\\/04\\\/DSC_0418-scaled.jpg\",\"image_effect\":\"fixed\",\"image_position\":\"center-center\",\"image_size\":\"cover\",\"image_width\":\"1920\",\"media_blend_mode\":\"darken\",\"media_overlay\":\"rgba(0, 0, 0, 0.28)\",\"overlap\":true,\"padding\":\"large\",\"padding_remove_bottom\":false,\"padding_remove_horizontal\":false,\"padding_remove_top\":false,\"preserve_color\":false,\"style\":\"secondary\",\"title_breakpoint\":\"xl\",\"title_position\":\"top-left\",\"title_rotation\":\"left\",\"vertical_align\":\"middle\",\"width\":\"default\"},\"children\":[{\"type\":\"row\",\"props\":{\"column_gap\":\"large\",\"layout\":\"2-3,1-3\",\"margin\":\"small\",\"row_gap\":\"large\",\"width\":\"large\"},\"children\":[{\"type\":\"column\",\"props\":{\"image_position\":\"center-center\",\"position_sticky_breakpoint\":\"m\",\"vertical_align\":\"middle\",\"width_medium\":\"2-3\"},\"children\":[{\"type\":\"headline\",\"props\":{\"content\":\"Co-cr\\u00e9ons un \\u00e9v\\u00e8nement\",\"text_align\":\"left\",\"text_align_breakpoint\":\"m\",\"text_align_fallback\":\"center\",\"title_element\":\"h2\",\"title_style\":\"h1\"}},{\"type\":\"text\",\"props\":{\"column_breakpoint\":\"m\",\"content\":\"Vous \\u00eates un club, une association ou porteur de votre propre projet et vous souhaitez b\\u00e9n\\u00e9ficier du cadre du Haras de Nantes pour y organiser un \\u00e9v\\u00e8nement sportif, artistique ou d\\u2019un autre genre, prenez contact avec nous. Nous aimons donner vie aux projets ambitieux alors parlons-en. \",\"margin\":\"default\",\"text_align\":\"left\",\"text_align_breakpoint\":\"m\",\"text_align_fallback\":\"center\",\"text_style\":\"lead\"}}]},{\"type\":\"column\",\"props\":{\"image_position\":\"center-center\",\"position_sticky_breakpoint\":\"m\",\"vertical_align\":\"middle\",\"width_medium\":\"1-3\"},\"children\":[{\"type\":\"button\",\"props\":{\"button_size\":\"large\",\"grid_column_gap\":\"small\",\"grid_row_gap\":\"small\",\"margin\":\"default\",\"text_align\":\"right\",\"text_align_breakpoint\":\"m\",\"text_align_fallback\":\"center\"},\"children\":[{\"type\":\"button_item\",\"props\":{\"button_style\":\"default\",\"content\":\"Contactez-nous\",\"dialog_layout\":\"modal\",\"dialog_offcanvas_flip\":true,\"icon_align\":\"left\",\"link\":\"https:\\\/\\\/docs.google.com\\\/forms\\\/d\\\/e\\\/1FAIpQLSeUWQoMJ5uIkg8lMO-rxDkoFRf_1Eov7tz9o7NK0vkk2Bxj2Q\\\/viewform?usp=dialog\",\"link_target\":\"blank\"}}]}]}]}]}],\"version\":\"4.5.11\"} --><\/p>\n","protected":false},"excerpt":{"rendered":"<p>Des espaces pour toutes les occasions Les salles du haras Toutes nos salles sont \u00e9quip\u00e9es d\u2019\u00e9cran de projection, de paperboard et d\u2019une connexion wifi. Leur agencement sera r\u00e9alis\u00e9 avant votre arriv\u00e9e selon vos souhaits (en U, en th\u00e9\u00e2tre, en cercle et en carr\u00e9). Salle Guazil (30 \u00e0 120 p) Salle Flocon (20 \u00e0 60 p) [&hellip;]<\/p>\n","protected":false},"author":1,"featured_media":0,"parent":0,"menu_order":0,"comment_status":"closed","ping_status":"closed","template":"","meta":{"footnotes":""},"class_list":["post-17","page","type-page","status-publish","hentry"],"yoast_head":"<!-- This site is optimized with the Yoast SEO plugin v26.0 - https:\/\/yoast.com\/wordpress\/plugins\/seo\/ -->\n<title>S\u00e9minaires - Haras de Nantes \u00c9v\u00e8nements<\/title>\n<meta name=\"robots\" content=\"index, follow, max-snippet:-1, max-image-preview:large, max-video-preview:-1\" \/>\n<link rel=\"canonical\" href=\"https:\/\/haras-de-nantes.fr\/evenements\/evenements-dentreprises\/\" \/>\n<meta property=\"og:locale\" content=\"fr_FR\" \/>\n<meta property=\"og:type\" content=\"article\" \/>\n<meta property=\"og:title\" content=\"S\u00e9minaires - Haras de Nantes \u00c9v\u00e8nements\" \/>\n<meta property=\"og:description\" content=\"Des espaces pour toutes les occasions Les salles du haras Toutes nos salles sont \u00e9quip\u00e9es d\u2019\u00e9cran de projection, de paperboard et d\u2019une connexion wifi. Leur agencement sera r\u00e9alis\u00e9 avant votre arriv\u00e9e selon vos souhaits (en U, en th\u00e9\u00e2tre, en cercle et en carr\u00e9). Salle Guazil (30 \u00e0 120 p) Salle Flocon (20 \u00e0 60 p) [&hellip;]\" \/>\n<meta property=\"og:url\" content=\"https:\/\/haras-de-nantes.fr\/evenements\/evenements-dentreprises\/\" \/>\n<meta property=\"og:site_name\" content=\"Haras de Nantes \u00c9v\u00e8nements\" \/>\n<meta property=\"article:modified_time\" content=\"2026-04-16T13:00:34+00:00\" \/>\n<meta property=\"og:image\" content=\"https:\/\/haras-de-nantes.fr\/evenements\/wp-content\/uploads\/2025\/12\/WhatsApp-Image-2025-12-18-at-11.02.08.jpeg\" \/>\n\t<meta property=\"og:image:width\" content=\"2000\" \/>\n\t<meta property=\"og:image:height\" content=\"1500\" \/>\n\t<meta property=\"og:image:type\" content=\"image\/jpeg\" \/>\n<meta name=\"twitter:card\" content=\"summary_large_image\" \/>\n<meta name=\"twitter:label1\" content=\"Dur\u00e9e de lecture estim\u00e9e\" \/>\n\t<meta name=\"twitter:data1\" content=\"4 minutes\" \/>\n<script type=\"application\/ld+json\" class=\"yoast-schema-graph\">{\"@context\":\"https:\/\/schema.org\",\"@graph\":[{\"@type\":\"WebPage\",\"@id\":\"https:\/\/haras-de-nantes.fr\/evenements\/evenements-dentreprises\/\",\"url\":\"https:\/\/haras-de-nantes.fr\/evenements\/evenements-dentreprises\/\",\"name\":\"S\u00e9minaires - Haras de Nantes \u00c9v\u00e8nements\",\"isPartOf\":{\"@id\":\"https:\/\/haras-de-nantes.fr\/evenements\/#website\"},\"primaryImageOfPage\":{\"@id\":\"https:\/\/haras-de-nantes.fr\/evenements\/evenements-dentreprises\/#primaryimage\"},\"image\":{\"@id\":\"https:\/\/haras-de-nantes.fr\/evenements\/evenements-dentreprises\/#primaryimage\"},\"thumbnailUrl\":\"https:\/\/haras-de-nantes.fr\/evenements\/wp-content\/uploads\/2026\/01\/IMG_4571-1-scaled.jpg\",\"datePublished\":\"2025-04-14T08:38:56+00:00\",\"dateModified\":\"2026-04-16T13:00:34+00:00\",\"breadcrumb\":{\"@id\":\"https:\/\/haras-de-nantes.fr\/evenements\/evenements-dentreprises\/#breadcrumb\"},\"inLanguage\":\"fr-FR\",\"potentialAction\":[{\"@type\":\"ReadAction\",\"target\":[\"https:\/\/haras-de-nantes.fr\/evenements\/evenements-dentreprises\/\"]}]},{\"@type\":\"ImageObject\",\"inLanguage\":\"fr-FR\",\"@id\":\"https:\/\/haras-de-nantes.fr\/evenements\/evenements-dentreprises\/#primaryimage\",\"url\":\"https:\/\/haras-de-nantes.fr\/evenements\/wp-content\/uploads\/2025\/12\/WhatsApp-Image-2025-12-18-at-11.02.08.jpeg\",\"contentUrl\":\"https:\/\/haras-de-nantes.fr\/evenements\/wp-content\/uploads\/2025\/12\/WhatsApp-Image-2025-12-18-at-11.02.08.jpeg\",\"width\":2000,\"height\":1500},{\"@type\":\"BreadcrumbList\",\"@id\":\"https:\/\/haras-de-nantes.fr\/evenements\/evenements-dentreprises\/#breadcrumb\",\"itemListElement\":[{\"@type\":\"ListItem\",\"position\":1,\"name\":\"Accueil\",\"item\":\"https:\/\/haras-de-nantes.fr\/evenements\/\"},{\"@type\":\"ListItem\",\"position\":2,\"name\":\"S\u00e9minaires\"}]},{\"@type\":\"WebSite\",\"@id\":\"https:\/\/haras-de-nantes.fr\/evenements\/#website\",\"url\":\"https:\/\/haras-de-nantes.fr\/evenements\/\",\"name\":\"Haras de Nantes \u00e9v\u00e9nements\",\"description\":\"\",\"publisher\":{\"@id\":\"https:\/\/haras-de-nantes.fr\/evenements\/#organization\"},\"potentialAction\":[{\"@type\":\"SearchAction\",\"target\":{\"@type\":\"EntryPoint\",\"urlTemplate\":\"https:\/\/haras-de-nantes.fr\/evenements\/?s={search_term_string}\"},\"query-input\":{\"@type\":\"PropertyValueSpecification\",\"valueRequired\":true,\"valueName\":\"search_term_string\"}}],\"inLanguage\":\"fr-FR\"},{\"@type\":\"Organization\",\"@id\":\"https:\/\/haras-de-nantes.fr\/evenements\/#organization\",\"name\":\"Haras de Nantes \u00e9v\u00e9nements\",\"url\":\"https:\/\/haras-de-nantes.fr\/evenements\/\",\"logo\":{\"@type\":\"ImageObject\",\"inLanguage\":\"fr-FR\",\"@id\":\"https:\/\/haras-de-nantes.fr\/evenements\/#\/schema\/logo\/image\/\",\"url\":\"https:\/\/haras-de-nantes.fr\/evenements\/wp-content\/uploads\/2025\/04\/Logo.png\",\"contentUrl\":\"https:\/\/haras-de-nantes.fr\/evenements\/wp-content\/uploads\/2025\/04\/Logo.png\",\"width\":369,\"height\":108,\"caption\":\"Haras de Nantes \u00e9v\u00e9nements\"},\"image\":{\"@id\":\"https:\/\/haras-de-nantes.fr\/evenements\/#\/schema\/logo\/image\/\"},\"sameAs\":[\"https:\/\/www.instagram.com\/haras_de_nantes_evenements\/\"]}]}<\/script>\n<!-- \/ Yoast SEO plugin. -->","yoast_head_json":{"title":"S\u00e9minaires - Haras de Nantes \u00c9v\u00e8nements","robots":{"index":"index","follow":"follow","max-snippet":"max-snippet:-1","max-image-preview":"max-image-preview:large","max-video-preview":"max-video-preview:-1"},"canonical":"https:\/\/haras-de-nantes.fr\/evenements\/evenements-dentreprises\/","og_locale":"fr_FR","og_type":"article","og_title":"S\u00e9minaires - Haras de Nantes \u00c9v\u00e8nements","og_description":"Des espaces pour toutes les occasions Les salles du haras Toutes nos salles sont \u00e9quip\u00e9es d\u2019\u00e9cran de projection, de paperboard et d\u2019une connexion wifi. Leur agencement sera r\u00e9alis\u00e9 avant votre arriv\u00e9e selon vos souhaits (en U, en th\u00e9\u00e2tre, en cercle et en carr\u00e9). Salle Guazil (30 \u00e0 120 p) Salle Flocon (20 \u00e0 60 p) [&hellip;]","og_url":"https:\/\/haras-de-nantes.fr\/evenements\/evenements-dentreprises\/","og_site_name":"Haras de Nantes \u00c9v\u00e8nements","article_modified_time":"2026-04-16T13:00:34+00:00","og_image":[{"width":2000,"height":1500,"url":"https:\/\/haras-de-nantes.fr\/evenements\/wp-content\/uploads\/2025\/12\/WhatsApp-Image-2025-12-18-at-11.02.08.jpeg","type":"image\/jpeg"}],"twitter_card":"summary_large_image","twitter_misc":{"Dur\u00e9e de lecture estim\u00e9e":"4 minutes"},"schema":{"@context":"https:\/\/schema.org","@graph":[{"@type":"WebPage","@id":"https:\/\/haras-de-nantes.fr\/evenements\/evenements-dentreprises\/","url":"https:\/\/haras-de-nantes.fr\/evenements\/evenements-dentreprises\/","name":"S\u00e9minaires - Haras de Nantes \u00c9v\u00e8nements","isPartOf":{"@id":"https:\/\/haras-de-nantes.fr\/evenements\/#website"},"primaryImageOfPage":{"@id":"https:\/\/haras-de-nantes.fr\/evenements\/evenements-dentreprises\/#primaryimage"},"image":{"@id":"https:\/\/haras-de-nantes.fr\/evenements\/evenements-dentreprises\/#primaryimage"},"thumbnailUrl":"https:\/\/haras-de-nantes.fr\/evenements\/wp-content\/uploads\/2026\/01\/IMG_4571-1-scaled.jpg","datePublished":"2025-04-14T08:38:56+00:00","dateModified":"2026-04-16T13:00:34+00:00","breadcrumb":{"@id":"https:\/\/haras-de-nantes.fr\/evenements\/evenements-dentreprises\/#breadcrumb"},"inLanguage":"fr-FR","potentialAction":[{"@type":"ReadAction","target":["https:\/\/haras-de-nantes.fr\/evenements\/evenements-dentreprises\/"]}]},{"@type":"ImageObject","inLanguage":"fr-FR","@id":"https:\/\/haras-de-nantes.fr\/evenements\/evenements-dentreprises\/#primaryimage","url":"https:\/\/haras-de-nantes.fr\/evenements\/wp-content\/uploads\/2025\/12\/WhatsApp-Image-2025-12-18-at-11.02.08.jpeg","contentUrl":"https:\/\/haras-de-nantes.fr\/evenements\/wp-content\/uploads\/2025\/12\/WhatsApp-Image-2025-12-18-at-11.02.08.jpeg","width":2000,"height":1500},{"@type":"BreadcrumbList","@id":"https:\/\/haras-de-nantes.fr\/evenements\/evenements-dentreprises\/#breadcrumb","itemListElement":[{"@type":"ListItem","position":1,"name":"Accueil","item":"https:\/\/haras-de-nantes.fr\/evenements\/"},{"@type":"ListItem","position":2,"name":"S\u00e9minaires"}]},{"@type":"WebSite","@id":"https:\/\/haras-de-nantes.fr\/evenements\/#website","url":"https:\/\/haras-de-nantes.fr\/evenements\/","name":"Haras de Nantes \u00e9v\u00e9nements","description":"","publisher":{"@id":"https:\/\/haras-de-nantes.fr\/evenements\/#organization"},"potentialAction":[{"@type":"SearchAction","target":{"@type":"EntryPoint","urlTemplate":"https:\/\/haras-de-nantes.fr\/evenements\/?s={search_term_string}"},"query-input":{"@type":"PropertyValueSpecification","valueRequired":true,"valueName":"search_term_string"}}],"inLanguage":"fr-FR"},{"@type":"Organization","@id":"https:\/\/haras-de-nantes.fr\/evenements\/#organization","name":"Haras de Nantes \u00e9v\u00e9nements","url":"https:\/\/haras-de-nantes.fr\/evenements\/","logo":{"@type":"ImageObject","inLanguage":"fr-FR","@id":"https:\/\/haras-de-nantes.fr\/evenements\/#\/schema\/logo\/image\/","url":"https:\/\/haras-de-nantes.fr\/evenements\/wp-content\/uploads\/2025\/04\/Logo.png","contentUrl":"https:\/\/haras-de-nantes.fr\/evenements\/wp-content\/uploads\/2025\/04\/Logo.png","width":369,"height":108,"caption":"Haras de Nantes \u00e9v\u00e9nements"},"image":{"@id":"https:\/\/haras-de-nantes.fr\/evenements\/#\/schema\/logo\/image\/"},"sameAs":["https:\/\/www.instagram.com\/haras_de_nantes_evenements\/"]}]}},"_links":{"self":[{"href":"https:\/\/haras-de-nantes.fr\/evenements\/wp-json\/wp\/v2\/pages\/17","targetHints":{"allow":["GET"]}}],"collection":[{"href":"https:\/\/haras-de-nantes.fr\/evenements\/wp-json\/wp\/v2\/pages"}],"about":[{"href":"https:\/\/haras-de-nantes.fr\/evenements\/wp-json\/wp\/v2\/types\/page"}],"author":[{"embeddable":true,"href":"https:\/\/haras-de-nantes.fr\/evenements\/wp-json\/wp\/v2\/users\/1"}],"replies":[{"embeddable":true,"href":"https:\/\/haras-de-nantes.fr\/evenements\/wp-json\/wp\/v2\/comments?post=17"}],"version-history":[{"count":105,"href":"https:\/\/haras-de-nantes.fr\/evenements\/wp-json\/wp\/v2\/pages\/17\/revisions"}],"predecessor-version":[{"id":989,"href":"https:\/\/haras-de-nantes.fr\/evenements\/wp-json\/wp\/v2\/pages\/17\/revisions\/989"}],"wp:attachment":[{"href":"https:\/\/haras-de-nantes.fr\/evenements\/wp-json\/wp\/v2\/media?parent=17"}],"curies":[{"name":"wp","href":"https:\/\/api.w.org\/{rel}","templated":true}]}}