{"id":16,"date":"2025-04-14T10:39:30","date_gmt":"2025-04-14T08:39:30","guid":{"rendered":"https:\/\/haras-de-nantes.fr\/evenements\/?page_id=16"},"modified":"2026-04-16T14:57:34","modified_gmt":"2026-04-16T12:57:34","slug":"le-haras","status":"publish","type":"page","link":"https:\/\/haras-de-nantes.fr\/evenements\/le-haras\/","title":{"rendered":"Le Haras"},"content":{"rendered":"<div>Qui sommes-nous ? <\/div>\n<h1>Haras de Nantes<\/h1>\n<p><video src=\"\/evenements\/wp-content\/uploads\/2026\/04\/survol.mp4\" poster=\"\"><\/video><\/p>\n<h2>Un cadre unique, <br \/> entre nature &#038; \u00e9l\u00e9gance<\/h2>\n<div>\n<p>Le Haras de Nantes est un lieu incontournable du paysage Nantais. Situ\u00e9 \u00e0 quelques minutes du centre ville de Nantes et \u00e0 20 min de la gare TGV, il propose une bouff\u00e9e d\u2019air pur et de nature.<\/p>\n<\/div>\n<p><video src=\"\/evenements\/wp-content\/uploads\/2026\/04\/partie-1.mp4\" poster=\"\"><\/video><\/p>\n<h2>Des espaces de caract\u00e8re<\/h2>\n<div>\n<p>Au milieu d\u2019un Haras de 10 hectares o\u00f9 se c\u00f4toient une centaine de chevaux et des cavaliers de tous \u00e2ges, vous trouverez des espaces de r\u00e9ception et restauration adapt\u00e9s aux besoins de chacun au milieu d\u2019infrastructures \u00e9questres de hautes qualit\u00e9s.<\/p>\n<\/div>\n<div>\n<p>Besoin de plus d&rsquo;informations ? N&rsquo;h\u00e9sitez pas \u00e0 nous <a href=\"https:\/\/docs.google.com\/forms\/d\/e\/1FAIpQLSeUWQoMJ5uIkg8lMO-rxDkoFRf_1Eov7tz9o7NK0vkk2Bxj2Q\/viewform?usp=dialog\">contacter<\/a>.<\/p>\n<\/div>\n<h1>Devenez partenaire de belles valeurs<\/h1>\n<p><img decoding=\"async\" src=\"\/evenements\/wp-content\/uploads\/2025\/06\/ambiance-14.jpg\" alt=\"\"><\/p>\n<div>\n<p>Le Haras de Nantes met \u00e0 votre disposition <strong>un large choix de formule de partenariats<\/strong> qui correspondra assur\u00e9ment aux besoins de votre structure. En devenant partenaire, non seulement vous b\u00e9n\u00e9ficiez d\u2019une <strong>exposition de votre marque<\/strong> mais vous b\u00e9n\u00e9ficiez \u00e9galement d\u2019<strong>un<\/strong> <strong>grand nombre de services<\/strong> propos\u00e9s par le Haras.<\/p>\n<\/div>\n<div>\n<ul>\n<li>Exposition de votre marque sur diff\u00e9rents supports (obstacle, podium, panneaux publicitaires, etc.)<\/li>\n<li>Association de votre marque \u00e0 une \u00e9preuve et \u00e0 la remise des prix d\u2019un podium<\/li>\n<li>Mise en avant du partenariat dans tous nos supports de communication (communaut\u00e9 importante de followers locaux)<\/li>\n<li>Espace VIP pour vos convives (collaborateurs, clients, proches, etc.)<\/li>\n<li>Packs d&rsquo;invitation \u00e0 votre disposition pour les \u00e9v\u00e8nements<\/li>\n<li>Acc\u00e8s \u00e0 la plateforme partenaire (outil informatique pour piloter vos campagnes de mise en avant)<\/li>\n<li>Et toute l&rsquo;ann\u00e9e, vous b\u00e9n\u00e9ficiez d&rsquo;acc\u00e8s privil\u00e9gi\u00e9 au restaurant, aux salles de s\u00e9minaires et au catalogue d&rsquo;animations<\/li>\n<\/ul>\n<\/div>\n<p><p>\n        <a href=\"https:\/\/docs.google.com\/forms\/d\/e\/1FAIpQLSduzaWLecpBzfmzpHB59oXnHiubAhSbn2XaoRvaaSsTHt5OkQ\/viewform?usp=dialog\">D\u00e9couvrez les packs partenaires<\/a>\n    <\/p>\n<\/p>\n<h1>Ils nous font confiance<\/h1>\n<hr>\n<ul>\n<li>\n<p>        <img decoding=\"async\" src=\"\/evenements\/wp-content\/uploads\/2025\/08\/Sans-titre-2-04.png\" alt=\"\"><\/p>\n<\/li>\n<li>\n<p>        <img decoding=\"async\" src=\"\/evenements\/wp-content\/uploads\/2025\/08\/Sans-titre-2-01.png\" alt=\"\"><\/p>\n<\/li>\n<li>\n<p>        <img decoding=\"async\" src=\"\/evenements\/wp-content\/uploads\/2025\/09\/EDF.png\" alt=\"\"><\/p>\n<\/li>\n<li>\n<p>        <img decoding=\"async\" src=\"\/evenements\/wp-content\/uploads\/2025\/08\/Sans-titre-2-03.png\" alt=\"\"><\/p>\n<\/li>\n<li>\n<p>        <img decoding=\"async\" src=\"\/evenements\/wp-content\/uploads\/2025\/09\/Talensoft.png\" alt=\"\"><\/p>\n<\/li>\n<li>\n<p>        <img decoding=\"async\" src=\"\/evenements\/wp-content\/uploads\/2025\/09\/Procertif.png\" alt=\"\"><\/p>\n<\/li>\n<li>\n<p>        <img decoding=\"async\" src=\"\/evenements\/wp-content\/uploads\/2025\/09\/Aviva-cuisine.png\" alt=\"\"><\/p>\n<\/li>\n<li>\n<p>        <img decoding=\"async\" src=\"\/evenements\/wp-content\/uploads\/2025\/09\/Alten.png\" alt=\"\"><\/p>\n<\/li>\n<li>\n<p>        <img decoding=\"async\" src=\"\/evenements\/wp-content\/uploads\/2025\/09\/ISTF.png\" alt=\"\"><\/p>\n<\/li>\n<li>\n<p>        <img decoding=\"async\" src=\"\/evenements\/wp-content\/uploads\/2025\/09\/Tribu.png\" alt=\"\"><\/p>\n<\/li>\n<li>\n<p>        <img decoding=\"async\" src=\"\/evenements\/wp-content\/uploads\/2025\/09\/Phibro.png\" alt=\"\"><\/p>\n<\/li>\n<li>\n<p>        <img decoding=\"async\" src=\"\/evenements\/wp-content\/uploads\/2025\/09\/XOS-Learning.png\" alt=\"\"><\/p>\n<\/li>\n<\/ul>\n<h1>Le Haras en image<\/h1>\n<ul>\n<li>\n<p>        <img decoding=\"async\" src=\"\/evenements\/wp-content\/uploads\/2025\/11\/IMG_0553-1-scaled.jpg\" alt=\"\"><\/p>\n<p>CEO &#038; Co-Founder<\/p>\n<\/li>\n<li>\n<p>        <img decoding=\"async\" src=\"\/evenements\/wp-content\/uploads\/2025\/11\/IMG_0547-1-scaled.jpg\" alt=\"\"><\/p>\n<h3>Carrie Anderson<\/h3>\n<p>CEO &#038; Co-Founder<\/p>\n<\/li>\n<li>\n<p>        <img decoding=\"async\" src=\"\/evenements\/wp-content\/uploads\/2025\/11\/Fichier_011-scaled.jpg\" alt=\"\"><\/p>\n<h3>Alice Ballinger<\/h3>\n<p>General Counsel<\/p>\n<\/li>\n<li>\n<p>        <img decoding=\"async\" src=\"\/evenements\/wp-content\/uploads\/2025\/10\/Bubble-Big-Ball-Soccer-1-scaled.png\" alt=\"\"><\/p>\n<h3>Cynthia Wandia<\/h3>\n<p>Office Manager<\/p>\n<\/li>\n<li>\n<p>        <img decoding=\"async\" src=\"\/evenements\/wp-content\/uploads\/2025\/10\/Equicoaching-3-scaled.jpg\" alt=\"\"><\/p>\n<h3>Tyler Miller<\/h3>\n<p>Corporate Marketing<\/p>\n<\/li>\n<li>\n<p>        <img decoding=\"async\" src=\"\/evenements\/wp-content\/uploads\/2025\/10\/ChatGPT-Image-14-oct.-2025-10_44_53.png\" alt=\"\"><\/p>\n<p>CEO &#038; Co-Founder<\/p>\n<\/li>\n<li>\n<p>        <img decoding=\"async\" src=\"\/evenements\/wp-content\/uploads\/2025\/10\/Soigneur-dun-jour-5-scaled.jpg\" alt=\"\"><\/p>\n<h3>Jason O&rsquo;Bryan<\/h3>\n<p>Vice President<\/p>\n<\/li>\n<li>\n<p>        <img decoding=\"async\" src=\"\/evenements\/wp-content\/uploads\/2025\/10\/Escape-Game-2-scaled.jpg\" alt=\"\"><\/p>\n<p>CEO &#038; Co-Founder<\/p>\n<\/li>\n<li>\n<p>        <img decoding=\"async\" src=\"\/evenements\/wp-content\/uploads\/2025\/10\/Soigneur-dun-jour-pre-5-scaled.jpg\" alt=\"\"><\/p>\n<h3>Carrie Anderson<\/h3>\n<p>CEO &#038; Co-Founder<\/p>\n<\/li>\n<\/ul>\n<h2>Comment s&rsquo;y rendre ?<\/h2>\n<ul>\n<li>\n<h3>En voiture<\/h3>\n<div>\n<p>Situ\u00e9 entre La Chapelle-sur Erdre, Suc\u00e9-sur-Erdre, Treilli\u00e8res et Grandchamp-des-Fontaines, le club est accessible rapidement en voiture depuis Nantes.<\/p>\n<\/div>\n<p><a href=\"https:\/\/www.google.fr\/maps\/dir\/\/16+Rue+Gulliver,+La+Chapelle-sur-Erdre\/@47.3407082,-1.5863319,16z\/data=!3m1!4b1!4m9!4m8!1m0!1m5!1m1!1s0x4805f3e9c0614b1b:0x229b07852851e781!2m2!1d-1.581182!2d47.340701!3e0?entry=ttu&#038;g_ep=EgoyMDI1MDYxMS4wIKXMDSoASAFQAw%3D%3D\">Itin\u00e9raire<\/a><\/p>\n<\/li>\n<li>\n<h3>En transport<\/h3>\n<div>\n<p>Vous pouvez \u00e9galement acc\u00e9der au lieu en transports en commun via le TER ou les bus du r\u00e9seau Naolib.<\/p>\n<p>Depuis Nantes, vous pouvez emprunter les <strong data-start=\"3270\" data-end=\"3302\">lignes de bus 86 (Chronobus)<\/strong> ou <strong data-start=\"3306\" data-end=\"3312\">96<\/strong>, qui desservent La Chapelle-sur-Erdre et plusieurs arr\u00eats proches du club. Il est \u00e9galement possible de combiner <strong data-start=\"3426\" data-end=\"3446\">tram-train + bus<\/strong> en arrivant \u00e0 la gare de La Chapelle-sur-Erdre (Erdre Active ou La Chapelle-Centre), puis en prenant un bus Naolib jusqu\u2019\u00e0 un arr\u00eat proche de la rue Gulliver.\u00a0<\/p>\n<\/div>\n<p><a href=\"https:\/\/www.google.fr\/maps\/dir\/\/16+Rue+Gulliver,+La+Chapelle-sur-Erdre\/@47.3407082,-1.5863319,16z\/data=!3m1!4b1!4m9!4m8!1m0!1m5!1m1!1s0x4805f3e9c0614b1b:0x229b07852851e781!2m2!1d-1.581182!2d47.340701!3e3?entry=ttu&#038;g_ep=EgoyMDI1MDYxMS4wIKXMDSoASAFQAw%3D%3D\">Itin\u00e9raire<\/a><\/p>\n<\/li>\n<li>\n<h3>En navette<\/h3>\n<div>Nous mettons en place depuis la gare ou l\u2019a\u00e9roport des Navettes sur mesure dans le cadre de l\u2019organisation de votre<br \/>\ns\u00e9minaire.<\/div>\n<\/li>\n<\/ul>\n<div>\n<p>47.3479134,-1.5726598<\/p>\n<\/div>\n<p><p>\n        <a href=\"https:\/\/docs.google.com\/forms\/d\/e\/1FAIpQLSe-_CcKQqIp0tcSABIaGy99S4fl1fXaj8gb1ytc_IRA0BeKRg\/viewform?usp=dialog\">Organisez une visite<\/a>\n    <\/p>\n<\/p>\n<p><!--more--><br \/>\n<!-- {\"type\":\"layout\",\"children\":[{\"name\":\"Hero\",\"type\":\"section\",\"props\":{\"animation\":\"slide-bottom-medium\",\"animation_delay\":\"200\",\"image\":\"wp-content\\\/uploads\\\/2025\\\/04\\\/DSC_0418-scaled.jpg\",\"image_loading\":true,\"image_position\":\"center-center\",\"image_size\":\"cover\",\"image_width\":\"1920\",\"overlap\":true,\"padding\":\"xlarge\",\"style\":\"secondary\",\"title_breakpoint\":\"xl\",\"title_position\":\"top-left\",\"title_rotation\":\"left\",\"vertical_align\":\"\",\"width\":\"default\"},\"children\":[{\"type\":\"row\",\"children\":[{\"type\":\"column\",\"props\":{\"image_position\":\"center-center\",\"position_sticky_breakpoint\":\"m\",\"width_medium\":\"1-1\"},\"children\":[{\"type\":\"headline\",\"props\":{\"content\":\"Qui sommes-nous ? \",\"margin\":\"small\",\"text_align\":\"center\",\"title_element\":\"div\",\"title_style\":\"h5\"}},{\"type\":\"headline\",\"props\":{\"content\":\"Haras de Nantes\",\"margin\":\"small\",\"text_align\":\"center\",\"title_element\":\"h1\",\"title_style\":\"heading-large\"}}]}]}]},{\"name\":\"Le lieu\",\"type\":\"section\",\"props\":{\"animation\":\"fade\",\"id\":\"Lieu\",\"image_position\":\"center-center\",\"image_size\":\"cover\",\"overlap\":true,\"style\":\"default\",\"title_breakpoint\":\"xl\",\"title_position\":\"top-left\",\"title_rotation\":\"left\",\"vertical_align\":\"\",\"width\":\"large\"},\"children\":[{\"type\":\"row\",\"props\":{\"layout\":\"1-2,1-2\"},\"children\":[{\"type\":\"column\",\"props\":{\"image_position\":\"center-center\",\"position_sticky_breakpoint\":\"m\",\"vertical_align\":\"middle\",\"width_medium\":\"1-2\"},\"children\":[{\"type\":\"video\",\"props\":{\"margin\":\"default\",\"video\":\"wp-content\\\/uploads\\\/2026\\\/04\\\/survol.mp4\",\"video_autoplay\":true,\"video_controls\":false,\"video_loop\":true,\"video_muted\":true}}]},{\"type\":\"column\",\"props\":{\"image_position\":\"center-center\",\"position_sticky_breakpoint\":\"m\",\"vertical_align\":\"middle\",\"width_medium\":\"1-2\"},\"children\":[{\"type\":\"headline\",\"props\":{\"content\":\"Un cadre unique, <br \/> entre nature & \\u00e9l\\u00e9gance\",\"text_align\":\"left\",\"text_align_breakpoint\":\"s\",\"text_align_fallback\":\"center\",\"title_element\":\"h2\"}},{\"type\":\"text\",\"props\":{\"column_breakpoint\":\"m\",\"content\":\"\n\n<p>Le Haras de Nantes est un lieu incontournable du paysage Nantais. Situ\\u00e9 \\u00e0 quelques minutes du centre ville de Nantes et \\u00e0 20 min de la gare TGV, il propose une bouff\\u00e9e d\\u2019air pur et de nature.<\\\/p>\",\"margin\":\"default\"}}]}]},{\"type\":\"row\",\"props\":{\"layout\":\"1-2,1-2\"},\"children\":[{\"type\":\"column\",\"props\":{\"image_position\":\"center-center\",\"position_sticky_breakpoint\":\"m\",\"vertical_align\":\"middle\",\"width_medium\":\"1-2\"},\"children\":[{\"type\":\"video\",\"props\":{\"margin\":\"default\",\"video\":\"wp-content\\\/uploads\\\/2026\\\/04\\\/partie-1.mp4\",\"video_autoplay\":true,\"video_controls\":false,\"video_loop\":true,\"video_muted\":true,\"video_playsinline\":true}}]},{\"type\":\"column\",\"props\":{\"image_position\":\"center-center\",\"order_first\":\"m\",\"position_sticky_breakpoint\":\"m\",\"vertical_align\":\"middle\",\"width_medium\":\"1-2\"},\"children\":[{\"type\":\"headline\",\"props\":{\"content\":\"Des espaces de caract\\u00e8re\",\"text_align\":\"left\",\"text_align_breakpoint\":\"s\",\"text_align_fallback\":\"center\",\"title_element\":\"h2\"}},{\"type\":\"text\",\"props\":{\"column_breakpoint\":\"m\",\"content\":\"\n\n<p>Au milieu d\\u2019un Haras de 10 hectares o\\u00f9 se c\\u00f4toient une centaine de chevaux et des cavaliers de tous \\u00e2ges, vous trouverez des espaces de r\\u00e9ception et restauration adapt\\u00e9s aux besoins de chacun au milieu d\\u2019infrastructures \\u00e9questres de hautes qualit\\u00e9s.<\\\/p>\",\"margin\":\"default\"}}]}]},{\"type\":\"row\",\"children\":[{\"type\":\"column\",\"props\":{\"image_position\":\"center-center\",\"position_sticky_breakpoint\":\"m\",\"width_medium\":\"1-1\"},\"children\":[{\"type\":\"divider\",\"props\":{\"block_align\":\"center\",\"divider_element\":\"div\",\"divider_style\":\"icon\",\"margin\":\"medium\",\"margin_remove_bottom\":false,\"maxwidth\":\"large\",\"position\":\"relative\",\"position_top\":\"20\"}},{\"type\":\"text\",\"props\":{\"block_align\":\"center\",\"column_breakpoint\":\"m\",\"content\":\"\n\n<p>Besoin de plus d'informations ? N'h\\u00e9sitez pas \\u00e0 nous <a href=\\\"https:\\\/\\\/docs.google.com\\\/forms\\\/d\\\/e\\\/1FAIpQLSeUWQoMJ5uIkg8lMO-rxDkoFRf_1Eov7tz9o7NK0vkk2Bxj2Q\\\/viewform?usp=dialog\\\">contacter<\\\/a>.<\\\/p>\",\"margin\":\"medium\",\"maxwidth\":\"2xlarge\",\"text_align\":\"center\",\"text_color\":\"muted\",\"text_style\":\"large\"}}]}]}]},{\"type\":\"section\",\"props\":{\"id\":\"Partenaire\",\"image_position\":\"center-center\",\"overlap\":true,\"style\":\"muted\",\"title_breakpoint\":\"xl\",\"title_position\":\"top-left\",\"title_rotation\":\"left\",\"vertical_align\":\"middle\",\"width\":\"default\"},\"children\":[{\"type\":\"row\",\"children\":[{\"type\":\"column\",\"props\":{\"image_position\":\"center-center\",\"position_sticky_breakpoint\":\"m\"},\"children\":[{\"type\":\"headline\",\"props\":{\"content\":\"Devenez partenaire de belles valeurs\",\"title_color\":\"primary\",\"title_element\":\"h1\",\"title_style\":\"heading-large\"}}]}]},{\"type\":\"row\",\"props\":{\"layout\":\"1-3,2-3\"},\"children\":[{\"type\":\"column\",\"props\":{\"image_position\":\"center-center\",\"position_sticky_breakpoint\":\"m\",\"width_medium\":\"1-3\"},\"children\":[{\"type\":\"image\",\"props\":{\"height_expand\":true,\"image\":\"wp-content\\\/uploads\\\/2025\\\/06\\\/ambiance-14.jpg\",\"image_svg_color\":\"emphasis\",\"margin\":\"default\"}}]},{\"type\":\"column\",\"props\":{\"image_position\":\"center-center\",\"position_sticky_breakpoint\":\"m\",\"width_medium\":\"2-3\"},\"children\":[{\"type\":\"text\",\"props\":{\"column_breakpoint\":\"m\",\"content\":\"\n\n<p>Le Haras de Nantes met \\u00e0 votre disposition <strong>un large choix de formule de partenariats<\\\/strong> qui correspondra assur\\u00e9ment aux besoins de votre structure. En devenant partenaire, non seulement vous b\\u00e9n\\u00e9ficiez d\\u2019une <strong>exposition de votre marque<\\\/strong> mais vous b\\u00e9n\\u00e9ficiez \\u00e9galement d\\u2019<strong>un<\\\/strong> <strong>grand nombre de services<\\\/strong> propos\\u00e9s par le Haras.<\\\/p>\",\"dropcap\":false,\"margin\":\"default\",\"text_style\":\"large\"}},{\"type\":\"text\",\"props\":{\"column_breakpoint\":\"m\",\"content\":\"\n\n<ul>\\n\n\n<li>Exposition de votre marque sur diff\\u00e9rents supports (obstacle, podium, panneaux publicitaires, etc.)<\\\/li>\\n\n\n<li>Association de votre marque \\u00e0 une \\u00e9preuve et \\u00e0 la remise des prix d\\u2019un podium<\\\/li>\\n\n\n<li>Mise en avant du partenariat dans tous nos supports de communication (communaut\\u00e9 importante de followers locaux)<\\\/li>\\n\n\n<li>Espace VIP pour vos convives (collaborateurs, clients, proches, etc.)<\\\/li>\\n\n\n<li>Packs d'invitation \\u00e0 votre disposition pour les \\u00e9v\\u00e8nements<\\\/li>\\n\n\n<li>Acc\\u00e8s \\u00e0 la plateforme partenaire (outil informatique pour piloter vos campagnes de mise en avant)<\\\/li>\\n\n\n<li>Et toute l'ann\\u00e9e, vous b\\u00e9n\\u00e9ficiez d'acc\\u00e8s privil\\u00e9gi\\u00e9 au restaurant, aux salles de s\\u00e9minaires et au catalogue d'animations<\\\/li>\\n<\\\/ul>\",\"margin\":\"default\"}}]}]},{\"type\":\"row\",\"children\":[{\"type\":\"column\",\"props\":{\"image_position\":\"center-center\",\"position_sticky_breakpoint\":\"m\"},\"children\":[{\"type\":\"button\",\"props\":{\"button_size\":\"large\",\"grid_column_gap\":\"small\",\"grid_row_gap\":\"small\",\"margin\":\"default\",\"text_align\":\"center\"},\"children\":[{\"type\":\"button_item\",\"props\":{\"button_style\":\"primary\",\"content\":\"D\\u00e9couvrez les packs partenaires\",\"dialog_layout\":\"modal\",\"dialog_offcanvas_flip\":true,\"icon_align\":\"left\",\"link\":\"https:\\\/\\\/docs.google.com\\\/forms\\\/d\\\/e\\\/1FAIpQLSduzaWLecpBzfmzpHB59oXnHiubAhSbn2XaoRvaaSsTHt5OkQ\\\/viewform?usp=dialog\",\"link_target\":\"blank\"}}]}]}]},{\"type\":\"row\",\"children\":[{\"type\":\"column\",\"props\":{\"image_position\":\"center-center\",\"position_sticky_breakpoint\":\"m\"},\"children\":[{\"type\":\"headline\",\"props\":{\"content\":\"Ils nous font confiance\",\"title_color\":\"primary\",\"title_element\":\"h1\",\"title_font_family\":\"secondary\",\"title_style\":\"h4\"}},{\"type\":\"divider\",\"props\":{\"divider_element\":\"hr\",\"divider_style\":\"small\"}},{\"type\":\"grid\",\"props\":{\"content_column_breakpoint\":\"m\",\"filter_align\":\"left\",\"filter_all\":true,\"filter_grid_breakpoint\":\"m\",\"filter_grid_width\":\"auto\",\"filter_position\":\"top\",\"filter_style\":\"tab\",\"grid_column_gap\":\"large\",\"grid_default\":\"2\",\"grid_medium\":\"6\",\"grid_row_gap\":\"medium\",\"icon_width\":80,\"image_align\":\"top\",\"image_grid_breakpoint\":\"m\",\"image_grid_width\":\"1-2\",\"image_svg_color\":\"emphasis\",\"item_animation\":true,\"lightbox_bg_close\":true,\"link_style\":\"default\",\"link_text\":\"Read more\",\"margin\":\"default\",\"meta_align\":\"below-title\",\"meta_element\":\"div\",\"meta_style\":\"text-meta\",\"show_content\":false,\"show_hover_image\":false,\"show_hover_video\":false,\"show_image\":true,\"show_link\":false,\"show_meta\":false,\"show_title\":false,\"show_video\":false,\"title_align\":\"top\",\"title_element\":\"h3\",\"title_grid_breakpoint\":\"m\",\"title_grid_width\":\"1-2\",\"title_hover_style\":\"reset\"},\"children\":[{\"type\":\"grid_item\",\"props\":{\"image\":\"wp-content\\\/uploads\\\/2025\\\/08\\\/Sans-titre-2-04.png\"}},{\"type\":\"grid_item\",\"props\":{\"image\":\"wp-content\\\/uploads\\\/2025\\\/08\\\/Sans-titre-2-01.png\"}},{\"type\":\"grid_item\",\"props\":{\"image\":\"wp-content\\\/uploads\\\/2025\\\/09\\\/EDF.png\"}},{\"type\":\"grid_item\",\"props\":{\"image\":\"wp-content\\\/uploads\\\/2025\\\/08\\\/Sans-titre-2-03.png\"}},{\"type\":\"grid_item\",\"props\":{\"image\":\"wp-content\\\/uploads\\\/2025\\\/09\\\/Talensoft.png\"}},{\"type\":\"grid_item\",\"props\":{\"image\":\"wp-content\\\/uploads\\\/2025\\\/09\\\/Procertif.png\"}},{\"type\":\"grid_item\",\"props\":{\"image\":\"wp-content\\\/uploads\\\/2025\\\/09\\\/Aviva-cuisine.png\"}},{\"type\":\"grid_item\",\"props\":{\"image\":\"wp-content\\\/uploads\\\/2025\\\/09\\\/Alten.png\"}},{\"type\":\"grid_item\",\"props\":{\"image\":\"wp-content\\\/uploads\\\/2025\\\/09\\\/ISTF.png\"}},{\"type\":\"grid_item\",\"props\":{\"image\":\"wp-content\\\/uploads\\\/2025\\\/09\\\/Tribu.png\"}},{\"type\":\"grid_item\",\"props\":{\"image\":\"wp-content\\\/uploads\\\/2025\\\/09\\\/Phibro.png\"}},{\"type\":\"grid_item\",\"props\":{\"image\":\"wp-content\\\/uploads\\\/2025\\\/09\\\/XOS-Learning.png\"}}]}]}]}],\"name\":\"Partenaire\"},{\"name\":\"En image\",\"type\":\"section\",\"props\":{\"animation\":\"fade\",\"id\":\"EnImage\",\"image_position\":\"center-center\",\"image_size\":\"cover\",\"overlap\":true,\"padding_remove_bottom\":false,\"padding_remove_horizontal\":false,\"padding_remove_top\":false,\"style\":\"secondary\",\"title_breakpoint\":\"xl\",\"title_position\":\"top-left\",\"title_rotation\":\"left\",\"vertical_align\":\"\",\"width\":\"large\"},\"children\":[{\"type\":\"row\",\"children\":[{\"type\":\"column\",\"props\":{\"image_position\":\"center-center\",\"position_sticky_breakpoint\":\"m\"},\"children\":[{\"type\":\"headline\",\"props\":{\"content\":\"Le Haras en image\",\"title_element\":\"h1\"}},{\"name\":\"Gallery Parallax\",\"type\":\"gallery\",\"children\":[{\"type\":\"gallery_item\",\"props\":{\"image\":\"wp-content\\\/uploads\\\/2025\\\/11\\\/IMG_0553-1-scaled.jpg\",\"meta\":\"CEO & Co-Founder\",\"title\":\"\"}},{\"type\":\"gallery_item\",\"props\":{\"image\":\"wp-content\\\/uploads\\\/2025\\\/11\\\/IMG_0547-1-scaled.jpg\",\"meta\":\"CEO & Co-Founder\",\"title\":\"Carrie Anderson\"}},{\"type\":\"gallery_item\",\"props\":{\"image\":\"wp-content\\\/uploads\\\/2025\\\/11\\\/Fichier_011-scaled.jpg\",\"meta\":\"General Counsel\",\"title\":\"Alice Ballinger\"}},{\"type\":\"gallery_item\",\"props\":{\"image\":\"wp-content\\\/uploads\\\/2025\\\/10\\\/Bubble-Big-Ball-Soccer-1-scaled.png\",\"meta\":\"Office Manager\",\"title\":\"Cynthia Wandia\"}},{\"type\":\"gallery_item\",\"props\":{\"image\":\"wp-content\\\/uploads\\\/2025\\\/10\\\/Equicoaching-3-scaled.jpg\",\"meta\":\"Corporate Marketing\",\"title\":\"Tyler Miller\"}},{\"type\":\"gallery_item\",\"props\":{\"image\":\"wp-content\\\/uploads\\\/2025\\\/10\\\/ChatGPT-Image-14-oct.-2025-10_44_53.png\",\"meta\":\"CEO & Co-Founder\",\"title\":\"\"}},{\"type\":\"gallery_item\",\"props\":{\"image\":\"wp-content\\\/uploads\\\/2025\\\/10\\\/Soigneur-dun-jour-5-scaled.jpg\",\"meta\":\"Vice President\",\"title\":\"Jason O'Bryan\"}},{\"type\":\"gallery_item\",\"props\":{\"image\":\"wp-content\\\/uploads\\\/2025\\\/10\\\/Escape-Game-2-scaled.jpg\",\"meta\":\"CEO & Co-Founder\",\"title\":\"\"}},{\"type\":\"gallery_item\",\"props\":{\"image\":\"wp-content\\\/uploads\\\/2025\\\/10\\\/Soigneur-dun-jour-pre-5-scaled.jpg\",\"meta\":\"CEO & Co-Founder\",\"title\":\"Carrie Anderson\"}}],\"props\":{\"filter_align\":\"left\",\"filter_all\":true,\"filter_grid_breakpoint\":\"m\",\"filter_grid_width\":\"auto\",\"filter_position\":\"top\",\"filter_style\":\"tab\",\"grid_column_align\":false,\"grid_column_gap\":\"small\",\"grid_default\":\"1\",\"grid_medium\":\"3\",\"grid_parallax\":\"90\",\"grid_row_align\":false,\"grid_row_gap\":\"small\",\"grid_small\":\"2\",\"image_width\":\"610\",\"item_animation\":true,\"lightbox_bg_close\":true,\"link_style\":\"default\",\"link_text\":\"\",\"margin\":\"default\",\"meta_align\":\"below-title\",\"meta_element\":\"div\",\"meta_margin\":\"remove\",\"meta_style\":\"text-meta\",\"overlay_hover\":false,\"overlay_link\":true,\"overlay_margin\":\"small\",\"overlay_mode\":\"caption\",\"overlay_padding\":\"small\",\"overlay_position\":\"bottom-left\",\"overlay_style\":\"tile-default\",\"overlay_transition\":\"fade\",\"overlay_transition_background\":false,\"parallax_easing\":\"1\",\"show_content\":true,\"show_hover_image\":true,\"show_hover_video\":true,\"show_link\":true,\"show_meta\":false,\"show_title\":false,\"text_align\":\"\",\"text_color\":\"light\",\"title_element\":\"h3\",\"title_hover_style\":\"reset\",\"title_style\":\"h6\"}}]}]}]},{\"name\":\"Localisation\",\"type\":\"section\",\"props\":{\"animation\":\"scale-up\",\"id\":\"Localisation\",\"image\":\"wp-content\\\/uploads\\\/2025\\\/04\\\/img-nb-2-2.png\",\"image_parallax_bgy\":\"140 55%\",\"image_parallax_easing\":\"0.4\",\"image_position\":\"bottom-center\",\"image_size\":\"cover\",\"media_focal_point\":\"top-center\",\"media_overlay\":\"rgba(255, 255, 255, 0.53)\",\"overlap\":true,\"padding_remove_bottom\":false,\"padding_remove_horizontal\":false,\"padding_remove_top\":false,\"style\":\"default\",\"title_breakpoint\":\"xl\",\"title_position\":\"top-left\",\"title_rotation\":\"left\",\"vertical_align\":\"\",\"width\":\"large\"},\"children\":[{\"type\":\"row\",\"props\":{\"column_gap\":\"large\",\"layout\":\"1-2,1-2\",\"margin\":\"large\",\"margin_remove_bottom\":true,\"margin_remove_top\":true},\"children\":[{\"type\":\"column\",\"props\":{\"image_position\":\"center-center\",\"position_sticky_breakpoint\":\"m\",\"vertical_align\":\"middle\",\"width_medium\":\"1-2\"},\"children\":[{\"type\":\"headline\",\"props\":{\"animation\":\"slide-top-medium\",\"content\":\"Comment s'y rendre ?\",\"margin\":\"small\",\"margin_remove_top\":true,\"text_align\":\"left\",\"title_element\":\"h2\",\"title_style\":\"h2\"}},{\"name\":\"Switcher Tabs Top Image Right\",\"type\":\"switcher\",\"children\":[{\"type\":\"switcher_item\",\"props\":{\"content\":\"\n\n<p>Situ\\u00e9 entre La Chapelle-sur Erdre, Suc\\u00e9-sur-Erdre, Treilli\\u00e8res et Grandchamp-des-Fontaines, le club est accessible rapidement en voiture depuis Nantes.<\\\/p>\",\"image\":\"\",\"label\":\"En voiture\",\"link\":\"https:\\\/\\\/www.google.fr\\\/maps\\\/dir\\\/\\\/16+Rue+Gulliver,+La+Chapelle-sur-Erdre\\\/@47.3407082,-1.5863319,16z\\\/data=!3m1!4b1!4m9!4m8!1m0!1m5!1m1!1s0x4805f3e9c0614b1b:0x229b07852851e781!2m2!1d-1.581182!2d47.340701!3e0?entry=ttu&g_ep=EgoyMDI1MDYxMS4wIKXMDSoASAFQAw%3D%3D\",\"link_text\":\"Itin\\u00e9raire\",\"meta\":\"\",\"thumbnail\":\"\",\"title\":\"En voiture\"}},{\"type\":\"switcher_item\",\"props\":{\"content\":\"\n\n<p>Vous pouvez \\u00e9galement acc\\u00e9der au lieu en transports en commun via le TER ou les bus du r\\u00e9seau Naolib.<\\\/p>\\n\n\n<p>Depuis Nantes, vous pouvez emprunter les <strong data-start=\\\"3270\\\" data-end=\\\"3302\\\">lignes de bus 86 (Chronobus)<\\\/strong> ou <strong data-start=\\\"3306\\\" data-end=\\\"3312\\\">96<\\\/strong>, qui desservent La Chapelle-sur-Erdre et plusieurs arr\\u00eats proches du club. Il est \\u00e9galement possible de combiner <strong data-start=\\\"3426\\\" data-end=\\\"3446\\\">tram-train + bus<\\\/strong> en arrivant \\u00e0 la gare de La Chapelle-sur-Erdre (Erdre Active ou La Chapelle-Centre), puis en prenant un bus Naolib jusqu\\u2019\\u00e0 un arr\\u00eat proche de la rue Gulliver.\\u00a0<\\\/p>\",\"image\":\"\",\"label\":\"En transport\",\"link\":\"https:\\\/\\\/www.google.fr\\\/maps\\\/dir\\\/\\\/16+Rue+Gulliver,+La+Chapelle-sur-Erdre\\\/@47.3407082,-1.5863319,16z\\\/data=!3m1!4b1!4m9!4m8!1m0!1m5!1m1!1s0x4805f3e9c0614b1b:0x229b07852851e781!2m2!1d-1.581182!2d47.340701!3e3?entry=ttu&g_ep=EgoyMDI1MDYxMS4wIKXMDSoASAFQAw%3D%3D\",\"link_text\":\"Itin\\u00e9raire\",\"thumbnail\":\"\",\"title\":\"En transport\"}},{\"type\":\"switcher_item\",\"props\":{\"content\":\"Nous mettons en place depuis la gare ou l\\u2019a\\u00e9roport des Navettes sur mesure dans le cadre de l\\u2019organisation de votre\\ns\\u00e9minaire.\",\"image\":\"\",\"label\":\"En navette\",\"thumbnail\":\"\",\"title\":\"En navette\"}}],\"props\":{\"content_column_breakpoint\":\"m\",\"image_align\":\"right\",\"image_grid_breakpoint\":\"s\",\"image_grid_column_gap\":\"large\",\"image_grid_row_gap\":\"large\",\"image_grid_width\":\"3-5\",\"image_svg_color\":\"emphasis\",\"image_svg_inline\":true,\"image_vertical_align\":true,\"link_fullwidth\":false,\"link_margin\":\"small\",\"link_style\":\"text\",\"link_target\":true,\"link_text\":\"Read more\",\"margin\":\"default\",\"meta_align\":\"below-title\",\"meta_element\":\"div\",\"meta_style\":\"text-meta\",\"nav\":\"tab\",\"nav_align\":\"left\",\"nav_grid_breakpoint\":\"m\",\"nav_grid_width\":\"auto\",\"nav_margin\":\"medium\",\"nav_position\":\"top\",\"parallax_breakpoint\":\"m\",\"show_content\":true,\"show_image\":false,\"show_label\":true,\"show_link\":true,\"show_meta\":true,\"show_thumbnail\":true,\"show_title\":false,\"switcher_animation\":\"fade\",\"switcher_height\":true,\"thumbnav_height\":\"\",\"thumbnav_nowrap\":true,\"thumbnav_svg_color\":\"emphasis\",\"thumbnav_svg_inline\":true,\"thumbnav_width\":\"\",\"title_align\":\"top\",\"title_element\":\"h3\",\"title_grid_breakpoint\":\"m\",\"title_grid_width\":\"1-2\"}}]},{\"type\":\"column\",\"props\":{\"image_position\":\"center-center\",\"position_sticky_breakpoint\":\"m\",\"width_medium\":\"1-2\"},\"children\":[{\"type\":\"map\",\"children\":[{\"type\":\"map_item\",\"props\":{\"hide\":false,\"location\":\"47.3479134,-1.5726598\"}}],\"props\":{\"controls\":false,\"dragging\":true,\"height\":250,\"image_svg_color\":\"emphasis\",\"link_style\":\"default\",\"link_text\":\"Read more\",\"margin\":\"default\",\"marker_icon\":\"wp-content\\\/uploads\\\/2025\\\/04\\\/Haras-de-Nantes-events-icon-1.png\",\"max_zoom\":18,\"meta_align\":\"below-title\",\"meta_element\":\"div\",\"meta_style\":\"text-meta\",\"min_zoom\":0,\"poi\":false,\"show_content\":true,\"show_image\":true,\"show_link\":true,\"show_meta\":true,\"show_title\":false,\"styler_saturation\":\"-100\",\"title_element\":\"h3\",\"title_hover_style\":\"reset\",\"type\":\"roadmap\",\"zoom\":\"11\",\"zooming\":true}}]}]},{\"type\":\"row\",\"children\":[{\"type\":\"column\",\"props\":{\"image_position\":\"center-center\",\"position_sticky_breakpoint\":\"m\",\"width_medium\":\"1-1\"},\"children\":[{\"name\":\"Button Style Default\",\"type\":\"button\",\"children\":[{\"type\":\"button_item\",\"props\":{\"button_style\":\"primary\",\"content\":\"Organisez une visite\",\"dialog_layout\":\"modal\",\"dialog_offcanvas_flip\":true,\"icon\":\"home\",\"icon_align\":\"left\",\"link\":\"https:\\\/\\\/docs.google.com\\\/forms\\\/d\\\/e\\\/1FAIpQLSe-_CcKQqIp0tcSABIaGy99S4fl1fXaj8gb1ytc_IRA0BeKRg\\\/viewform?usp=dialog\",\"link_target\":\"blank\"}}],\"props\":{\"blend\":false,\"button_size\":\"large\",\"grid_column_gap\":\"small\",\"grid_row_gap\":\"small\",\"margin\":\"medium\",\"margin_remove_top\":false,\"text_align\":\"center\"}}]}],\"props\":{\"margin\":\"large\",\"margin_remove_bottom\":false,\"margin_remove_top\":false}}]}],\"version\":\"4.5.11\"} --><\/p>\n","protected":false},"excerpt":{"rendered":"<p>Qui sommes-nous ? Haras de Nantes Un cadre unique, entre nature &#038; \u00e9l\u00e9gance Le Haras de Nantes est un lieu incontournable du paysage Nantais. Situ\u00e9 \u00e0 quelques minutes du centre ville de Nantes et \u00e0 20 min de la gare TGV, il propose une bouff\u00e9e d\u2019air pur et de nature. Des espaces de caract\u00e8re Au [&hellip;]<\/p>\n","protected":false},"author":1,"featured_media":0,"parent":0,"menu_order":0,"comment_status":"closed","ping_status":"closed","template":"","meta":{"footnotes":""},"class_list":["post-16","page","type-page","status-publish","hentry"],"yoast_head":"<!-- This site is optimized with the Yoast SEO plugin v26.0 - https:\/\/yoast.com\/wordpress\/plugins\/seo\/ -->\n<title>Le Haras - Haras de Nantes \u00c9v\u00e8nements<\/title>\n<meta name=\"robots\" content=\"index, follow, max-snippet:-1, max-image-preview:large, max-video-preview:-1\" \/>\n<link rel=\"canonical\" href=\"https:\/\/haras-de-nantes.fr\/evenements\/le-haras\/\" \/>\n<meta property=\"og:locale\" content=\"fr_FR\" \/>\n<meta property=\"og:type\" content=\"article\" \/>\n<meta property=\"og:title\" content=\"Le Haras - Haras de Nantes \u00c9v\u00e8nements\" \/>\n<meta property=\"og:description\" content=\"Qui sommes-nous ? Haras de Nantes Un cadre unique, entre nature &#038; \u00e9l\u00e9gance Le Haras de Nantes est un lieu incontournable du paysage Nantais. Situ\u00e9 \u00e0 quelques minutes du centre ville de Nantes et \u00e0 20 min de la gare TGV, il propose une bouff\u00e9e d\u2019air pur et de nature. Des espaces de caract\u00e8re Au [&hellip;]\" \/>\n<meta property=\"og:url\" content=\"https:\/\/haras-de-nantes.fr\/evenements\/le-haras\/\" \/>\n<meta property=\"og:site_name\" content=\"Haras de Nantes \u00c9v\u00e8nements\" \/>\n<meta property=\"article:modified_time\" content=\"2026-04-16T12:57:34+00:00\" \/>\n<meta name=\"twitter:card\" content=\"summary_large_image\" \/>\n<meta name=\"twitter:label1\" content=\"Dur\u00e9e de lecture estim\u00e9e\" \/>\n\t<meta name=\"twitter:data1\" content=\"2 minutes\" \/>\n<script type=\"application\/ld+json\" class=\"yoast-schema-graph\">{\"@context\":\"https:\/\/schema.org\",\"@graph\":[{\"@type\":\"WebPage\",\"@id\":\"https:\/\/haras-de-nantes.fr\/evenements\/le-haras\/\",\"url\":\"https:\/\/haras-de-nantes.fr\/evenements\/le-haras\/\",\"name\":\"Le Haras - Haras de Nantes \u00c9v\u00e8nements\",\"isPartOf\":{\"@id\":\"https:\/\/haras-de-nantes.fr\/evenements\/#website\"},\"datePublished\":\"2025-04-14T08:39:30+00:00\",\"dateModified\":\"2026-04-16T12:57:34+00:00\",\"breadcrumb\":{\"@id\":\"https:\/\/haras-de-nantes.fr\/evenements\/le-haras\/#breadcrumb\"},\"inLanguage\":\"fr-FR\",\"potentialAction\":[{\"@type\":\"ReadAction\",\"target\":[\"https:\/\/haras-de-nantes.fr\/evenements\/le-haras\/\"]}]},{\"@type\":\"BreadcrumbList\",\"@id\":\"https:\/\/haras-de-nantes.fr\/evenements\/le-haras\/#breadcrumb\",\"itemListElement\":[{\"@type\":\"ListItem\",\"position\":1,\"name\":\"Accueil\",\"item\":\"https:\/\/haras-de-nantes.fr\/evenements\/\"},{\"@type\":\"ListItem\",\"position\":2,\"name\":\"Le Haras\"}]},{\"@type\":\"WebSite\",\"@id\":\"https:\/\/haras-de-nantes.fr\/evenements\/#website\",\"url\":\"https:\/\/haras-de-nantes.fr\/evenements\/\",\"name\":\"Haras de Nantes \u00e9v\u00e9nements\",\"description\":\"\",\"publisher\":{\"@id\":\"https:\/\/haras-de-nantes.fr\/evenements\/#organization\"},\"potentialAction\":[{\"@type\":\"SearchAction\",\"target\":{\"@type\":\"EntryPoint\",\"urlTemplate\":\"https:\/\/haras-de-nantes.fr\/evenements\/?s={search_term_string}\"},\"query-input\":{\"@type\":\"PropertyValueSpecification\",\"valueRequired\":true,\"valueName\":\"search_term_string\"}}],\"inLanguage\":\"fr-FR\"},{\"@type\":\"Organization\",\"@id\":\"https:\/\/haras-de-nantes.fr\/evenements\/#organization\",\"name\":\"Haras de Nantes \u00e9v\u00e9nements\",\"url\":\"https:\/\/haras-de-nantes.fr\/evenements\/\",\"logo\":{\"@type\":\"ImageObject\",\"inLanguage\":\"fr-FR\",\"@id\":\"https:\/\/haras-de-nantes.fr\/evenements\/#\/schema\/logo\/image\/\",\"url\":\"https:\/\/haras-de-nantes.fr\/evenements\/wp-content\/uploads\/2025\/04\/Logo.png\",\"contentUrl\":\"https:\/\/haras-de-nantes.fr\/evenements\/wp-content\/uploads\/2025\/04\/Logo.png\",\"width\":369,\"height\":108,\"caption\":\"Haras de Nantes \u00e9v\u00e9nements\"},\"image\":{\"@id\":\"https:\/\/haras-de-nantes.fr\/evenements\/#\/schema\/logo\/image\/\"},\"sameAs\":[\"https:\/\/www.instagram.com\/haras_de_nantes_evenements\/\"]}]}<\/script>\n<!-- \/ Yoast SEO plugin. -->","yoast_head_json":{"title":"Le Haras - Haras de Nantes \u00c9v\u00e8nements","robots":{"index":"index","follow":"follow","max-snippet":"max-snippet:-1","max-image-preview":"max-image-preview:large","max-video-preview":"max-video-preview:-1"},"canonical":"https:\/\/haras-de-nantes.fr\/evenements\/le-haras\/","og_locale":"fr_FR","og_type":"article","og_title":"Le Haras - Haras de Nantes \u00c9v\u00e8nements","og_description":"Qui sommes-nous ? Haras de Nantes Un cadre unique, entre nature &#038; \u00e9l\u00e9gance Le Haras de Nantes est un lieu incontournable du paysage Nantais. Situ\u00e9 \u00e0 quelques minutes du centre ville de Nantes et \u00e0 20 min de la gare TGV, il propose une bouff\u00e9e d\u2019air pur et de nature. Des espaces de caract\u00e8re Au [&hellip;]","og_url":"https:\/\/haras-de-nantes.fr\/evenements\/le-haras\/","og_site_name":"Haras de Nantes \u00c9v\u00e8nements","article_modified_time":"2026-04-16T12:57:34+00:00","twitter_card":"summary_large_image","twitter_misc":{"Dur\u00e9e de lecture estim\u00e9e":"2 minutes"},"schema":{"@context":"https:\/\/schema.org","@graph":[{"@type":"WebPage","@id":"https:\/\/haras-de-nantes.fr\/evenements\/le-haras\/","url":"https:\/\/haras-de-nantes.fr\/evenements\/le-haras\/","name":"Le Haras - Haras de Nantes \u00c9v\u00e8nements","isPartOf":{"@id":"https:\/\/haras-de-nantes.fr\/evenements\/#website"},"datePublished":"2025-04-14T08:39:30+00:00","dateModified":"2026-04-16T12:57:34+00:00","breadcrumb":{"@id":"https:\/\/haras-de-nantes.fr\/evenements\/le-haras\/#breadcrumb"},"inLanguage":"fr-FR","potentialAction":[{"@type":"ReadAction","target":["https:\/\/haras-de-nantes.fr\/evenements\/le-haras\/"]}]},{"@type":"BreadcrumbList","@id":"https:\/\/haras-de-nantes.fr\/evenements\/le-haras\/#breadcrumb","itemListElement":[{"@type":"ListItem","position":1,"name":"Accueil","item":"https:\/\/haras-de-nantes.fr\/evenements\/"},{"@type":"ListItem","position":2,"name":"Le Haras"}]},{"@type":"WebSite","@id":"https:\/\/haras-de-nantes.fr\/evenements\/#website","url":"https:\/\/haras-de-nantes.fr\/evenements\/","name":"Haras de Nantes \u00e9v\u00e9nements","description":"","publisher":{"@id":"https:\/\/haras-de-nantes.fr\/evenements\/#organization"},"potentialAction":[{"@type":"SearchAction","target":{"@type":"EntryPoint","urlTemplate":"https:\/\/haras-de-nantes.fr\/evenements\/?s={search_term_string}"},"query-input":{"@type":"PropertyValueSpecification","valueRequired":true,"valueName":"search_term_string"}}],"inLanguage":"fr-FR"},{"@type":"Organization","@id":"https:\/\/haras-de-nantes.fr\/evenements\/#organization","name":"Haras de Nantes \u00e9v\u00e9nements","url":"https:\/\/haras-de-nantes.fr\/evenements\/","logo":{"@type":"ImageObject","inLanguage":"fr-FR","@id":"https:\/\/haras-de-nantes.fr\/evenements\/#\/schema\/logo\/image\/","url":"https:\/\/haras-de-nantes.fr\/evenements\/wp-content\/uploads\/2025\/04\/Logo.png","contentUrl":"https:\/\/haras-de-nantes.fr\/evenements\/wp-content\/uploads\/2025\/04\/Logo.png","width":369,"height":108,"caption":"Haras de Nantes \u00e9v\u00e9nements"},"image":{"@id":"https:\/\/haras-de-nantes.fr\/evenements\/#\/schema\/logo\/image\/"},"sameAs":["https:\/\/www.instagram.com\/haras_de_nantes_evenements\/"]}]}},"_links":{"self":[{"href":"https:\/\/haras-de-nantes.fr\/evenements\/wp-json\/wp\/v2\/pages\/16","targetHints":{"allow":["GET"]}}],"collection":[{"href":"https:\/\/haras-de-nantes.fr\/evenements\/wp-json\/wp\/v2\/pages"}],"about":[{"href":"https:\/\/haras-de-nantes.fr\/evenements\/wp-json\/wp\/v2\/types\/page"}],"author":[{"embeddable":true,"href":"https:\/\/haras-de-nantes.fr\/evenements\/wp-json\/wp\/v2\/users\/1"}],"replies":[{"embeddable":true,"href":"https:\/\/haras-de-nantes.fr\/evenements\/wp-json\/wp\/v2\/comments?post=16"}],"version-history":[{"count":45,"href":"https:\/\/haras-de-nantes.fr\/evenements\/wp-json\/wp\/v2\/pages\/16\/revisions"}],"predecessor-version":[{"id":986,"href":"https:\/\/haras-de-nantes.fr\/evenements\/wp-json\/wp\/v2\/pages\/16\/revisions\/986"}],"wp:attachment":[{"href":"https:\/\/haras-de-nantes.fr\/evenements\/wp-json\/wp\/v2\/media?parent=16"}],"curies":[{"name":"wp","href":"https:\/\/api.w.org\/{rel}","templated":true}]}}