{"version":"1.0","provider_name":"Haras de Nantes \u00c9v\u00e8nements","provider_url":"https:\/\/haras-de-nantes.fr\/evenements","author_name":"communication","author_url":"https:\/\/haras-de-nantes.fr\/evenements\/author\/communication\/","title":"S\u00e9minaires - Haras de Nantes \u00c9v\u00e8nements","type":"rich","width":600,"height":338,"html":"<blockquote class=\"wp-embedded-content\" data-secret=\"D8Ae11xaln\"><a href=\"https:\/\/haras-de-nantes.fr\/evenements\/evenements-dentreprises\/\">S\u00e9minaires<\/a><\/blockquote><iframe sandbox=\"allow-scripts\" security=\"restricted\" src=\"https:\/\/haras-de-nantes.fr\/evenements\/evenements-dentreprises\/embed\/#?secret=D8Ae11xaln\" width=\"600\" height=\"338\" title=\"\u00ab\u00a0S\u00e9minaires\u00a0\u00bb &#8212; Haras de Nantes \u00c9v\u00e8nements\" data-secret=\"D8Ae11xaln\" frameborder=\"0\" marginwidth=\"0\" marginheight=\"0\" scrolling=\"no\" class=\"wp-embedded-content\"><\/iframe><script>\n\/*! This file is auto-generated *\/\n!function(d,l){\"use strict\";l.querySelector&&d.addEventListener&&\"undefined\"!=typeof URL&&(d.wp=d.wp||{},d.wp.receiveEmbedMessage||(d.wp.receiveEmbedMessage=function(e){var t=e.data;if((t||t.secret||t.message||t.value)&&!\/[^a-zA-Z0-9]\/.test(t.secret)){for(var s,r,n,a=l.querySelectorAll('iframe[data-secret=\"'+t.secret+'\"]'),o=l.querySelectorAll('blockquote[data-secret=\"'+t.secret+'\"]'),c=new RegExp(\"^https?:$\",\"i\"),i=0;i<o.length;i++)o[i].style.display=\"none\";for(i=0;i<a.length;i++)s=a[i],e.source===s.contentWindow&&(s.removeAttribute(\"style\"),\"height\"===t.message?(1e3<(r=parseInt(t.value,10))?r=1e3:~~r<200&&(r=200),s.height=r):\"link\"===t.message&&(r=new URL(s.getAttribute(\"src\")),n=new URL(t.value),c.test(n.protocol))&&n.host===r.host&&l.activeElement===s&&(d.top.location.href=t.value))}},d.addEventListener(\"message\",d.wp.receiveEmbedMessage,!1),l.addEventListener(\"DOMContentLoaded\",function(){for(var e,t,s=l.querySelectorAll(\"iframe.wp-embedded-content\"),r=0;r<s.length;r++)(t=(e=s[r]).getAttribute(\"data-secret\"))||(t=Math.random().toString(36).substring(2,12),e.src+=\"#?secret=\"+t,e.setAttribute(\"data-secret\",t)),e.contentWindow.postMessage({message:\"ready\",secret:t},\"*\")},!1)))}(window,document);\n\/\/# sourceURL=https:\/\/haras-de-nantes.fr\/evenements\/wp-includes\/js\/wp-embed.min.js\n<\/script>\n","description":"Des espaces pour toutes les occasions Les salles du haras Toutes nos salles sont \u00e9quip\u00e9es d\u2019\u00e9cran de projection, de paperboard et d\u2019une connexion wifi. Leur agencement sera r\u00e9alis\u00e9 avant votre arriv\u00e9e selon vos souhaits (en U, en th\u00e9\u00e2tre, en cercle et en carr\u00e9). Salle Guazil (30 \u00e0 120 p) Salle Flocon (20 \u00e0 60 p) [&hellip;]","thumbnail_url":"https:\/\/haras-de-nantes.fr\/evenements\/wp-content\/uploads\/2025\/12\/WhatsApp-Image-2025-12-18-at-11.02.08.jpeg","thumbnail_width":2000,"thumbnail_height":1500}